{"id":137,"date":"2025-08-05T18:18:50","date_gmt":"2025-08-05T16:18:50","guid":{"rendered":"https:\/\/miastogwiazd.pl\/?page_id=137"},"modified":"2025-09-25T20:41:43","modified_gmt":"2025-09-25T18:41:43","slug":"gazeta","status":"publish","type":"page","link":"https:\/\/miastogwiazd.pl\/?page_id=137","title":{"rendered":"Laureaci FMG"},"content":{"rendered":"\n<figure class=\"wp-block-image aligncenter size-full is-style-default\"><img loading=\"lazy\" decoding=\"async\" width=\"2560\" height=\"1103\" src=\"https:\/\/miastogwiazd.pl\/wp-content\/uploads\/2025\/06\/nr005-www-scaled.png\" alt=\"O nas\" class=\"wp-image-54\" srcset=\"https:\/\/miastogwiazd.pl\/wp-content\/uploads\/2025\/06\/nr005-www-scaled.png 2560w, https:\/\/miastogwiazd.pl\/wp-content\/uploads\/2025\/06\/nr005-www-300x129.png 300w, https:\/\/miastogwiazd.pl\/wp-content\/uploads\/2025\/06\/nr005-www-1024x441.png 1024w, https:\/\/miastogwiazd.pl\/wp-content\/uploads\/2025\/06\/nr005-www-768x331.png 768w, https:\/\/miastogwiazd.pl\/wp-content\/uploads\/2025\/06\/nr005-www-1536x662.png 1536w, https:\/\/miastogwiazd.pl\/wp-content\/uploads\/2025\/06\/nr005-www-2048x882.png 2048w\" sizes=\"auto, (max-width: 2560px) 100vw, 2560px\" \/><\/figure>\n\n\n\n<div class=\"wp-block-columns is-layout-flex wp-container-core-columns-is-layout-28f84493 wp-block-columns-is-layout-flex\">\n<div class=\"wp-block-column is-layout-flow wp-block-column-is-layout-flow\">\n<p class=\"has-medium-font-size\"><strong>Interdyscyplinarny Festiwal Sztuk Miasto Gwiazd w \u017byrardowie (FMG)<\/strong> to jedno z najwa\u017cniejszych wydarze\u0144 kulturalnych w Polsce, odbywaj\u0105ce si\u0119 corocznie we wrze\u015bniu, nieprzerwanie od 2009 roku. Festiwal organizowany jest w \u017byrardowie \u2013 mie\u015bcie po\u0142o\u017conym mi\u0119dzy Warszaw\u0105 a \u0141odzi\u0105 \u2013 przez Fundacj\u0119 Kultury i Sztuki artHolding.<\/p>\n\n\n\n<p class=\"has-small-font-size\">FMG promuje interdyscyplinarno\u015b\u0107, prezentuj\u0105c r\u00f3\u017cnorodne dziedziny sztuki: plastyk\u0119, film, teatr, taniec, muzyk\u0119, animacj\u0119 i inne formy ekspresji artystycznej. G\u0142\u00f3wnym celem Festiwalu jest integracja \u015brodowisk tw\u00f3rczych \u2013 ze szczeg\u00f3lnym uwzgl\u0119dnieniem \u015brodowisk akademickich \u2013 wspieranie m\u0142odych artyst\u00f3w oraz promocja szeroko poj\u0119tej sztuki wsp\u00f3\u0142czesnej.<\/p>\n\n\n\n<p class=\"has-small-font-size\">W ramach Festiwalu odbywaj\u0105 si\u0119 wystawy, instalacje, happeningi, debaty, wyk\u0142ady, panele dyskusyjne, warsztaty, spotkania autorskie, spektakle, projekcje filmowe, kabarety, konkursy oraz pokazy mody. FMG przyznaje r\u00f3wnie\u017c w\u0142asne presti\u017cowe nagrody.<\/p>\n\n\n\n<p class=\"has-small-font-size\">Nagradzani i nominowani to wybitne postaci \u015bwiata kultury, nauki i biznesu. Statuetki, medale i odznaczenia maj\u0105 charakter interdyscyplinarny \u2013 ich celem jest docenienie wielow\u0105tkowo\u015bci i r\u00f3\u017cnorodno\u015bci tw\u00f3rczo\u015bci. Uroczysto\u015bci wr\u0119czenia nagr\u00f3d odbywaj\u0105 si\u0119 w formie gal, podczas kt\u00f3rych wyg\u0142aszane s\u0105 laudacje i prowadzone rozmowy sceniczne z laureatami.<\/p>\n\n\n\n<p class=\"has-small-font-size\">Co roku Festiwal gromadzi plejad\u0119 znanych i cenionych osobisto\u015bci ze \u015bwiata sztuki, kultury, nauki i polityki. Przy FMG dzia\u0142a tak\u017ce wolontariacki ruch spo\u0142eczny, kt\u00f3ry w poprzednich edycjach zrzesza\u0142 ponad 300 wolontariuszy w r\u00f3\u017cnym wieku.<\/p>\n\n\n\n<p class=\"has-small-font-size\"><\/p>\n<\/div>\n\n\n\n<div class=\"wp-block-column is-layout-flow wp-block-column-is-layout-flow\">\n<p class=\"has-text-align-center has-white-color has-vivid-purple-background-color has-text-color has-background has-link-color has-medium-font-size wp-elements-dbee6f4425222ad9cd0c019b3cea2e59\"><strong>Z\u0142oty artKCIUK<\/strong><\/p>\n\n\n\n<p class=\"has-small-font-size\">Nagroda przyznawana wybitnej osobisto\u015bci polskiego \u017cycia kulturalno-artystyczno-spo\u0142ecznego za nieoceniony wk\u0142ad w rozw\u00f3j kultury i sztuki w Polsce.<\/p>\n\n\n\n<p class=\"has-text-align-center has-vivid-purple-color has-text-color has-link-color wp-elements-d6bdcc022d1a756ec9548247674bc468\"><strong>Z\u0142oty artKciuk wr\u0119czany jest podczas Festiwalu <em>Miasto Gwiazd<\/em> na specjalnej, najwa\u017cniejszej gali dedykowanej Laureatowi.<\/strong><\/p>\n\n\n\n<hr class=\"wp-block-separator has-alpha-channel-opacity\"\/>\n\n\n\n<h3 class=\"wp-block-heading\"><strong>Kapitu\u0142a Nagrody Z\u0142oty artKciuk<\/strong><\/h3>\n\n\n\n<p class=\"has-small-font-size\"><strong>prof. Jacek Zdybel<\/strong> (Akademia Sztuk Pi\u0119knych w Gda\u0144sku) \u2013 przewodnicz\u0105cy Kapitu\u0142y<br><strong>Marta Ewa Olbry\u015b<\/strong> \u2013 zast\u0119pczyni przewodnicz\u0105cego, prezeska Fundacji artHolding<br><strong>prof. Jan Tutaj<\/strong> (Akademia Sztuk Pi\u0119knych w Krakowie)<br><strong>prof. Piotr Karczewski<\/strong> (Akademia Sztuk Pi\u0119knych w \u0141odzi)<br><strong>prof. Marian Waldemar Kuczma<\/strong> (Akademia Sztuk Pi\u0119knych we Wroc\u0142awiu)<br><strong>prof. Artur Krajewski<\/strong> (Akademia Sztuk Pi\u0119knych w Warszawie) \u2013 sekretarz Kapitu\u0142y<br><strong>prof. Anna Serafi\u0144ska<\/strong> (Akademia Teatralna w Warszawie)<br><strong>dr Witold Kanicki<\/strong> (Uniwersytet Artystyczny w Poznaniu)<br><strong>Robert Gonera<\/strong> \u2013 aktor, przewodnicz\u0105cy Kapitu\u0142y artSkrypt (FMG)<br><strong>Ma\u0142gorzata Lewi\u0144ska<\/strong> \u2013 aktorka, koordynatorka ds. teatru (FMG)<\/p>\n\n\n\n<hr class=\"wp-block-separator has-alpha-channel-opacity\"\/>\n\n\n\n<p class=\"has-medium-font-size\"><strong>Laureaci Nagrody Z\u0142oty artKciuk<\/strong><\/p>\n\n\n\n<p class=\"has-small-font-size\"><strong>2025 \u2013 Jan Komasa<\/strong><br>Re\u017cyser filmowy i teatralny, autor nagradzanych obraz\u00f3w takich jak <em>Sala samob\u00f3jc\u00f3w<\/em>, <em>Miasto 44<\/em> czy nominowany do Oscara <em>Bo\u017ce Cia\u0142o<\/em>. Jego tw\u00f3rczo\u015b\u0107 wyr\u00f3\u017cnia si\u0119 nowoczesnym j\u0119zykiem filmowym, wra\u017cliwo\u015bci\u0105 spo\u0142eczn\u0105 i odwag\u0105 w podejmowaniu temat\u00f3w egzystencjalnych oraz to\u017csamo\u015bciowych.<\/p>\n\n\n\n<p class=\"has-small-font-size\"><strong>2024 \u2013 Ma\u0142gorzata Bogda\u0144ska i Marek Koterski<\/strong><br>Aktorka i re\u017cyserka oraz wybitny tw\u00f3rca filmowy, kt\u00f3rych wsp\u00f3lna dzia\u0142alno\u015b\u0107 artystyczna \u0142\u0105czy autentyczno\u015b\u0107 z g\u0142\u0119bok\u0105 refleksj\u0105 nad ludzk\u0105 natur\u0105.<\/p>\n\n\n\n<p class=\"has-small-font-size\"><strong>2023 \u2013 Leszek Mo\u017cd\u017cer<\/strong><br>Pianista, kompozytor i producent muzyczny, jeden z najwybitniejszych przedstawicieli polskiego jazzu na \u015bwiecie, ceniony za oryginalno\u015b\u0107 i wirtuozeri\u0119.<\/p>\n\n\n\n<p class=\"has-small-font-size\"><strong>2022 \u2013 Gra\u017cyna Torbicka<\/strong><br>Dziennikarka filmowa, promotorka kina artystycznego i wieloletnia ambasadorka kultury wysokiej, znana z pasji i klasy.<\/p>\n\n\n\n<p class=\"has-small-font-size\"><strong>2021 \u2013 Tadeusz Rolke<\/strong> (1929-2025)<br>Legendarny fotograf, kt\u00f3ry dokumentowa\u0142 polsk\u0105 kultur\u0119 i \u017cycie codzienne przez dekady, tworz\u0105c niepowtarzalny wizualny zapis historii.<\/p>\n\n\n\n<p class=\"has-small-font-size\"><strong>2020 \u2013 prof. Jerzy Bralczyk<\/strong><br>J\u0119zykoznawca, eseista i popularyzator kultury j\u0119zyka, kt\u00f3rego wiedza i dowcip uczyni\u0142y go jedn\u0105 z najbardziej rozpoznawalnych postaci \u017cycia intelektualnego.<\/p>\n\n\n\n<p class=\"has-small-font-size\"><strong>2019 \u2013 Czes\u0142aw Niemen<\/strong> <em>(nagrod\u0119 odebra\u0142a Ma\u0142gorzata Niemen w 80. rocznic\u0119 urodzin artysty)<\/em><br>Wizjoner i ikona polskiej muzyki, kt\u00f3rego tw\u00f3rczo\u015b\u0107 przekracza\u0142a granice gatunk\u00f3w i epok, pozostaj\u0105c g\u0142osem wolno\u015bci i artystycznego nonkonformizmu.<\/p>\n\n\n\n<p class=\"has-small-font-size\"><strong>2018 \u2013 \u0141ukasz Maciejewski<\/strong><br>Krytyk filmowy i teatralny, autor ksi\u0105\u017cek, ambasador polskiej kultury filmowej i znakomity rozm\u00f3wca tw\u00f3rc\u00f3w.<\/p>\n\n\n\n<p class=\"has-small-font-size\"><strong>2017 \u2013 Jacek Cegie\u0142ka<\/strong><br>Animator kultury, producent i organizator wydarze\u0144 artystycznych, wieloletni promotor dzia\u0142a\u0144 interdyscyplinarnych i spo\u0142ecznych.<\/p>\n\n\n\n<p class=\"has-small-font-size\"><strong>2016 \u2013 Anna Dymna<\/strong><br>Wybitna aktorka i za\u0142o\u017cycielka fundacji \u201eMimo Wszystko\u201d, \u0142\u0105cz\u0105ca dzia\u0142alno\u015b\u0107 artystyczn\u0105 z niestrudzon\u0105 prac\u0105 na rzecz os\u00f3b z niepe\u0142nosprawno\u015bciami.<\/p>\n\n\n\n<p class=\"has-small-font-size\"><strong>2015 \u2013 Marek Nied\u017awiecki<\/strong><br>Dziennikarz muzyczny, ikona radiowej Tr\u00f3jki, przez dekady kszta\u0142towa\u0142 gust muzyczny Polak\u00f3w i wspiera\u0142 rodzim\u0105 scen\u0119 artystyczn\u0105.<\/p>\n\n\n\n<p class=\"has-small-font-size\"><strong>2014 \u2013 Artur Rojek<\/strong><br>Muzyk, kompozytor i tw\u00f3rca Off Festivalu, kt\u00f3ry otworzy\u0142 polsk\u0105 scen\u0119 na niezale\u017cne brzmienia i alternatywne nurty muzyczne.<\/p>\n\n\n\n<p class=\"has-small-font-size\"><strong>2013 \u2013 Roman Gutek<\/strong><br>Dystrybutor, organizator festiwalu Nowe Horyzonty, wielki propagator kina artystycznego i tw\u00f3rca filmowego gustu publiczno\u015bci.<\/p>\n\n\n\n<p class=\"has-small-font-size\"><strong>2012 \u2013 Krystyna Janda<\/strong><br>Aktorka, re\u017cyserka, dyrektorka teatr\u00f3w, niekwestionowany autorytet sceny polskiej, od lat \u0142\u0105cz\u0105ca pasj\u0119 artystyczn\u0105 z odwag\u0105 wypowiedzi.<\/p>\n\n\n\n<p class=\"has-small-font-size\"><strong>2011 \u2013 Marek \u017bydowicz<\/strong><br>Tw\u00f3rca i dyrektor Festiwalu Camerimage, kt\u00f3ry zrewolucjonizowa\u0142 podej\u015bcie do sztuki operatorskiej i zbudowa\u0142 jej presti\u017c w Polsce i za granic\u0105.<\/p>\n\n\n\n<p class=\"has-small-font-size\"><strong>2010 \u2013 Jurek Owsiak<\/strong><br>Dzia\u0142acz spo\u0142eczny, tw\u00f3rca Wielkiej Orkiestry \u015awi\u0105tecznej Pomocy, \u0142\u0105cz\u0105cy dzia\u0142alno\u015b\u0107 charytatywn\u0105 z szerok\u0105 promocj\u0105 warto\u015bci kultury i solidarno\u015bci.<\/p>\n\n\n\n<p class=\"has-text-align-center has-background-color has-vivid-purple-background-color has-text-color has-background has-link-color has-medium-font-size wp-elements-0796ddc582bcd99c3ff01535ef5e7c4a\"><strong>Z\u0142ota art\u017bYRAFKA<\/strong><\/p>\n\n\n\n<p class=\"has-small-font-size\">Nagroda przyznawana w ramach bloku <strong>M{i}aSTO\/a Dzieci i M\u0142odzie\u017cy<\/strong> <strong>Festiwalu Miasto Gwiazd<\/strong> (FMG) dla wyj\u0105tkowych tw\u00f3rc\u00f3w, kt\u00f3rzy swoj\u0105 charyzm\u0105, talentem i energi\u0105 potrafi\u0105 poruszy\u0107 wyobra\u017ani\u0119 najm\u0142odszych. Nominacje zg\u0142aszaj\u0105 dzieci i m\u0142odzie\u017c, a wr\u0119czenia dokonuje od lat zesp\u00f3\u0142 \u201eFasolki\u201d \u2013 honorowy patron nagrody.<br><strong>Z\u0142ota art\u017byrafka<\/strong> to wyraz wdzi\u0119czno\u015bci i uznania dla tych, kt\u00f3rzy ucz\u0105, bawi\u0105 i inspiruj\u0105 najm\u0142odszych \u2013 w spos\u00f3b tw\u00f3rczy, pe\u0142en ciep\u0142a i szacunku.<\/p>\n\n\n\n<hr class=\"wp-block-separator has-alpha-channel-opacity\"\/>\n\n\n\n<h3 class=\"wp-block-heading\"><strong>Laureaci<\/strong><\/h3>\n\n\n\n<p class=\"has-small-font-size\"><strong>2025 \u2013 Natalia Fijewska-Zdanowska<br><\/strong>Dramatopisarka, re\u017cyserka i liderka Teatru M\u0141YN, autorka nagradzanych sztuk poruszaj\u0105cych kwestie spo\u0142eczne, rodzinne i obyczajowe. Jej dzia\u0142alno\u015b\u0107 artystyczna \u0142\u0105czy wnikliw\u0105 obserwacj\u0119 codzienno\u015bci z g\u0142\u0119bok\u0105 refleksj\u0105 nad kondycj\u0105 wsp\u00f3\u0142czesnego cz\u0142owieka.<\/p>\n\n\n\n<p class=\"has-small-font-size\"><strong>2024 \u2013 Katarzyna Stoparczyk<\/strong><br>Dziennikarka i autorka program\u00f3w radiowych oraz ksi\u0105\u017cek, znana z umiej\u0119tno\u015bci prowadzenia rozm\u00f3w z dzie\u0107mi z czu\u0142o\u015bci\u0105, uwag\u0105 i szacunkiem.<\/p>\n\n\n\n<p class=\"has-small-font-size\"><strong>2023 \u2013 Agnieszka Gli\u0144ska i Janina Stelmaszyk<\/strong><br>Re\u017cyserka teatralna oraz autorka ksi\u0105\u017cek dla dzieci i m\u0142odzie\u017cy \u2013 obie artystki \u0142\u0105cz\u0105 pasj\u0119 opowiadania historii z trosk\u0105 o rozw\u00f3j emocjonalny m\u0142odych odbiorc\u00f3w.<\/p>\n\n\n\n<p class=\"has-small-font-size\"><strong>2022 \u2013 Marcin Szczygielski<\/strong><br>Pisarz i dramaturg, tw\u00f3rca bestsellerowych ksi\u0105\u017cek dla m\u0142odzie\u017cy, znany z odwagi w poruszaniu trudnych temat\u00f3w i budowania silnych, empatycznych bohater\u00f3w.<\/p>\n\n\n\n<p class=\"has-small-font-size\"><strong>2021 \u2013 Zesp\u00f3\u0142 wokalno-taneczny Fasolki<\/strong><br>Legenda polskiej sceny dzieci\u0119cej \u2013 od dekad wychowuje kolejne pokolenia, \u0142\u0105cz\u0105c zabaw\u0119 z edukacj\u0105 poprzez piosenk\u0119.<\/p>\n\n\n\n<p class=\"has-small-font-size\"><strong>2020 \u2013 Grzegorz Kasdepke<\/strong><br>Jeden z najpopularniejszych wsp\u00f3\u0142czesnych pisarzy dzieci\u0119cych, kt\u00f3rego ksi\u0105\u017cki bawi\u0105, ucz\u0105 i rozwijaj\u0105 wyobra\u017ani\u0119 najm\u0142odszych.<\/p>\n\n\n\n<p class=\"has-small-font-size\"><strong>2019 \u2013 Joanna Fabicka<\/strong><br>Autorka powie\u015bci i scenariuszy, znana z niezwyk\u0142ego poczucia humoru, wra\u017cliwo\u015bci i poruszania wa\u017cnych spo\u0142ecznie temat\u00f3w w tw\u00f3rczo\u015bci dla m\u0142odzie\u017cy.<\/p>\n\n\n\n<p class=\"has-small-font-size\"><strong>2018 \u2013 Ewa Chotomska, Marek Grabowski, Krzysztof Marzec<\/strong><br>Trio niezwykle zas\u0142u\u017cone dla kultury dzieci\u0119cej \u2013 tw\u00f3rcy legendarnego programu \u201eTik-Tak\u201d, kt\u00f3ry \u0142\u0105czy\u0142 edukacj\u0119 z rado\u015bci\u0105 tworzenia.<\/p>\n\n\n\n<p class=\"has-small-font-size\"><strong>2017 \u2013 Marcin Prokop<\/strong><br>Dziennikarz i prezenter telewizyjny, ceniony przez dzieci za autentyczno\u015b\u0107, dowcip i umiej\u0119tno\u015b\u0107 nawi\u0105zywania bezpo\u015bredniego kontaktu z m\u0142odymi odbiorcami.<\/p>\n\n\n\n<p class=\"has-small-font-size\"><strong>2016 \u2013 Edward Lutczyn<\/strong><br>Rysownik i ilustrator, kt\u00f3rego kreska bawi i uczy od pokole\u0144 \u2013 tw\u00f3rca niezliczonych ilustracji ksi\u0105\u017ckowych i plakat\u00f3w dla dzieci.<\/p>\n\n\n\n<p class=\"has-small-font-size\"><strong>2015 \u2013 Maciej Or\u0142o\u015b<\/strong><br>Dziennikarz i wieloletni prowadz\u0105cy &#8222;Teleexpressu&#8221;, kt\u00f3rego ciep\u0142y styl i poczucie humoru uczyni\u0142y go ulubie\u0144cem dzieci i rodzic\u00f3w.<\/p>\n\n\n\n<p class=\"has-small-font-size\"><strong>2014 \u2013 Jaros\u0142aw Boberek<\/strong><br>Aktor i niezapomniany g\u0142os wielu bajkowych postaci \u2013 od Kaczora Donalda po Kr\u00f3la Juliana, bawi kolejne pokolenia mistrzowsk\u0105 interpretacj\u0105 g\u0142osu.<\/p>\n\n\n\n<p class=\"has-text-align-center has-background-color has-vivid-purple-background-color has-text-color has-background has-link-color has-medium-font-size wp-elements-93447be010a0b569613f3e6a95d656c5\"><strong>artSKRYPT<\/strong><\/p>\n\n\n\n<p class=\"has-small-font-size\">Nagroda <strong>artSkrypt<\/strong> przyznawana jest za wybitne osi\u0105gni\u0119cia w dziedzinie scenariopisarstwa filmowego lub teatralnego. To wyr\u00f3\u017cnienie honoruje tw\u00f3rc\u00f3w, kt\u00f3rzy poprzez swoje dzie\u0142a kszta\u0142tuj\u0105 j\u0119zyk wsp\u00f3\u0142czesnego kina i teatru, poruszaj\u0105 wa\u017cne tematy spo\u0142eczne i buduj\u0105 opowie\u015bci o wysokich walorach artystycznych.<\/p>\n\n\n\n<p class=\"has-text-align-center has-vivid-purple-color has-text-color has-link-color has-medium-font-size wp-elements-75837aeb68b0e49651bd3d66e308141d\"><strong>Przewodnicz\u0105cym Kapitu\u0142y jest Robert Gonera, aktor i scenarzysta. Od 2025 roku partnerem Gali oraz fundatorem statuetki jest Stowarzyszenie Filmowc\u00f3w Polskich.<\/strong><\/p>\n\n\n\n<hr class=\"wp-block-separator has-alpha-channel-opacity\"\/>\n\n\n\n<h3 class=\"wp-block-heading\"><strong>Laureaci<\/strong><\/h3>\n\n\n\n<p class=\"has-small-font-size\"><strong>2025 \u2013 Feliks Falk<br><\/strong>Re\u017cyser filmowy i teatralny, scenarzysta, jeden z czo\u0142owych tw\u00f3rc\u00f3w polskiego kina moralnego niepokoju. Autor kultowych film\u00f3w, takich jak <em>Wodzirej<\/em>, <em>Aktorzy prowincjonalni<\/em> czy <em>Komornik<\/em>. Jego tw\u00f3rczo\u015b\u0107 \u0142\u0105czy przenikliw\u0105 diagnoz\u0119 spo\u0142eczn\u0105 z uniwersalnym przes\u0142aniem moralnym i humanistycznym.<\/p>\n\n\n\n<p class=\"has-small-font-size\"><strong>2024 \u2013 Grzegorz \u0141oszewski<\/strong><br>Scenarzysta filmowy i telewizyjny, prezes Stowarzyszenia Filmowc\u00f3w Polskich, znany z konsekwentnego wspierania jako\u015bciowych projekt\u00f3w filmowych i edukacji m\u0142odych tw\u00f3rc\u00f3w.<\/p>\n\n\n\n<p class=\"has-small-font-size\"><strong>2023 \u2013 Piotr Were\u015bniak<\/strong><br>Ceniony re\u017cyser i scenarzysta, tw\u00f3rca hit\u00f3w filmowych i serialowych, kt\u00f3ry z powodzeniem \u0142\u0105czy komercyjny sukces z rzemie\u015blnicz\u0105 precyzj\u0105 scenariuszow\u0105.<\/p>\n\n\n\n<p class=\"has-small-font-size\"><strong>2022 \u2013 Maciej Soboci\u0144ski<\/strong><br>Operator filmowy i scenarzysta, kt\u00f3rego wra\u017cliwo\u015b\u0107 wizualna i narracyjna buduje wyj\u0105tkow\u0105 g\u0142\u0119bi\u0119 opowiadanych historii.<\/p>\n\n\n\n<p class=\"has-small-font-size\"><strong>2021 \u2013 Magdalena Wleklik<\/strong><br>Scenarzystka, re\u017cyserka i producentka, autorka zaanga\u017cowanych spo\u0142ecznie scenariuszy, \u0142\u0105cz\u0105cych autentyczno\u015b\u0107 z wnikliw\u0105 obserwacj\u0105 rzeczywisto\u015bci.<\/p>\n\n\n\n<p class=\"has-small-font-size\"><strong>2020 \u2013 Bartosz Kruhlik<\/strong><br>Re\u017cyser i scenarzysta m\u0142odego pokolenia, autor nagradzanego filmu \u201eSupernova\u201d, w kt\u00f3rym udowodni\u0142 mistrzostwo w budowaniu napi\u0119cia i psychologicznej prawdy.<\/p>\n\n\n\n<p class=\"has-small-font-size\"><strong>2019 \u2013 Bartosz Konopka<\/strong><br>Tw\u00f3rca film\u00f3w dokumentalnych i fabularnych, nominowany do Oscara za \u201eKr\u00f3lik po berli\u0144sku\u201d, specjalizuje si\u0119 w opowie\u015bciach osadzonych w kontek\u015bcie spo\u0142ecznym i historycznym.<\/p>\n\n\n\n<p class=\"has-small-font-size\"><strong>2018 \u2013 Robert Bolesto<\/strong><br>Scenarzysta filmowy i dramatopisarz, autor m.in. scenariusza do filmu \u201eOstatnia Rodzina\u201d, znany z mocnego, autentycznego j\u0119zyka i bezkompromisowego podej\u015bcia do tematu.<\/p>\n\n\n\n<p class=\"has-small-font-size\"><strong>2017 \u2013 Krzysztof Rak<\/strong><br>Producent i scenarzysta, kt\u00f3rego prace \u2013 jak \u201eBogowie\u201d czy \u201eSztuka kochania\u201d \u2013 wyznaczaj\u0105 nowy poziom opowie\u015bci biograficznych w polskim kinie.<\/p>\n\n\n\n<p class=\"has-small-font-size\"><strong>2016 \u2013 Tomasz Wasilewski<\/strong><br>Re\u017cyser i scenarzysta, laureat Srebrnego Nied\u017awiedzia w Berlinie za scenariusz do \u201eZjednoczonych Stan\u00f3w Mi\u0142o\u015bci\u201d, mistrz opowie\u015bci o emocjach i relacjach.<\/p>\n\n\n\n<p class=\"has-small-font-size\"><strong>2015 \u2013 Krzysztof Piesiewicz<\/strong><br>Legendarny scenarzysta i wsp\u00f3\u0142pracownik Krzysztofa Kie\u015blowskiego, autor scenariuszy do trylogii \u201eTrzy kolory\u201d oraz \u201eDekalogu\u201d, tw\u00f3rca o niepodwa\u017calnym wk\u0142adzie w \u015bwiatowe kino.<\/p>\n\n\n\n<p class=\"has-text-align-center has-white-color has-vivid-purple-background-color has-text-color has-background has-link-color has-medium-font-size wp-elements-e147cc4e264e3553f39954ea5405c00a\"><strong>Z\u0142ota artN<\/strong>UTA<\/p>\n\n\n\n<p class=\"has-small-font-size\"><strong>Z\u0142ota artNuta<\/strong> to nagroda przyznawana wybitnym kompozytorom \u2013 zar\u00f3wno muzyki powa\u017cnej, jak i rozrywkowej \u2013 za ich szczeg\u00f3lny wk\u0142ad w rozw\u00f3j kultury muzycznej w Polsce. Uhonorowani tw\u00f3rcy to autorzy utwor\u00f3w, kt\u00f3re kszta\u0142tuj\u0105 wra\u017cliwo\u015b\u0107 s\u0142uchaczy i wzbogacaj\u0105 dziedzictwo muzyczne.<br>Przewodnicz\u0105cym Kapitu\u0142y jest <strong>Krzysztof Jaworski<\/strong> \u2013 muzyk, lider zespo\u0142u Harlem i wieloletni promotor niezale\u017cnej sceny muzycznej.<\/p>\n\n\n\n<hr class=\"wp-block-separator has-alpha-channel-opacity\"\/>\n\n\n\n<h3 class=\"wp-block-heading\"><strong>Laureaci<\/strong><\/h3>\n\n\n\n<p class=\"has-small-font-size\"><strong>2025 \u2013 Piotr \u201ePeter\u201d Pawe\u0142 Wiwczarek<br><\/strong>Wokalista, gitarzysta, kompozytor i lider zespo\u0142u Vader \u2013 jednej z najwa\u017cniejszych grup polskiego i \u015bwiatowego metalu. Jego dzia\u0142alno\u015b\u0107 artystyczna ugruntowa\u0142a pozycj\u0119 polskiego metalu na mi\u0119dzynarodowej scenie muzycznej.<\/p>\n\n\n\n<p class=\"has-small-font-size\"><strong>2024 \u2013 Adam Nowak<\/strong><br>Wokalista, gitarzysta i autor tekst\u00f3w, lider zespo\u0142u Raz Dwa Trzy. Jego tw\u00f3rczo\u015b\u0107 \u0142\u0105czy poezj\u0119 z akustycznym brzmieniem, dotykaj\u0105c spraw fundamentalnych z prostot\u0105 i g\u0142\u0119bi\u0105.<\/p>\n\n\n\n<p class=\"has-small-font-size\"><strong>2023 \u2013 Andrzej Poniedzielski<\/strong><br>Poeta, satyryk, autor tekst\u00f3w piosenek i kompozytor, mistrz subtelnej ironii i liryzmu, od lat obecny na scenie muzycznej i kabaretowej.<\/p>\n\n\n\n<p class=\"has-small-font-size\"><strong>2022 \u2013 Adam Sztaba<\/strong><br>Kompozytor, dyrygent i aran\u017cer, autor muzyki filmowej, teatralnej i estradowej, znany z \u0142\u0105czenia klasyki z nowoczesnym brzmieniem.<\/p>\n\n\n\n<p class=\"has-small-font-size\"><strong>2021 \u2013 Piotr Bukartyk<\/strong><br>Autor piosenek, kompozytor i artysta sceniczny, tw\u00f3rca utwor\u00f3w, kt\u00f3re \u0142\u0105cz\u0105 dowcip, obserwacj\u0119 codzienno\u015bci i zaanga\u017cowanie spo\u0142eczne.<\/p>\n\n\n\n<p class=\"has-small-font-size\"><strong>2020 \u2013 Marek Dutkiewicz<\/strong><br>Legendarny autor tekst\u00f3w i kompozytor, wsp\u00f3\u0142tw\u00f3rca wielu przeboj\u00f3w polskiej muzyki rozrywkowej, od lat inspiruj\u0105cy kolejne pokolenia tw\u00f3rc\u00f3w.<\/p>\n\n\n\n<p class=\"has-small-font-size\"><strong>2019 \u2013 Artur Becker<\/strong><br>Pisarz, poeta i muzyk, tworz\u0105cy na styku kultur, kt\u00f3rego utwory nios\u0105 g\u0142\u0119bokie przes\u0142anie i wyj\u0105tkow\u0105 muzyczn\u0105 wra\u017cliwo\u015b\u0107.<\/p>\n\n\n\n<p class=\"has-small-font-size\"><strong>2018 \u2013 Bogus\u0142aw Chrabota<\/strong><br>Dziennikarz, publicysta i autor tekst\u00f3w piosenek, \u0142\u0105cz\u0105cy pasj\u0119 literack\u0105 z dzia\u0142alno\u015bci\u0105 muzyczn\u0105, m.in. we wsp\u00f3\u0142pracy z wybitnymi kompozytorami.<\/p>\n\n\n\n<p class=\"has-small-font-size\"><strong>2017 \u2013 Miko\u0142aj Trzaska<\/strong><br>Saksofonista, kompozytor i improwizator, zwi\u0105zany z nurtem muzyki niezale\u017cnej i jazzowej, autor poruszaj\u0105cej muzyki filmowej i teatralnej.<\/p>\n\n\n\n<p class=\"has-text-align-center has-white-color has-vivid-purple-background-color has-text-color has-background has-link-color has-medium-font-size wp-elements-942613aec70a0018455d910ea7e2d80a\"><strong>Z\u0142oty artKlucz WIOLINOWY<\/strong><\/p>\n\n\n\n<p class=\"has-small-font-size\"><strong>Z\u0142oty artKlucz Wiolinowy<\/strong> to nagroda przyznawana wybitnym tw\u00f3rcom muzyki i autorom tekst\u00f3w \u2013 artystom, kt\u00f3rych dzie\u0142a poruszaj\u0105, inspiruj\u0105 i na trwa\u0142e zapisuj\u0105 si\u0119 w kulturze muzycznej.<br>Kapitu\u0142\u0105 kieruje <strong>Krzysztof Jaworski<\/strong> \u2013 muzyk, lider zespo\u0142u Harlem, promotor artyst\u00f3w niezale\u017cnych i przewodnicz\u0105cy Gali artNuty.<\/p>\n\n\n\n<hr class=\"wp-block-separator has-alpha-channel-opacity\"\/>\n\n\n\n<h3 class=\"wp-block-heading\"><strong>Laureaci<\/strong><\/h3>\n\n\n\n<p class=\"has-small-font-size\"><strong>2025 \u2013 Artur Orzech<br><\/strong>Dziennikarz muzyczny, konferansjer i wieloletni komentator Konkursu Piosenki Eurowizji. Znawca muzyki, szczeg\u00f3lnie rocka, popu i world music, kt\u00f3rego charakterystyczny g\u0142os i styl prowadzenia od lat towarzysz\u0105 polskiej publiczno\u015bci.<\/p>\n\n\n\n<p class=\"has-small-font-size\"><strong>2024 \u2013 \u0141ukasz \u201eL.U.C.\u201d Rostkowski<\/strong><br>Kompozytor, producent muzyczny i performer, tw\u00f3rca projekt\u00f3w \u0142\u0105cz\u0105cych elektronik\u0119, hip-hop i muzyk\u0119 klasyczn\u0105 z wa\u017cnym przekazem spo\u0142ecznym i historycznym.<\/p>\n\n\n\n<p class=\"has-small-font-size\"><strong>2023 \u2013 prof. Piotr Su\u0142kowski<\/strong><br>Dyrygent i dyrektor opery, propagator muzyki klasycznej i edukacji artystycznej, \u0142\u0105cz\u0105cy mistrzostwo batuty z pasj\u0105 tworzenia nowych projekt\u00f3w.<\/p>\n\n\n\n<p class=\"has-small-font-size\"><strong>2022 \u2013 Grubson (Tomasz Iwa\u0144ca)<\/strong><br>Raper, wokalista i producent muzyczny, \u0142\u0105cz\u0105cy hip-hop z reggae, soulem i elektronik\u0105 \u2013 artysta \u015bwiadomy, emocjonalny i spo\u0142ecznie zaanga\u017cowany.<\/p>\n\n\n\n<p class=\"has-small-font-size\"><strong>2021 \u2013 Bogdan Kondracki<\/strong><br>Kompozytor, aran\u017cer i producent, odpowiedzialny za sukces wielu polskich artyst\u00f3w, ceniony za muzyczn\u0105 wra\u017cliwo\u015b\u0107 i niepowtarzalne brzmienie.<\/p>\n\n\n\n<p class=\"has-small-font-size\"><strong>2020 \u2013 Tomasz Szymu\u015b<\/strong><br>Kompozytor, dyrygent i aran\u017cer, autor muzyki do program\u00f3w telewizyjnych, widowisk oraz koncert\u00f3w \u2013 znany z wyj\u0105tkowego wyczucia formy i emocji.<\/p>\n\n\n\n<p class=\"has-small-font-size\"><strong>2019 \u2013 Mieczys\u0142aw Jurecki<\/strong><br>Basista, kompozytor i producent muzyczny, wieloletni cz\u0142onek Budki Suflera, tw\u00f3rca niezliczonych przeboj\u00f3w polskiej muzyki rozrywkowej.<\/p>\n\n\n\n<p class=\"has-small-font-size\"><strong>2018 \u2013 Janusz Wili\u0144ski i dr Agata Wili\u0144ska<\/strong><br>Duet artystyczny i \u017cyciowy, autorzy tekst\u00f3w i kompozytorzy, tw\u00f3rcy widowisk i piosenek z przes\u0142aniem, \u0142\u0105cz\u0105cy muzyk\u0119 z refleksj\u0105 i duchowo\u015bci\u0105.<\/p>\n\n\n\n<p class=\"has-small-font-size\"><strong>2017 \u2013 Bogdan Loebl<\/strong><br>Poeta i autor tekst\u00f3w, zwi\u0105zany z polsk\u0105 scen\u0105 bluesow\u0105 i rockow\u0105 \u2013 jego s\u0142owa do dzi\u015b rozbrzmiewaj\u0105 w klasykach takich zespo\u0142\u00f3w jak Breakout.<\/p>\n\n\n\n<p class=\"has-text-align-center has-white-color has-vivid-purple-background-color has-text-color has-background has-link-color has-medium-font-size wp-elements-515b6010ffb9e5cc4c122b3d581d369a\"><strong>SzuperART<\/strong><\/p>\n\n\n\n<p class=\"has-small-font-size\"><strong>SzuperART<\/strong> to nagroda przyznawana wybitnym tw\u00f3rcom rysunku, ilustracji, komiksu i karykatury \u2013 artystom, kt\u00f3rzy obrazem komentuj\u0105 rzeczywisto\u015b\u0107, bawi\u0105, wzruszaj\u0105 i zmuszaj\u0105 do refleksji.<br>Kapitu\u0142\u0105 kieruje <strong>Grzegorz Misiak<\/strong> \u2013 rysownik, satyryk i promotor tw\u00f3rczo\u015bci artystycznej z pogranicza grafiki i humoru.<\/p>\n\n\n\n<hr class=\"wp-block-separator has-alpha-channel-opacity\"\/>\n\n\n\n<h3 class=\"wp-block-heading\"><strong>Laureaci<\/strong><\/h3>\n\n\n\n<p class=\"has-small-font-size\"><strong>2025 \u2013 Henryk Cebula<\/strong><br>Artysta plastyk, karykaturzysta i satyryk, od lat obecny w polskim \u017cyciu artystycznym i kabaretowym. <\/p>\n\n\n\n<p class=\"has-small-font-size\"><strong>2024 \u2013 S\u0142awomir \u0141uczy\u0144ski<\/strong><br>Rysownik, ilustrator i karykaturzysta, mistrz celnej puenty graficznej, znany z niepowtarzalnego stylu i poczucia humoru.<\/p>\n\n\n\n<p class=\"has-small-font-size\"><strong>2023 \u2013 Henryk Sawka<\/strong><br>Jeden z najbardziej rozpoznawalnych polskich rysownik\u00f3w satyrycznych, autor tysi\u0119cy ilustracji komentuj\u0105cych \u017cycie spo\u0142eczne i polityczne.<\/p>\n\n\n\n<p class=\"has-small-font-size\"><strong>2022 \u2013 Grzegorz Szumowski<\/strong><br>Artysta komiksu, ilustrator i karykaturzysta, kt\u00f3rego tw\u00f3rczo\u015b\u0107 \u0142\u0105czy klasyczn\u0105 kresk\u0119 z ostrym, inteligentnym dowcipem.<\/p>\n\n\n\n<p class=\"has-text-align-center has-white-color has-vivid-purple-background-color has-text-color has-background has-link-color has-medium-font-size wp-elements-bf961be383c1d6471855f3344851cca5\"><strong>artMECENAT<\/strong><\/p>\n\n\n\n<p class=\"has-small-font-size\">Nagroda przyznawana w ramach <strong>M{i}aSTO\/a Ekonomii i Samorz\u0105dno\u015bci<\/strong> (FMG) dla Osobisto\u015bci, instytucji lub firmy, kt\u00f3ra dynamicznie i konsekwentnie wspiera rozw\u00f3j kultury i sztuki w Polsce.<\/p>\n\n\n\n<hr class=\"wp-block-separator has-alpha-channel-opacity\"\/>\n\n\n\n<h3 class=\"wp-block-heading\"><strong>Laureaci<\/strong><\/h3>\n\n\n\n<p class=\"has-small-font-size\"><strong>2024 \u2013 Stowarzyszenie Autor\u00f3w ZAiKS<\/strong><br>Najwi\u0119ksza polska organizacja zbiorowego zarz\u0105dzania prawami autorskimi, od lat wspieraj\u0105ca \u015brodowisko tw\u00f3rcze.<\/p>\n\n\n\n<p class=\"has-small-font-size\"><strong>2023 \u2013 Krzysztof Musia\u0142 i Katarzyna W\u0142odarska<\/strong><br>Mecenasi sztuki, zwi\u0105zani z dzia\u0142alno\u015bci\u0105 Kolekcji Krzysztofa Musia\u0142a i Galerii aTAK.<\/p>\n\n\n\n<p class=\"has-small-font-size\"><strong>2022 \u2013 Anna i Jerzy Starakowie<\/strong><br>Za\u0142o\u017cyciele Fundacji Rodziny Starak\u00f3w \u2013 aktywnie promuj\u0105cej polsk\u0105 sztuk\u0119 wsp\u00f3\u0142czesn\u0105.<\/p>\n\n\n\n<p class=\"has-small-font-size\"><strong>2021 \u2013 Bank Millennium<\/strong><br>Instytucja finansowa wspieraj\u0105ca inicjatywy kulturalne, m.in. poprzez Fundacj\u0119 Banku Millennium.<\/p>\n\n\n\n<p class=\"has-small-font-size\"><strong>2020 \u2013 Canon<\/strong><br>Mi\u0119dzynarodowa firma technologiczna zaanga\u017cowana w projekty fotograficzne i edukacyjne w dziedzinie sztuki.<\/p>\n\n\n\n<p class=\"has-small-font-size\"><strong>2019 \u2013 Adam Struzik<\/strong><br>Marsza\u0142ek Wojew\u00f3dztwa Mazowieckiego, konsekwentnie wspieraj\u0105cy instytucje kultury i regionalne inicjatywy artystyczne.<\/p>\n\n\n\n<p class=\"has-small-font-size\"><strong>2018 \u2013 Ceramika Parady\u017c<\/strong><br>Polska marka, kt\u00f3ra od lat anga\u017cuje si\u0119 w promocj\u0119 designu, architektury i m\u0142odej sztuki.<\/p>\n\n\n\n<p class=\"has-small-font-size\"><strong>2016 \u2013 Fundacja Sztuki Polskiej ING<\/strong><br>Fundacja tworz\u0105ca jedn\u0105 z najciekawszych kolekcji sztuki wsp\u00f3\u0142czesnej w Polsce i wspieraj\u0105ca tw\u00f3rc\u00f3w.<\/p>\n\n\n\n<p class=\"has-small-font-size\"><strong>2015 \u2013 Mateusz Morawiecki<\/strong><br>W \u00f3wczesnym czasie Prezes Banku Zachodniego WBK \u2013 inicjator dzia\u0142a\u0144 mecenatu kulturalnego banku.<\/p>\n\n\n\n<p class=\"has-text-align-center has-white-color has-vivid-purple-background-color has-text-color has-background has-link-color has-medium-font-size wp-elements-44b9bf91bdae351c674d74f145a5c571\"><strong>Z\u0142ota \u017byRYBKA<\/strong><\/p>\n\n\n\n<p class=\"has-small-font-size\">Nagroda specjalna przyznawana Osobowo\u015bci \u201elokalnej\u201d dzia\u0142aj\u0105cej tak\u017ce \u201eglobalnie\u201d \u2013 osobie zwi\u0105zanej z powiatem \u017cyrardowskim poprzez dzia\u0142alno\u015b\u0107 lub \u015blad tw\u00f3rczy, cho\u0107 niekoniecznie tu urodzonej. To najstarsza festiwalowa statuetka, b\u0119d\u0105ca pierwotnie form\u0105 \u017cartu i mrugni\u0119cia okiem wobec presti\u017cowych \u015bwiatowych nagr\u00f3d \u2013 zw\u0142aszcza tych \u201ez\u0142otych\u201d z nazwy lub opinii.<\/p>\n\n\n\n<hr class=\"wp-block-separator has-alpha-channel-opacity\"\/>\n\n\n\n<h3 class=\"wp-block-heading\"><strong>Laureaci<\/strong><\/h3>\n\n\n\n<p class=\"has-small-font-size\"><strong>2025 \u2013 Sebastian Raj<br><\/strong>Pianista i pedagog, dyrektor szko\u0142y muzycznej. Jego dzia\u0142alno\u015b\u0107 artystyczna i edukacyjna \u0142\u0105czy pasj\u0119 wykonawcz\u0105 z zaanga\u017cowaniem w rozw\u00f3j m\u0142odych talent\u00f3w. <\/p>\n\n\n\n<p class=\"has-small-font-size\"><strong>2024 \u2013 Klaudia Appel<\/strong><br>Spo\u0142eczniczka i animatorka kultury, od lat aktywnie promuje czytelnictwo i ksi\u0105\u017ck\u0119 jako narz\u0119dzie edukacji i dialogu.<\/p>\n\n\n\n<p class=\"has-small-font-size\"><strong>2023 \u2013 Jaros\u0142aw Fidel Lange<\/strong><br>Perkusista i zaanga\u017cowany pedagog, tw\u00f3rca autorskich projekt\u00f3w muzycznych z pogranicza jazzu i muzyki alternatywnej.<\/p>\n\n\n\n<p class=\"has-small-font-size\"><strong>2022 \u2013 dr Dariusz Kaczanowski<\/strong><br>Spo\u0142ecznik i samorz\u0105dowiec, inicjator wielu dzia\u0142a\u0144 kulturalnych oraz projekt\u00f3w piel\u0119gnuj\u0105cych lokalne dziedzictwo; przyczyni\u0142 si\u0119 do powstania pomnika Filipa de Girarda w \u017byrardowie.<\/p>\n\n\n\n<p class=\"has-small-font-size\"><strong>2021 \u2013 Marta Ewa Olbry\u015b<\/strong><br>Animatorka kultury i tw\u00f3rczyni interdyscyplinarnych projekt\u00f3w artystycznych realizowanych w Polsce i m.in. w \u017byrardowie.<\/p>\n\n\n\n<p class=\"has-small-font-size\"><strong>2020 \u2013 prof. Jan Tutaj<\/strong><br>Rze\u017abiarz i pedagog zwi\u0105zany z ASP w Krakowie, aktywnie wspiera m\u0142odych tw\u00f3rc\u00f3w oraz jest autorem pomnika Filipa de Girarda w \u017byrardowie.<\/p>\n\n\n\n<p class=\"has-small-font-size\"><strong>2019 \u2013 Monika Rosi\u0144ska<\/strong><br>Animatorka kultury, pomys\u0142odawczyni \u017cyrardowskiego ruchu szyde\u0142kowego, promuj\u0105cego r\u0119kodzie\u0142o i integracj\u0119 spo\u0142eczn\u0105.<\/p>\n\n\n\n<p class=\"has-small-font-size\"><strong>2018 \u2013 Jerzy Jankowski<\/strong><br>Poeta, publicysta i organizator \u017cycia literackiego, zaanga\u017cowany w rozw\u00f3j kultury lokalnej i krajowej.<\/p>\n\n\n\n<p class=\"has-small-font-size\"><strong>2017 \u2013 Micha\u0142 Niedzia\u0142ek<\/strong><br>Animator kultury i dyrygent, wspieraj\u0105cy liczne inicjatywy artystyczne w \u017byrardowie oraz w ca\u0142ym regionie.<\/p>\n\n\n\n<p class=\"has-small-font-size\"><strong>2016 \u2013 Filip de Girard<\/strong><br>Wynalazca i symboliczny patron \u017byrardowa \u2013 nagroda przyznana postaci historycznej w uznaniu dla jej wk\u0142adu w rozw\u00f3j miasta.<\/p>\n\n\n\n<p class=\"has-small-font-size\"><strong>2015 \u2013 Krzysztof Gwiazda<\/strong><br>Kompozytor, \u015bpiewak operowy i promotor edukacji artystycznej, zaanga\u017cowany w rozw\u00f3j tw\u00f3rczo\u015bci m\u0142odzie\u017cowej.<\/p>\n\n\n\n<p class=\"has-small-font-size\"><strong>2014 \u2013 W\u0142odek Pawlik<\/strong><br>Wybitny pianista jazzowy i kompozytor, laureat nagrody Grammy, zwi\u0105zany z regionem swoj\u0105 dzia\u0142alno\u015bci\u0105 koncertow\u0105 i edukacyjn\u0105.<\/p>\n\n\n\n<p class=\"has-small-font-size\"><strong>2013 \u2013 W\u0142odzimierz \u015aliwi\u0144ski<\/strong> (1925-2015)<br>Cz\u0142onek za\u0142o\u017cyciel PAF, honorowy obywatel \u017byrardowa, zas\u0142u\u017cony dla ochrony dziedzictwa lokalnego.<\/p>\n\n\n\n<p class=\"has-small-font-size\"><strong>2012 \u2013 Jaros\u0142aw Gajewski<\/strong><br>Aktor teatralny i filmowy, wspieraj\u0105cy dzia\u0142ania kulturalne w \u017byrardowie oraz promuj\u0105cy edukacj\u0119 artystyczn\u0105.<\/p>\n\n\n\n<p class=\"has-small-font-size\"><strong>2011 \u2013 Jerzy Paruszewski<\/strong><br>Poeta i spo\u0142ecznik, aktywnie animuj\u0105cy ruch literacki oraz wspieraj\u0105cy lokalne inicjatywy artystyczne.<\/p>\n\n\n\n<p class=\"has-small-font-size\"><strong>2010 \u2013 Jacek Czubak<\/strong><br>Animator kultury, tw\u00f3rca widowiska \u201eStrajk Szpularek\u201d inspirowanego dziedzictwem robotniczym \u017byrardowa.<\/p>\n\n\n\n<p class=\"has-small-font-size\"><strong>2009 \u2013 Miros\u0142aw Wasiewicz<\/strong><br>Nauczyciel \u201eCzerwoniaka\u201d, za\u0142o\u017cyciel ruchu teatralnego m\u0142odzie\u017cy i inicjator og\u00f3lnopolskich festiwali teatralnych w \u017byrardowie.<\/p>\n<\/div>\n<\/div>\n\n\n\n<p class=\"has-small-font-size\"><\/p>\n\n\n\n<p><\/p>\n","protected":false},"excerpt":{"rendered":"<p>Interdyscyplinarny Festiwal Sztuk Miasto Gwiazd w \u017byrardowie (FMG) to jedno z najwa\u017cniejszych wydarze\u0144 kulturalnych w Polsce, odbywaj\u0105ce si\u0119 corocznie we wrze\u015bniu, nieprzerwanie od 2009 roku. Festiwal organizowany jest w \u017byrardowie \u2013 mie\u015bcie po\u0142o\u017conym mi\u0119dzy Warszaw\u0105 a \u0141odzi\u0105 \u2013 przez Fundacj\u0119 Kultury i Sztuki artHolding. FMG promuje interdyscyplinarno\u015b\u0107, prezentuj\u0105c r\u00f3\u017cnorodne dziedziny sztuki: plastyk\u0119, film, teatr, taniec, [&hellip;]<\/p>\n","protected":false},"author":2,"featured_media":54,"parent":0,"menu_order":0,"comment_status":"closed","ping_status":"closed","template":"","meta":{"footnotes":""},"class_list":["post-137","page","type-page","status-publish","has-post-thumbnail","hentry"],"_links":{"self":[{"href":"https:\/\/miastogwiazd.pl\/index.php?rest_route=\/wp\/v2\/pages\/137","targetHints":{"allow":["GET"]}}],"collection":[{"href":"https:\/\/miastogwiazd.pl\/index.php?rest_route=\/wp\/v2\/pages"}],"about":[{"href":"https:\/\/miastogwiazd.pl\/index.php?rest_route=\/wp\/v2\/types\/page"}],"author":[{"embeddable":true,"href":"https:\/\/miastogwiazd.pl\/index.php?rest_route=\/wp\/v2\/users\/2"}],"replies":[{"embeddable":true,"href":"https:\/\/miastogwiazd.pl\/index.php?rest_route=%2Fwp%2Fv2%2Fcomments&post=137"}],"version-history":[{"count":13,"href":"https:\/\/miastogwiazd.pl\/index.php?rest_route=\/wp\/v2\/pages\/137\/revisions"}],"predecessor-version":[{"id":218,"href":"https:\/\/miastogwiazd.pl\/index.php?rest_route=\/wp\/v2\/pages\/137\/revisions\/218"}],"wp:featuredmedia":[{"embeddable":true,"href":"https:\/\/miastogwiazd.pl\/index.php?rest_route=\/wp\/v2\/media\/54"}],"wp:attachment":[{"href":"https:\/\/miastogwiazd.pl\/index.php?rest_route=%2Fwp%2Fv2%2Fmedia&parent=137"}],"curies":[{"name":"wp","href":"https:\/\/api.w.org\/{rel}","templated":true}]}}