{"id":167,"date":"2025-08-06T21:16:38","date_gmt":"2025-08-06T19:16:38","guid":{"rendered":"https:\/\/miastogwiazd.pl\/?page_id=167"},"modified":"2025-09-19T08:39:03","modified_gmt":"2025-09-19T06:39:03","slug":"harmonogram","status":"publish","type":"page","link":"https:\/\/miastogwiazd.pl\/?page_id=167","title":{"rendered":"Program \u017byrard\u00f3w 2025"},"content":{"rendered":"\n<figure class=\"wp-block-image size-large\"><img loading=\"lazy\" decoding=\"async\" width=\"1024\" height=\"441\" src=\"https:\/\/miastogwiazd.pl\/wp-content\/uploads\/2025\/08\/nr011-www-1024x441.png\" alt=\"\" class=\"wp-image-191\" srcset=\"https:\/\/miastogwiazd.pl\/wp-content\/uploads\/2025\/08\/nr011-www-1024x441.png 1024w, https:\/\/miastogwiazd.pl\/wp-content\/uploads\/2025\/08\/nr011-www-300x129.png 300w, https:\/\/miastogwiazd.pl\/wp-content\/uploads\/2025\/08\/nr011-www-768x330.png 768w, https:\/\/miastogwiazd.pl\/wp-content\/uploads\/2025\/08\/nr011-www-1536x661.png 1536w, https:\/\/miastogwiazd.pl\/wp-content\/uploads\/2025\/08\/nr011-www-2048x881.png 2048w\" sizes=\"auto, (max-width: 1024px) 100vw, 1024px\" \/><\/figure>\n\n\n\n<p class=\"has-text-align-center has-vivid-green-cyan-color has-text-color has-link-color has-medium-font-size wp-elements-e73b0020f73c5cad2054d4c8e8688294\"><strong>XVII INTERDYSCYPLINARNY FESTIWAL SZTUK<\/strong><\/p>\n\n\n\n<p class=\"has-text-align-center has-vivid-green-cyan-color has-text-color has-link-color has-large-font-size wp-elements-b7d7f05e239fdad408a6af5f5441b0d7\"><strong>M{i}aSTO Gwiazd 2025<\/strong><\/p>\n\n\n\n<p class=\"has-text-align-center has-background-color has-vivid-green-cyan-background-color has-text-color has-background has-link-color wp-elements-58a46f43815db2f5212e58de2058e9fa\"><strong>CZWARTEK, 18 wrze\u015bnia<\/strong><\/p>\n\n\n\n<p class=\"has-text-align-center has-medium-font-size\"><strong>Godz. 18:00<\/strong><br><strong>\u017byrard\u00f3w \u2013 Resursa, ul. 1 Maja 45<\/strong><\/p>\n\n\n\n<p class=\"has-text-align-center has-small-font-size\"><strong>Otwarcie wystawy fotograficznej<\/strong><br><strong>Ma\u0142gorzaty K\u0119dzierskiej i Roberta Wilczy\u0144skiego<\/strong><\/p>\n\n\n\n<hr class=\"wp-block-separator has-alpha-channel-opacity\"\/>\n\n\n\n<p class=\"has-small-font-size\"><strong>ROBERT WILCZY\u0143SKI<\/strong><\/p>\n\n\n\n<p class=\"has-small-font-size\">Fotograf, fotoreporter, cz\u0142onek Zwi\u0105zku Polskich Artyst\u00f3w Fotografik\u00f3w (ZPAF). Mieszka i tworzy w Warszawie. W swojej praktyce artystycznej \u0142\u0105czy narz\u0119dzia fotografii konceptualnej, dokumentalnej i spo\u0142ecznej, skupiaj\u0105c si\u0119 na projektach d\u0142ugoterminowych, kt\u00f3re zg\u0142\u0119biaj\u0105 z\u0142o\u017cone aspekty ludzkiej kondycji i historii.<\/p>\n\n\n\n<p class=\"has-small-font-size\">Jego prace by\u0142y prezentowane na licznych wystawach indywidualnych i zbiorowych w Polsce oraz za granic\u0105 \u2013 m.in. w Pary\u017cu, Nowym Jorku, Brukseli i Barcelonie. Jest autorem projekt\u00f3w o silnym wymiarze spo\u0142ecznym i historycznym \u2013 wystawa <em>Miasto \u017cywych \/ Miasto umar\u0142ych<\/em> inaugurowa\u0142a obchody 80. rocznicy Powstania w Getcie Warszawskim w Parlamencie Europejskim (2023).<\/p>\n\n\n\n<p class=\"has-small-font-size\">Stypendysta Ministra Kultury i Dziedzictwa Narodowego (2024\/2025). R\u00f3wnolegle do dzia\u0142alno\u015bci artystycznej wsp\u00f3\u0142pracuje z agencjami reklamowymi, wydawnictwami prasowymi oraz instytucjami kultury.<\/p>\n\n\n\n<hr class=\"wp-block-separator has-alpha-channel-opacity\"\/>\n\n\n\n<p class=\"has-small-font-size\"><strong>MA\u0141GORZATA K\u0118DZIERSKA<\/strong><\/p>\n\n\n\n<p class=\"has-small-font-size\">Fotografka, arteterapeutka i psycholo\u017cka. Bliskie jest jej holistyczne podej\u015bcie, w kt\u00f3rym cz\u0142owiek postrzegany jest jako jedno\u015b\u0107 cia\u0142a, umys\u0142u, emocji i duszy. W swojej praktyce \u0142\u0105czy arteterapi\u0119 z duchowo\u015bci\u0105, prac\u0105 z wyobra\u017ani\u0105 oraz symbolami.<\/p>\n\n\n\n<p class=\"has-small-font-size\">W centrum jej zainteresowa\u0144 znajduje si\u0119 zwi\u0105zek cz\u0142owieka z natur\u0105 \u2013 te delikatne po\u0142\u0105czenia, kt\u00f3re buduj\u0105 nasz\u0105 \u015bwiadomo\u015b\u0107 i to\u017csamo\u015b\u0107 w \u015bwiecie materialnym. Cykl prezentowanych Autoportret\u00f3w jest poetyck\u0105 pr\u00f3b\u0105 opisania duchowej relacji z otaczaj\u0105cym \u015bwiatem. Kontemplacyjny charakter zdj\u0119\u0107 buduje pomost pomi\u0119dzy \u015bwiatem wewn\u0119trznym, a tym co postrzegane jako zewn\u0119trzne. Granica ta jest jednak bardzo subtelna i nieoczywista. Autoportrety s\u0105 zapisem intensywnej obecno\u015bci w ulotnej chwili.<\/p>\n\n\n\n<p class=\"has-text-align-center has-background-color has-vivid-green-cyan-background-color has-text-color has-background has-link-color wp-elements-77b6258cd2800c2351c94f7eaffec279\"><strong>PI\u0104TEK, 19 wrze\u015bnia<\/strong><\/p>\n\n\n\n<p class=\"has-text-align-center\"><strong>\u017byrard\u00f3w \u2013 Resursa, ul. 1 Maja 45<\/strong><br><strong>Godz. 17:00<\/strong><\/p>\n\n\n\n<p class=\"has-text-align-center has-small-font-size\"><strong>Uroczyste otwarcie Interdyscyplinarnego Festiwalu Sztuk M{i}aSTO\/a Gwiazd 2025<\/strong><br><strong>Gospodarze dnia:<\/strong><br>\u2022 <strong>Robert Gonera<\/strong> \u2013 aktor, scenarzysta<br>\u2022<strong> Jerzy Jankowski <\/strong>\u2013 Wiceprezes Oddzia\u0142u Warszawskiego Zwi\u0105zku Literat\u00f3w Polskich<\/p>\n\n\n\n<p class=\"has-text-align-center has-white-color has-luminous-vivid-orange-background-color has-text-color has-background has-link-color has-medium-font-size wp-elements-621e7a1b1792b74aedf2bf10dae0c140\"><strong>Godz. 17:10<br><strong>Gala artKlucza WIOLINOWEGO 2025<\/strong><\/strong><\/p>\n\n\n\n<p class=\"has-text-align-center has-luminous-vivid-orange-color has-text-color has-link-color has-medium-font-size wp-elements-213ce74dd0ae506caaafc4cc1a7fef17\">Laureat Artur Orzech <\/p>\n\n\n\n<p class=\"has-text-align-center has-small-font-size\">&#8211; dziennikarz muzyczny, konferansjer, muzyk, iranista<\/p>\n\n\n\n<p class=\"has-text-align-center has-small-font-size\">Gospodarz Krzysztof Jaworski \u2013 lider zespo\u0142u Harlem<\/p>\n\n\n\n<hr class=\"wp-block-separator has-alpha-channel-opacity\"\/>\n\n\n\n<p class=\"has-text-align-center has-medium-font-size\"><strong>Godz. 17:20<\/strong><\/p>\n\n\n\n<p class=\"has-text-align-center has-small-font-size\"><strong>Debata (cz\u0119\u015b\u0107 I)<\/strong><\/p>\n\n\n\n<p class=\"has-text-align-center has-vivid-green-cyan-color has-text-color has-link-color has-medium-font-size wp-elements-849cf518639e943dcba330e07b5a1421\"><strong><em>Czy AI \u2013 sztuczna inteligencja \u2013 sta\u0142a si\u0119 zagro\u017ceniem dla kultury, czy to kolejny skok w rozwoju ludzko\u015bci i wsparcie samorz\u0105dowych instytucji?<\/em><\/strong><\/p>\n\n\n\n<p class=\"has-text-align-center has-small-font-size\"><strong>Prowadz\u0105cy debat\u0119:<\/strong><br>\u2022 <strong>Bogus\u0142aw Chrabota<\/strong> \u2013 dziennikarz, pisarz, publicysta (\u201eRzeczpospolita\u201d)<br>\u2022 <strong>Jerzy Jankowski<\/strong> \u2013 poeta, publicysta, literat<br>\u2022<strong> Robert Gonera<\/strong> \u2013 aktor, scenarzysta, Przewodnicz\u0105cy Kapitu\u0142y artSkrypt<\/p>\n\n\n\n<p class=\"has-text-align-center has-small-font-size\"><strong>Go\u015bcie specjalni:<\/strong><br>\u2022<strong> Grzegorz \u0141oszewski<\/strong> \u2013 scenarzysta, Prezes Stowarzyszenia Filmowc\u00f3w Polskich<br>\u2022 <strong>Feliks Falk<\/strong> \u2013 re\u017cyser i scenarzysta, laureat artSkrypt 2025<\/p>\n\n\n\n<p class=\"has-text-align-center has-small-font-size\"><strong>Eksperci i zaproszeni go\u015bcie:<\/strong><br>\u2022<strong> Lucjan Krzysztof Chrzanowski <\/strong>\u2013 Prezydent Miasta \u017byrardowa<br>\u2022 <strong>Andrzej Wilk<\/strong> \u2013 Starosta Powiatu \u017byrardowskiego<br>\u2022 <strong>\u0141ukasz Koperski <\/strong>\u2013 Burmistrz Mszczonowa<br>\u2022 <strong>Daniel Kamil Janiak<\/strong> \u2013 Burmistrz Sochaczewa<br>\u2022<strong> prof. Aleksander Ko\u015bci\u00f3w<\/strong> \u2013 Uniwersytet Muzyczny Fryderyka Chopina<br>\u2022 <strong>prof. Tomasz Myjak<\/strong> \u2013 Akademia Sztuk Pi\u0119knych w Warszawie<br>\u2022 <strong>prof. Artur Krajewski<\/strong> \u2013 Akademia Sztuk Pi\u0119knych w Warszawie<br>\u2022<strong> prof. Mariusz Gajewski <\/strong>\u2013 Akademia Sztuk Pi\u0119knych w Warszawie<br>\u2022 <strong>prof. Wojciech Lewandowski <\/strong>\u2013 Uniwersytet Warszawski<br>\u2022 <strong>prof. Daniel Sobota<\/strong> \u2013 Polska Akademia Nauk<br>\u2022 <strong>dr hab. Pawe\u0142 Marek Poszytek<\/strong> \u2013 filolog, kompozytor, lider i gitarzysta zespo\u0142u Navi<br>\u2022 <strong>dr hab. Robert Manowski <\/strong>\u2013 Prezydent Wy\u017cszej Szko\u0142y Artystycznej w Warszawie<br>\u2022 <strong>Marek Wawrzkiewicz <\/strong>\u2013 Prezes Zarz\u0105du G\u0142\u00f3wnego Zwi\u0105zku Literat\u00f3w Polskich<br>\u2022 <strong>Grzegorz Trochimczuk<\/strong> \u2013 Prezes Warszawskiego Oddzia\u0142u ZLP<br>\u2022 <strong>Andrzej Walter <\/strong>\u2013 Cz\u0142onek Zarz\u0105du G\u0142\u00f3wnego ZLP<br>\u2022 <strong>Micha\u0142 Komar<\/strong> \u2013 Polski scenarzysta i krytyk filmowy, autor sztuk teatralnych, wydawca i publicysta, wiceprezes <a href=\"https:\/\/pl.wikipedia.org\/wiki\/Stowarzyszenie_Autor%C3%B3w_ZAiKS\">Stowarzyszenia Autor\u00f3w ZAiKS<\/a>.<br>\u2022 <strong>Vladan Stamenkovi\u0107<\/strong> \u2013 cz\u0142onek Zarz\u0105du ZLP, Oddzia\u0142 Warszawa<br>\u2022<strong> dr Beata Michalec<\/strong> \u2013 p.o. Dyrektora Muzeum Literatury<br>\u2022 <strong>S\u0142awomir Majcher <\/strong>\u2013 Dyrektor Muzeum Sportu i Turystyki w Warszawie<br>\u2022 <strong>Jaros\u0142aw Olszewski <\/strong>\u2013 Prezes Fundacji Work &amp; Science<br>\u2022 <strong>Beata Sznajder<\/strong> \u2013 cz\u0142onkini Zarz\u0105du Powiatu \u017byrardowskiego, Dyrektor Gminnego Centrum Informacji w Mszczonowie<br>\u2022 <strong>Katarzyna Derkacz-Gajewska<\/strong> \u2013 a<em>rtystka wizualna<\/em> (Pracownia Sztuki Dziecka)<\/p>\n\n\n\n<hr class=\"wp-block-separator has-alpha-channel-opacity\"\/>\n\n\n\n<p class=\"has-text-align-center has-medium-font-size\"><strong>Godz. 18:45<\/strong><\/p>\n\n\n\n<p class=\"has-text-align-center has-small-font-size\"><strong>Wr\u0119czenie odznaczenia Gloria Artis<\/strong><br>Laureat<strong> Jan Sabadasz<\/strong> \u2013 Fundacja Dziedzictwo Kresowe<\/p>\n\n\n\n<hr class=\"wp-block-separator has-alpha-channel-opacity\"\/>\n\n\n\n<p class=\"has-text-align-center has-medium-font-size\"><strong>Godz. 19:00<\/strong><\/p>\n\n\n\n<p class=\"has-text-align-center has-small-font-size\"><strong>Debata (cz\u0119\u015b\u0107 II)<\/strong><br>Kontynuacja dyskusji o wp\u0142ywie sztucznej inteligencji na kultur\u0119<\/p>\n\n\n\n<p class=\"has-text-align-center has-white-color has-vivid-red-background-color has-text-color has-background has-link-color has-medium-font-size wp-elements-c05279ba8a26f63772e43c10eba8dc1d\"><strong>Godz. 20:00<\/strong><br><strong>Gala artSkrypt 2025<\/strong><\/p>\n\n\n\n<p class=\"has-text-align-center has-vivid-red-color has-text-color has-link-color wp-elements-1e73785d16be2e45fc6b8adb9cb4fbb7\"><strong>Laureat<\/strong> <strong>Feliks Falk<\/strong><\/p>\n\n\n\n<p class=\"has-text-align-center has-small-font-size\"><strong>Prowadz\u0105cy:<br>\u2022 Robert Gonera \u2013 Przewodnicz\u0105cy Kapitu\u0142y<br>\u2022 Grzegorz \u0141oszewski \u2013 Prezes SFP<\/strong><br><br><strong>Wr\u0119czenia dokonuje:<\/strong><br>\u2022 <strong>Lucjan Krzysztof Chrzanowski<\/strong> \u2013 Prezydent Miasta \u017byrardowa<\/p>\n\n\n\n<hr class=\"wp-block-separator has-alpha-channel-opacity\"\/>\n\n\n\n<p class=\"has-text-align-center has-medium-font-size\"><strong>Godz. 20:15<\/strong><\/p>\n\n\n\n<p class=\"has-text-align-center has-small-font-size\"><strong>Spektakl: <\/strong><em>Z\u0142a Matka<\/em><\/p>\n\n\n\n<p class=\"has-text-align-center has-small-font-size\">Re\u017cyseria: <strong>Karolina Porcari<br><\/strong>Wyst\u0119puj\u0105: <strong>Ma\u0142gorzata Bogda\u0144ska, Karolina Porcari<br><\/strong>Muzyka na \u017cywo: <strong>Daniel Pigo\u0144ski<br><\/strong>Choreografia:<strong> Izabela Chlewi\u0144ska<\/strong><\/p>\n\n\n\n<p><\/p>\n\n\n\n<p class=\"has-text-align-center has-white-color has-vivid-green-cyan-background-color has-text-color has-background has-link-color has-medium-font-size wp-elements-b8f4d0ac24ad054874a32451a2adc702\">SOBOTA, 20 wrze\u015bnia<\/p>\n\n\n\n<p class=\"has-text-align-center has-medium-font-size\"><strong>\u017byrard\u00f3w \u2013 Centrum Kultury, pl. Jana Paw\u0142a II<\/strong><\/p>\n\n\n\n<p class=\"has-text-align-center has-medium-font-size\"><strong>Godz. 15:00<\/strong><br><strong>Otwarcie Interdyscyplinarnego Festiwalu Sztuk M{i}aSTO\/a Gwiazd 2025<\/strong><\/p>\n\n\n\n<p class=\"has-text-align-center has-small-font-size\"><strong>Prowadzenie sceny:<\/strong><br>Aktorzy znani z duetu w serialu <em>\u201eLokatorzy\u201d<\/em>:<br><strong>\u2022<\/strong> <strong>Ma\u0142gorzata Lewi\u0144ska<\/strong><br><strong>\u2022<\/strong> <strong>Micha\u0142 Milowicz<\/strong><\/p>\n\n\n\n<hr class=\"wp-block-separator has-alpha-channel-opacity\"\/>\n\n\n\n<p class=\"has-text-align-center has-white-color has-luminous-vivid-orange-background-color has-text-color has-background has-link-color has-medium-font-size wp-elements-f3dcb3dfb0cbac5c0a22883112e23539\"><strong>M{i}aSTO Dzieci i M\u0142odzie\u017cy<br>Gala art\u017byrafki 2025<\/strong><\/p>\n\n\n\n<p class=\"has-text-align-center has-luminous-vivid-orange-color has-text-color has-link-color has-medium-font-size wp-elements-b444859dab5605083d1264dc1c2d40ca\"><strong>Laureatka Natalia Fijewska-Zdanowska <\/strong><\/p>\n\n\n\n<p class=\"has-text-align-center has-small-font-size\">\u2013 re\u017cyserka, dramatopisarka, pedagog, tw\u00f3rczyni Teatru M\u0141YN<\/p>\n\n\n\n<p class=\"has-text-align-center has-small-font-size\">Wr\u0119czenia dokonaj\u0105 przedstawiciele<strong> zespo\u0142u Fasolki<\/strong>, oraz <strong>Agnieszka Szyma\u0144ska-Kierlandczyk <\/strong>\u2013 Przewodnicz\u0105ca Kapitu\u0142y Z\u0142otej art\u017byrafki i <strong>Marta Ewa Olbry\u015b<\/strong> \u2013 Dyrektor Programowa FMG, a na scenie wyst\u0105pi dzieci\u0119cy <strong>zesp\u00f3\u0142 MASHART<\/strong>.<\/p>\n\n\n\n<hr class=\"wp-block-separator has-alpha-channel-opacity\"\/>\n\n\n\n<p class=\"has-text-align-center has-medium-font-size\"><strong>Godz. 15:30<\/strong><\/p>\n\n\n\n<p class=\"has-text-align-center has-small-font-size\"><strong>Zesp\u00f3\u0142 KJUD\u017bU z Pracowni Muzycznej<\/strong><br><strong>Agnieszki Zieli\u0144skiej<\/strong> \u2013 multiinstrumentalistki, aran\u017cerki muzycznej<br><br><strong>Wyst\u0105pi\u0105:<\/strong><br><strong>\u2022<\/strong> <strong>Lilia K\u0142osi\u0144ska<\/strong>\u00a0(wokal)<br><strong>\u2022<\/strong> <strong>Agnieszka Kwestarz<\/strong> (gitara akustyczna)<br><strong>\u2022<\/strong> <strong>Kinga Sitarek<\/strong> (gitara akustyczna)<br><strong>\u2022<\/strong> <strong>Roman Piechorowski<\/strong> (perkusja)<br><strong>\u2022<\/strong> <strong>Aleksander Franczyk<\/strong> (gitara akustyczna)<br><strong>\u2022<\/strong> <strong>Tymon Pugacewicz<\/strong> (wokal, gitara elektryczna)<\/p>\n\n\n\n<hr class=\"wp-block-separator has-alpha-channel-opacity\"\/>\n\n\n\n<p class=\"has-text-align-center has-white-color has-luminous-vivid-orange-background-color has-text-color has-background has-link-color has-medium-font-size wp-elements-f4d90ad7dd0d323da892c3d5075b1661\"><strong>Godz. 15:50<br>Gala SzuperART 2025<\/strong><\/p>\n\n\n\n<p class=\"has-text-align-center has-luminous-vivid-orange-color has-text-color has-link-color has-medium-font-size wp-elements-d42a3565e17d2ae57ac982976c1be79a\"><strong>Laureat Henryk Cebula <\/strong><\/p>\n\n\n\n<p class=\"has-text-align-center has-small-font-size\"><strong>\u2013 nauczyciel, rysownik, satyryk, animator kultury<\/strong><\/p>\n\n\n\n<p class=\"has-text-align-center has-small-font-size\"><strong>Gospodarz<\/strong><br><strong>Grzegorz Misiak<\/strong> \u2013 rysownik, satyryk, Przewodnicz\u0105cy Kapitu\u0142y odznaki SzuperART<br><\/p>\n\n\n\n<hr class=\"wp-block-separator has-alpha-channel-opacity\"\/>\n\n\n\n<p class=\"has-text-align-center has-medium-font-size\"><strong>Godz. 16:10<\/strong><br><strong>Artystyczne projekty modowe<\/strong><\/p>\n\n\n\n<p class=\"has-text-align-center has-small-font-size\"><strong>Wiktoria Mirosz <\/strong><strong>\u2013 absolwentka Wy\u017cszej Szko\u0142y Artystycznej w Warszawie (rocznik 2025)<\/strong><\/p>\n\n\n\n<p class=\"has-text-align-center has-small-font-size\"><strong>Kolekcja dyplomowa kostium\u00f3w i masek:<\/strong><br><em>SURREALISTYCZNE MOTYWY TW\u00d3RCZE I SZTUKA MASEK JAKO MANIFESTACJA POD\u015aWIADOMO\u015aCI<\/em><\/p>\n\n\n\n<p class=\"has-text-align-center has-small-font-size\"><strong>+ projekcja filmu (aneks do dyplomu):<\/strong><br><em>Obskura<\/em><\/p>\n\n\n\n<p class=\"has-text-align-center has-small-font-size\"><strong>Prace powsta\u0142y pod kierunkiem:<\/strong><br><strong>\u2022<\/strong> <strong>prof. Andrzeja Macieja \u0141ubowskiego<\/strong> \u2013 kolekcja kostium\u00f3w i masek (praca praktyczna)<br><strong>\u2022<\/strong> <strong>dr hab. Romualda Wo\u017aniaka<\/strong> \u2013 film <em>Obskura<\/em> (aneks dyplomowy)<\/p>\n\n\n\n<p class=\"has-text-align-center has-small-font-size\"><strong>Wy\u017csza Szko\u0142a Artystyczna w Warszawie<\/strong> to uczelnia niepubliczna oferuj\u0105ca studia licencjackie na kierunku <em>Charakteryzacja i Kostiumografia<\/em>, kt\u00f3ry \u0142\u0105czy sztuk\u0119 charakteryzacji z projektowaniem kostium\u00f3w.<\/p>\n\n\n\n<p class=\"has-text-align-center has-small-font-size\">Dzi\u0119ki unikatowej koncepcji kszta\u0142cenia, kierunek jest zorientowany na praktyczn\u0105 realizacj\u0119 wizualnego projektowania postaci dla filmu i teatru.<\/p>\n\n\n\n<p class=\"has-text-align-center has-small-font-size\">Cykl studi\u00f3w przygotowuje absolwent\u00f3w do pracy w zawodach:<br>\u2013 artysta-charakteryzator<br>\u2013 artysta-kostiumograf<\/p>\n\n\n\n<hr class=\"wp-block-separator has-alpha-channel-opacity\"\/>\n\n\n\n<p class=\"has-text-align-center has-medium-font-size\"><strong>Godz. 16:20<\/strong><\/p>\n\n\n\n<p class=\"has-text-align-center has-small-font-size\">Koncert:<br>Najsmutniejsza dziewczyna na \u015bwiecie \u2013<strong> Tribute to Amy Winehouse<\/strong><\/p>\n\n\n\n<p class=\"has-text-align-center has-small-font-size\"><strong>Wykonawcy:<\/strong><br>\u2022 Wokal: <strong>Izabela Bili\u0144ska<br><\/strong>\u2022 Perkusja: <strong>Jaros\u0142aw \u201eFidel\u201d Lange<br><\/strong>\u2022  Pianino:<strong> Rok Mulec<br><\/strong>\u2022 Gitara basowa: <strong>Kacper Lepieszka<br><\/strong>\u2022 Gitara elektryczna:<strong> Krzysztof Federowicz<\/strong><\/p>\n\n\n\n<hr class=\"wp-block-separator has-alpha-channel-opacity\"\/>\n\n\n\n<p class=\"has-text-align-center has-black-color has-pale-pink-background-color has-text-color has-background has-link-color has-medium-font-size wp-elements-9bc97e4ef1b7de91d87bcca5dedf6873\"><strong>Godz. 16:40<br>Otwarcie Modowego Miasta Gwiazd 2025<\/strong><\/p>\n\n\n\n<hr class=\"wp-block-separator has-alpha-channel-opacity\"\/>\n\n\n\n<p class=\"has-text-align-center has-medium-font-size\"><strong>Godz. 17:10<br>Otwarcie Modowego Miasta Gwiazd 2025<\/strong><\/p>\n\n\n\n<p class=\"has-text-align-center has-small-font-size\">Prowadzenie<strong> Emila Kleszczewska<\/strong><\/p>\n\n\n\n<p class=\"has-text-align-center has-small-font-size\"><strong>Salon Pardejka <\/strong><strong>to po\u0142\u0105czenie eleganckich sukien wizytowych i codziennej mody w rozmiarach 34\u201350. To miejsce, w kt\u00f3rym ka\u017cda kobieta znajdzie styl podkre\u015blaj\u0105cy jej wyj\u0105tkowo\u015b\u0107 \u2013 bo moda nie zna rozmiaru.<\/strong><\/p>\n\n\n\n<p class=\"has-text-align-center has-small-font-size\">Podczas festiwalu <em>Miasto Gwiazd<\/em> w sukniach Pardejki wyst\u0105pi\u0105 kandydatki do tytu\u0142u Miss Ziemi \u017byrardowskiej, prezentuj\u0105c kreacje stworzone z my\u015bl\u0105 o kobieco\u015bci, pewno\u015bci siebie i pi\u0119knie w ka\u017cdej formie.<\/p>\n\n\n\n<p class=\"has-text-align-center has-small-font-size\">Odwied\u017a butik Pardejka w Skierniewicach, Rynek 29 lub online: <a href=\"http:\/\/www.pardejkabutik.pl\/\" target=\"_blank\" rel=\"noreferrer noopener\">www.pardejkabutik.pl<\/a><br>Stylizacje uzupe\u0142ni bi\u017cuteria <strong>Mirar<\/strong> \u2013 r\u0119cznie robiona z naturalnych kamieni.<\/p>\n\n\n\n<hr class=\"wp-block-separator has-alpha-channel-opacity\"\/>\n\n\n\n<p class=\"has-text-align-center has-white-color has-luminous-vivid-orange-background-color has-text-color has-background has-link-color has-medium-font-size wp-elements-279da021b5b8eabb270ae23695c68396\"><strong>Godz. 17:20<br>Gala Z\u0142otej \u017byRybki 2025<\/strong><\/p>\n\n\n\n<p class=\"has-text-align-center has-luminous-vivid-orange-color has-text-color has-link-color has-medium-font-size wp-elements-8dca8630c7e3adba5554fb743af70307\"><strong>Laureat<\/strong> <strong>Sebastian Raj<\/strong> <\/p>\n\n\n\n<p class=\"has-text-align-center has-small-font-size\">\u2013 Dyrektor Szko\u0142y Muzycznej w \u017byrardowie<\/p>\n\n\n\n<p class=\"has-text-align-center has-small-font-size\"><strong>Gospodarze:<\/strong><br><strong>\u2022<\/strong>  <strong>Jerzy Jankowski<\/strong><br><strong>\u2022<\/strong>  <strong>Marta Ewa Olbry\u015b<\/strong><\/p>\n\n\n\n<hr class=\"wp-block-separator has-alpha-channel-opacity\"\/>\n\n\n\n<p class=\"has-text-align-center has-medium-font-size\"><strong>Godz. 17:30<br>Artystyczne projekty modowe<\/strong><\/p>\n\n\n\n<p class=\"has-text-align-center has-small-font-size\"><strong>Dorota Senkara<br><\/strong><strong>Absolwentka Krakowskich Szk\u00f3\u0142 Artystycznych na kierunku artystycznego projektowania ubioru. Jej debiutancka kolekcja <\/strong><em>Black Ribbon<\/em><strong> zdoby\u0142a uznanie podczas Cracow Fashion Awards 2022 \u2013 otrzyma\u0142a m.in. wyr\u00f3\u017cnienie Rady Wysokiej Mody za kreatywno\u015b\u0107 i wizjonerstwo oraz Wyr\u00f3\u017cnienie Rady Medi\u00f3w.<\/strong><\/p>\n\n\n\n<p class=\"has-text-align-center has-small-font-size\">Finalistka <em>Off Fashion 2022<\/em> i <em>Radom Fashion Show 2022<\/em>. Bra\u0142a udzia\u0142 w pokazach takich jak <em>Wroc\u0142aw Fashion Week<\/em>, <em>Fashion Night w Krakowie<\/em> i <em>Nadwi\u015bla\u0144ski Fashion Week<\/em>. O jej tw\u00f3rczo\u015bci pisali m.in. Micha\u0142 Zaczy\u0144ski i <em>Moda Polska<\/em>, a jej projekty nosili uczestnicy 11. edycji <em>Top Model Polska<\/em> (TVN).<\/p>\n\n\n\n<p class=\"has-text-align-center has-small-font-size\">Wsp\u00f3\u0142pracuje z fotografami, stylistami i modelkami, a efekty tych dzia\u0142a\u0144 publikowane by\u0142y w magazynach modowych takich jak <em>Hunter<\/em>, <em>Bloom Roma<\/em>, <em>Elle<\/em>, <em>Malvie<\/em>, <em>Shuba<\/em> i wielu innych.<\/p>\n\n\n\n<p class=\"has-text-align-center has-small-font-size\">Tworzy z my\u015bl\u0105 o kobietach \u015bwiadomych swojej to\u017csamo\u015bci, poszukuj\u0105cych unikatowych i wyrazistych stylizacji. Projektowanie traktuje jako form\u0119 ekspresji, pozwalaj\u0105c\u0105 przekaza\u0107 emocje i opowiedzie\u0107 w\u0142asn\u0105 histori\u0119. Jej proces tw\u00f3rczy obejmuje ka\u017cdy etap \u2013 od szkicu i konstrukcji, po ostatni szew.<\/p>\n\n\n\n<p class=\"has-text-align-center has-small-font-size\">Inspiruje si\u0119 sztuk\u0105, podr\u00f3\u017cami oraz klasyk\u0105 haute couture. Eksperymentuje z form\u0105 i tworzy w\u0142asne tkaniny, nieustannie przesuwaj\u0105c granice kreatywno\u015bci.<\/p>\n\n\n\n<hr class=\"wp-block-separator has-alpha-channel-opacity\"\/>\n\n\n\n<p class=\"has-text-align-center has-white-color has-luminous-vivid-orange-background-color has-text-color has-background has-link-color has-medium-font-size wp-elements-92d7ba66aae2318885a16047a936e74b\"><strong>Godz. 17:40<br>Gala Z\u0142otego artKciuka 2025<\/strong><\/p>\n\n\n\n<p class=\"has-text-align-center has-luminous-vivid-orange-color has-text-color has-link-color has-medium-font-size wp-elements-62e3a6267f0feac4255a6176e2ffbeec\"><strong>Laureat Jan Komasa <\/strong><\/p>\n\n\n\n<p class=\"has-text-align-center has-small-font-size\"><strong>\u2013 re\u017cyser i scenarzysta filmowy<\/strong><\/p>\n\n\n\n<p class=\"has-text-align-center has-small-font-size\"><strong>Wr\u0119czenia dokonaj\u0105:<\/strong><br><strong>\u2022<\/strong> <strong>Lucjan Krzysztof Chrzanowski <\/strong>\u2013 Prezydent Miasta \u017byrardowa<br><strong>\u2022<\/strong> <strong>prof. Artur Krajewski<\/strong><\/p>\n\n\n\n<p class=\"has-text-align-center has-small-font-size\"><strong>Spotkanie z Laureatem poprowadz\u0105:<\/strong><br><strong>\u2022<\/strong> <strong>Ma\u0142gorzata Lewi\u0144ska<\/strong><br><strong>\u2022<\/strong> <strong>Studenci magazynu \u201eKola\u017c\u201d<\/strong><\/p>\n\n\n\n<p class=\"has-text-align-center has-small-font-size\"><strong>Oprawa muzyczna<\/strong><br><strong>Piotr Krajewski <\/strong>\u2013 pianista, kompozytor<\/p>\n\n\n\n<hr class=\"wp-block-separator has-alpha-channel-opacity\"\/>\n\n\n\n<p class=\"has-text-align-center has-medium-font-size\"><strong>Godz. 18:10<br>Artystyczne projekty modowe<\/strong><\/p>\n\n\n\n<p class=\"has-text-align-center has-small-font-size\"><strong>Sandra Sk\u00f3rka<\/strong><br>Absolwentka ASP im. W\u0142adys\u0142awa Strzemi\u0144skiego w \u0141odzi. Dyplom magisterski z wyr\u00f3\u017cnieniem w Instytucie Ubioru, specjalizacja: projektowanie obuwia, akcesori\u00f3w i ubioru. Tworzy mod\u0119 cyrkularn\u0105 z poszanowaniem \u015brodowiska, \u0142\u0105cz\u0105c mod\u0119 ze sztuk\u0105 i eksperymentem.<\/p>\n\n\n\n<p class=\"has-text-align-center has-small-font-size\">Laureatka m.in. I miejsca w konkursach <em>Slow Fashion Award 2024<\/em> i <em>Designers Play Sustain 2024<\/em>, II miejsca w <em>Radom Fashion Show 2024<\/em>, III miejsca w mi\u0119dzynarodowym konkursie <em>OFF Fashion 2024<\/em>, a tak\u017ce nominowana do tytu\u0142u <em>Osobowo\u015b\u0107 Roku 2024<\/em> w kategorii Kultura.<\/p>\n\n\n\n<hr class=\"wp-block-separator has-alpha-channel-opacity\"\/>\n\n\n\n<p class=\"has-text-align-center has-medium-font-size\"><strong>Godz. 18:20<\/strong><br><strong>Performans literacki<\/strong><\/p>\n\n\n\n<p class=\"has-text-align-center has-small-font-size\">Utwory m\u0142odych autor\u00f3w z publikacji <em>\u201eLekcje literackie. Wiersze na sz\u00f3stk\u0119 z plusem\u201d<\/em>, wydanej przez Zwi\u0105zek Literat\u00f3w Polskich podczas Warszawskiej Jesieni Poezji 2025.<\/p>\n\n\n\n<p class=\"has-text-align-center has-small-font-size\"><em>Dofinansowano ze \u015brodk\u00f3w Ministra Kultury i Dziedzictwa Narodowego pochodz\u0105cych z Funduszu Promocji Kultury.<\/em><\/p>\n\n\n\n<hr class=\"wp-block-separator has-alpha-channel-opacity\"\/>\n\n\n\n<p class=\"has-text-align-center has-medium-font-size\"><strong>Godz. 18:40<\/strong><br><strong>Artystyczne projekty modowe<\/strong><\/p>\n\n\n\n<p class=\"has-text-align-center has-small-font-size\"><strong>Kandydatki i kandydaci w rytmach muzyki \u2013 w festiwalowych koszulkach<\/strong>&#8230;<\/p>\n\n\n\n<hr class=\"wp-block-separator has-alpha-channel-opacity\"\/>\n\n\n\n<p class=\"has-text-align-center has-white-color has-luminous-vivid-orange-background-color has-text-color has-background has-link-color has-medium-font-size wp-elements-d618c04242f151f660c89987e94770bd\"><strong>Godz. 18:50<br>Gala artNuty 2025<\/strong><\/p>\n\n\n\n<p class=\"has-text-align-center has-luminous-vivid-orange-color has-text-color has-link-color has-medium-font-size wp-elements-21272bfeeebc7ca6799cfa6b1ddf7c73\"><strong>Laureat Piotr \u201ePeter\u201d Pawe\u0142 Wiwczarek <\/strong><\/p>\n\n\n\n<p class=\"has-text-align-center has-small-font-size\"><strong>\u2013 wokalista, gitarzysta, lider zespo\u0142u VADER<\/strong><\/p>\n\n\n\n<p class=\"has-text-align-center has-small-font-size\"><strong>Gospodarze:<\/strong><br><strong>\u2022<\/strong> <strong>Krzysztof Jaworski<\/strong> \u2013 Przewodnicz\u0105cy Kapitu\u0142y<br><strong>\u2022<\/strong> <strong>Marta Ewa Olbry\u015b<\/strong><\/p>\n\n\n\n<hr class=\"wp-block-separator has-alpha-channel-opacity\"\/>\n\n\n\n<p class=\"has-text-align-center has-medium-font-size\"><strong>Godz. 19:20<br>Artystyczne projekty modowe<\/strong><\/p>\n\n\n\n<p class=\"has-text-align-center has-small-font-size\"><strong>Piotr Janicki <\/strong><strong>\u2013 streetwear z charakterem<br>Polski projektant mody, tw\u00f3rca marki JANICKI, specjalizuj\u0105cej si\u0119 w unikatowym streetwearze. Jego projekty wyr\u00f3\u017cniaj\u0105 si\u0119 autentycznym stylem, wysok\u0105 jako\u015bci\u0105 i dba\u0142o\u015bci\u0105 o detale.<\/strong><\/p>\n\n\n\n<p class=\"has-text-align-center has-small-font-size\">Pochodzi z Legnicy, obecnie rozwija mark\u0119 w Warszawie, gdzie prowadzi butik \u2013 przestrze\u0144 mody niezale\u017cnej. JANICKI to ubrania dla tych, kt\u00f3rzy chc\u0105 wyra\u017ca\u0107 siebie i swoj\u0105 indywidualno\u015b\u0107.<\/p>\n\n\n\n<hr class=\"wp-block-separator has-alpha-channel-opacity\"\/>\n\n\n\n<p class=\"has-text-align-center has-medium-font-size\"><strong>Godz. 19:30<\/strong><br><strong>Projekt muzyczny CHORNABROVA<\/strong><\/p>\n\n\n\n<p class=\"has-text-align-center has-small-font-size\"><strong>Palina Dabravolskaja<\/strong><br>Bia\u0142oruska aktorka, re\u017cyserka teatralna i artystka interdyscyplinarna, obecnie mieszkaj\u0105ca w Warszawie. Jako muzyk wyst\u0119puje pod pseudonimem <strong>CHORNABROVA<\/strong>, \u0142\u0105cz\u0105c alternatywny hip-hop z folklorem w autorskim gatunku, kt\u00f3ry okre\u015bla jako <em>b-pop<\/em>.<\/p>\n\n\n\n<p class=\"has-text-align-center has-small-font-size\">Jej album <em>COMA<\/em> to muzyczna opowie\u015b\u0107 z perspektywy fikcyjnej sztucznej inteligencji, kt\u00f3ra rozwa\u017ca tematy migracji, ekologii, kapitalizmu i emocjonalnego przetrwania.<\/p>\n\n\n\n<hr class=\"wp-block-separator has-alpha-channel-opacity\"\/>\n\n\n\n<p class=\"has-text-align-center has-medium-font-size\"><strong>Godz. 19:50<\/strong><br><strong>Artystyczne projekty modowe<\/strong><\/p>\n\n\n\n<p class=\"has-text-align-center has-small-font-size\"><strong>Mariola Turbiarz \u2013 moda z przes\u0142aniem<\/strong><br>Polska projektantka mody, od 25 lat tworz\u0105ca unikalne, kolorowe kolekcje promuj\u0105ce inkluzywno\u015b\u0107, r\u00f3\u017cnorodno\u015b\u0107 i indywidualny styl. Jej projekty \u0142\u0105cz\u0105 odwa\u017cne formy, energetyczne barwy i spo\u0142eczne przes\u0142anie.<\/p>\n\n\n\n<p class=\"has-text-align-center has-small-font-size\">Inicjatorka i organizatorka najwi\u0119kszych pokaz\u00f3w mody w Polsce, w tym autorskiego <em>Warsaw Fashion Shower<\/em> \u2013 widowiska poruszaj\u0105cego tematy ekologii, praw cz\u0142owieka i r\u00f3wno\u015bci. W swoich pokazach anga\u017cuje zar\u00f3wno topowe modelki, jak i osoby spoza mainstreamu, udowadniaj\u0105c, \u017ce moda jest dla ka\u017cdego.<\/p>\n\n\n\n<p class=\"has-text-align-center has-small-font-size\">Znana z dzia\u0142a\u0144 charytatywnych i spo\u0142ecznych, ubiera czo\u0142owych polskich artyst\u00f3w, a jej marka sta\u0142a si\u0119 symbolem odwagi, kreatywno\u015bci i otwarto\u015bci.<\/p>\n\n\n\n<hr class=\"wp-block-separator has-alpha-channel-opacity\"\/>\n\n\n\n<p class=\"has-text-align-center has-white-color has-luminous-vivid-orange-background-color has-text-color has-background has-link-color has-medium-font-size wp-elements-55e74c5bead16a4a896028c5757995a5\"><strong>Godz. 20:00<br>Gala artMecenat 2025<\/strong><\/p>\n\n\n\n<p class=\"has-text-align-center has-luminous-vivid-orange-color has-text-color has-link-color has-medium-font-size wp-elements-8320f28697b970c617ae6fecaaabd018\"><strong>Laureat <\/strong><strong>Fundacja ORANGE<\/strong><\/p>\n\n\n\n<p class=\"has-text-align-center has-small-font-size\"><strong>Wr\u0119czenia dokonaj\u0105:<\/strong><br><strong>\u2022<\/strong>  <strong>Lucjan Krzysztof Chrzanowski<\/strong> \u2013 Prezydent Miasta \u017byrardowa<br><strong>\u2022<\/strong>  <strong>prof. Artur Krajewski<\/strong><\/p>\n\n\n\n<hr class=\"wp-block-separator has-alpha-channel-opacity\"\/>\n\n\n\n<p class=\"has-text-align-center has-medium-font-size\"><strong>Godz. 20:10<\/strong><br><strong>Gala \u201eMiasto Pi\u0119kna\u201d<\/strong><\/p>\n\n\n\n<p class=\"has-text-align-center has-small-font-size\">Podsumowanie konkursu Miss i Mistera Ziemi \u017byrardowskiej 2025<\/p>\n\n\n\n<hr class=\"wp-block-separator has-alpha-channel-opacity\"\/>\n\n\n\n<p class=\"has-text-align-center has-medium-font-size\"><strong>Godz. 20:40<\/strong><br><strong>Koncert zamkni\u0119cia Festiwalu<\/strong><\/p>\n\n\n\n<p class=\"has-text-align-center has-small-font-size\"><strong>Wyst\u0105pi\u0105:<\/strong><br><strong>\u2022<\/strong>  <strong>Krzysztof Jaworski<\/strong> (gitara)<br><strong>\u2022<\/strong>  <strong>Wojtek Ruci\u0144ski<\/strong> (kontrabas)<\/p>\n\n\n\n<hr class=\"wp-block-separator has-alpha-channel-opacity\"\/>\n\n\n\n<p class=\"has-text-align-center has-vivid-red-color has-text-color has-link-color wp-elements-9005659e16799e5766542211e4590584\"><strong>Uwaga:<\/strong> Organizatorzy zastrzegaj\u0105 sobie prawo do zmian w programie.<\/p>\n\n\n\n<p><\/p>\n","protected":false},"excerpt":{"rendered":"<p>XVII INTERDYSCYPLINARNY FESTIWAL SZTUK M{i}aSTO Gwiazd 2025 CZWARTEK, 18 wrze\u015bnia Godz. 18:00\u017byrard\u00f3w \u2013 Resursa, ul. 1 Maja 45 Otwarcie wystawy fotograficznejMa\u0142gorzaty K\u0119dzierskiej i Roberta Wilczy\u0144skiego ROBERT WILCZY\u0143SKI Fotograf, fotoreporter, cz\u0142onek Zwi\u0105zku Polskich Artyst\u00f3w Fotografik\u00f3w (ZPAF). Mieszka i tworzy w Warszawie. W swojej praktyce artystycznej \u0142\u0105czy narz\u0119dzia fotografii konceptualnej, dokumentalnej i spo\u0142ecznej, skupiaj\u0105c si\u0119 na projektach [&hellip;]<\/p>\n","protected":false},"author":2,"featured_media":0,"parent":0,"menu_order":0,"comment_status":"closed","ping_status":"closed","template":"","meta":{"footnotes":""},"class_list":["post-167","page","type-page","status-publish","hentry"],"_links":{"self":[{"href":"https:\/\/miastogwiazd.pl\/index.php?rest_route=\/wp\/v2\/pages\/167","targetHints":{"allow":["GET"]}}],"collection":[{"href":"https:\/\/miastogwiazd.pl\/index.php?rest_route=\/wp\/v2\/pages"}],"about":[{"href":"https:\/\/miastogwiazd.pl\/index.php?rest_route=\/wp\/v2\/types\/page"}],"author":[{"embeddable":true,"href":"https:\/\/miastogwiazd.pl\/index.php?rest_route=\/wp\/v2\/users\/2"}],"replies":[{"embeddable":true,"href":"https:\/\/miastogwiazd.pl\/index.php?rest_route=%2Fwp%2Fv2%2Fcomments&post=167"}],"version-history":[{"count":12,"href":"https:\/\/miastogwiazd.pl\/index.php?rest_route=\/wp\/v2\/pages\/167\/revisions"}],"predecessor-version":[{"id":221,"href":"https:\/\/miastogwiazd.pl\/index.php?rest_route=\/wp\/v2\/pages\/167\/revisions\/221"}],"wp:attachment":[{"href":"https:\/\/miastogwiazd.pl\/index.php?rest_route=%2Fwp%2Fv2%2Fmedia&parent=167"}],"curies":[{"name":"wp","href":"https:\/\/api.w.org\/{rel}","templated":true}]}}