{"id":184,"date":"2025-08-27T20:58:26","date_gmt":"2025-08-27T18:58:26","guid":{"rendered":"https:\/\/miastogwiazd.pl\/?page_id=184"},"modified":"2025-10-19T18:50:46","modified_gmt":"2025-10-19T16:50:46","slug":"archiwum","status":"publish","type":"page","link":"https:\/\/miastogwiazd.pl\/?page_id=184","title":{"rendered":"Tak By\u0142o 2025"},"content":{"rendered":"\n<p> \u017byrard\u00f3w <\/p>\n\n\n\n<figure class=\"wp-block-image size-large\"><img loading=\"lazy\" decoding=\"async\" width=\"1024\" height=\"441\" src=\"https:\/\/miastogwiazd.pl\/wp-content\/uploads\/2025\/10\/www001-1024x441.jpg\" alt=\"\" class=\"wp-image-224\" srcset=\"https:\/\/miastogwiazd.pl\/wp-content\/uploads\/2025\/10\/www001-1024x441.jpg 1024w, https:\/\/miastogwiazd.pl\/wp-content\/uploads\/2025\/10\/www001-300x129.jpg 300w, https:\/\/miastogwiazd.pl\/wp-content\/uploads\/2025\/10\/www001-768x331.jpg 768w, https:\/\/miastogwiazd.pl\/wp-content\/uploads\/2025\/10\/www001-1536x662.jpg 1536w, https:\/\/miastogwiazd.pl\/wp-content\/uploads\/2025\/10\/www001-2048x882.jpg 2048w\" sizes=\"auto, (max-width: 1024px) 100vw, 1024px\" \/><\/figure>\n\n\n\n<p class=\"has-text-align-center has-vivid-green-cyan-color has-text-color has-link-color wp-elements-518e05ea361336e002aa0da4d9794493\"><strong>XVII INTERDYSCYPLINARNY FESTIWAL SZTUK<\/strong><\/p>\n\n\n\n<p class=\"has-text-align-center has-vivid-green-cyan-color has-text-color has-link-color has-large-font-size wp-elements-b7d7f05e239fdad408a6af5f5441b0d7\"><strong>M{i}aSTO Gwiazd 2025<\/strong><\/p>\n\n\n\n<p class=\"has-text-align-center has-background-color has-vivid-green-cyan-background-color has-text-color has-background has-link-color wp-elements-58a46f43815db2f5212e58de2058e9fa\"><strong>CZWARTEK, 18 wrze\u015bnia<\/strong><\/p>\n\n\n\n<p class=\"has-text-align-center has-medium-font-size\"><strong>Godz. 18:00<\/strong><br><strong>\u017byrard\u00f3w \u2013 Resursa, ul. 1 Maja 45<\/strong><\/p>\n\n\n\n<p class=\"has-text-align-center has-small-font-size\"><strong>Otwarcie wystawy fotograficznej<\/strong><br><strong>Ma\u0142gorzaty K\u0119dzierskiej i Roberta Wilczy\u0144skiego<\/strong><\/p>\n\n\n\n<hr class=\"wp-block-separator has-alpha-channel-opacity\"\/>\n\n\n\n<p><strong>ROBERT WILCZY\u0143SKI<\/strong><\/p>\n\n\n\n<p class=\"has-small-font-size\">Fotograf, fotoreporter, cz\u0142onek Zwi\u0105zku Polskich Artyst\u00f3w Fotografik\u00f3w (ZPAF). Mieszka i tworzy w Warszawie. W swojej praktyce artystycznej \u0142\u0105czy narz\u0119dzia fotografii konceptualnej, dokumentalnej i spo\u0142ecznej, skupiaj\u0105c si\u0119 na projektach d\u0142ugoterminowych, kt\u00f3re zg\u0142\u0119biaj\u0105 z\u0142o\u017cone aspekty ludzkiej kondycji i historii.<\/p>\n\n\n\n<p class=\"has-small-font-size\">Jego prace by\u0142y prezentowane na licznych wystawach indywidualnych i zbiorowych w Polsce oraz za granic\u0105 \u2013 m.in. w Pary\u017cu, Nowym Jorku, Brukseli i Barcelonie. Jest autorem projekt\u00f3w o silnym wymiarze spo\u0142ecznym i historycznym \u2013 wystawa <em>Miasto \u017cywych \/ Miasto umar\u0142ych<\/em> inaugurowa\u0142a obchody 80. rocznicy Powstania w Getcie Warszawskim w Parlamencie Europejskim (2023).<\/p>\n\n\n\n<p class=\"has-small-font-size\">Stypendysta Ministra Kultury i Dziedzictwa Narodowego (2024\/2025). R\u00f3wnolegle do dzia\u0142alno\u015bci artystycznej wsp\u00f3\u0142pracuje z agencjami reklamowymi, wydawnictwami prasowymi oraz instytucjami kultury.<\/p>\n\n\n\n<hr class=\"wp-block-separator has-alpha-channel-opacity\"\/>\n\n\n\n<p><strong>MA\u0141GORZATA K\u0118DZIERSKA<\/strong><\/p>\n\n\n\n<p class=\"has-small-font-size\">Fotografka, arteterapeutka i psycholo\u017cka. Bliskie jest jej holistyczne podej\u015bcie, w kt\u00f3rym cz\u0142owiek postrzegany jest jako jedno\u015b\u0107 cia\u0142a, umys\u0142u, emocji i duszy. W swojej praktyce \u0142\u0105czy arteterapi\u0119 z duchowo\u015bci\u0105, prac\u0105 z wyobra\u017ani\u0105 oraz symbolami.<\/p>\n\n\n\n<p class=\"has-small-font-size\">W centrum jej zainteresowa\u0144 znajduje si\u0119 zwi\u0105zek cz\u0142owieka z natur\u0105 \u2013 te delikatne po\u0142\u0105czenia, kt\u00f3re buduj\u0105 nasz\u0105 \u015bwiadomo\u015b\u0107 i to\u017csamo\u015b\u0107 w \u015bwiecie materialnym. Cykl prezentowanych Autoportret\u00f3w jest poetyck\u0105 pr\u00f3b\u0105 opisania duchowej relacji z otaczaj\u0105cym \u015bwiatem. Kontemplacyjny charakter zdj\u0119\u0107 buduje pomost pomi\u0119dzy \u015bwiatem wewn\u0119trznym, a tym co postrzegane jako zewn\u0119trzne. Granica ta jest jednak bardzo subtelna i nieoczywista. Autoportrety s\u0105 zapisem intensywnej obecno\u015bci w ulotnej chwili.<\/p>\n\n\n\n<p class=\"has-text-align-center has-background-color has-vivid-green-cyan-background-color has-text-color has-background has-link-color wp-elements-77b6258cd2800c2351c94f7eaffec279\"><strong>PI\u0104TEK, 19 wrze\u015bnia<\/strong><\/p>\n\n\n\n<p class=\"has-text-align-center\"><strong>\u017byrard\u00f3w \u2013 Resursa, ul. 1 Maja 45<\/strong><br><strong>Godz. 17:00<\/strong><\/p>\n\n\n\n<figure class=\"wp-block-image size-large\"><img loading=\"lazy\" decoding=\"async\" width=\"1024\" height=\"441\" src=\"https:\/\/miastogwiazd.pl\/wp-content\/uploads\/2025\/10\/www009-1024x441.jpg\" alt=\"\" class=\"wp-image-226\" srcset=\"https:\/\/miastogwiazd.pl\/wp-content\/uploads\/2025\/10\/www009-1024x441.jpg 1024w, https:\/\/miastogwiazd.pl\/wp-content\/uploads\/2025\/10\/www009-300x129.jpg 300w, https:\/\/miastogwiazd.pl\/wp-content\/uploads\/2025\/10\/www009-768x331.jpg 768w, https:\/\/miastogwiazd.pl\/wp-content\/uploads\/2025\/10\/www009-1536x662.jpg 1536w, https:\/\/miastogwiazd.pl\/wp-content\/uploads\/2025\/10\/www009-2048x882.jpg 2048w\" sizes=\"auto, (max-width: 1024px) 100vw, 1024px\" \/><\/figure>\n\n\n\n<p class=\"has-text-align-center has-small-font-size\">Uroczystego otwarcia Interdyscyplinarnego Festiwalu Sztuk M{i}aSTO\/a Gwiazd 2025 dokonali Gospodarze dnia: <strong>Robert Gonera <\/strong>\u2013 aktor i scenarzysta oraz<strong> Jerzy Jankowski <\/strong>\u2013 Wiceprezes Oddzia\u0142u Warszawskiego Zwi\u0105zku Literat\u00f3w Polskich.<\/p>\n\n\n\n<p class=\"has-text-align-center has-white-color has-luminous-vivid-orange-background-color has-text-color has-background has-link-color has-medium-font-size wp-elements-621e7a1b1792b74aedf2bf10dae0c140\"><strong>Godz. 17:10<br><strong>Gala artKlucza WIOLINOWEGO 2025<\/strong><\/strong><\/p>\n\n\n\n<figure class=\"wp-block-image size-large\"><img loading=\"lazy\" decoding=\"async\" width=\"1024\" height=\"441\" src=\"https:\/\/miastogwiazd.pl\/wp-content\/uploads\/2025\/10\/www0001-1024x441.jpg\" alt=\"\" class=\"wp-image-241\" srcset=\"https:\/\/miastogwiazd.pl\/wp-content\/uploads\/2025\/10\/www0001-1024x441.jpg 1024w, https:\/\/miastogwiazd.pl\/wp-content\/uploads\/2025\/10\/www0001-300x129.jpg 300w, https:\/\/miastogwiazd.pl\/wp-content\/uploads\/2025\/10\/www0001-768x331.jpg 768w, https:\/\/miastogwiazd.pl\/wp-content\/uploads\/2025\/10\/www0001-1536x662.jpg 1536w, https:\/\/miastogwiazd.pl\/wp-content\/uploads\/2025\/10\/www0001-2048x882.jpg 2048w\" sizes=\"auto, (max-width: 1024px) 100vw, 1024px\" \/><\/figure>\n\n\n\n<figure class=\"wp-block-image size-large\"><img loading=\"lazy\" decoding=\"async\" width=\"1024\" height=\"441\" src=\"https:\/\/miastogwiazd.pl\/wp-content\/uploads\/2025\/10\/www0006-1024x441.jpg\" alt=\"\" class=\"wp-image-242\" srcset=\"https:\/\/miastogwiazd.pl\/wp-content\/uploads\/2025\/10\/www0006-1024x441.jpg 1024w, https:\/\/miastogwiazd.pl\/wp-content\/uploads\/2025\/10\/www0006-300x129.jpg 300w, https:\/\/miastogwiazd.pl\/wp-content\/uploads\/2025\/10\/www0006-768x331.jpg 768w, https:\/\/miastogwiazd.pl\/wp-content\/uploads\/2025\/10\/www0006-1536x662.jpg 1536w, https:\/\/miastogwiazd.pl\/wp-content\/uploads\/2025\/10\/www0006-2048x882.jpg 2048w\" sizes=\"auto, (max-width: 1024px) 100vw, 1024px\" \/><\/figure>\n\n\n\n<figure class=\"wp-block-image size-large\"><img loading=\"lazy\" decoding=\"async\" width=\"1024\" height=\"441\" src=\"https:\/\/miastogwiazd.pl\/wp-content\/uploads\/2025\/10\/www0007-1024x441.jpg\" alt=\"\" class=\"wp-image-243\" srcset=\"https:\/\/miastogwiazd.pl\/wp-content\/uploads\/2025\/10\/www0007-1024x441.jpg 1024w, https:\/\/miastogwiazd.pl\/wp-content\/uploads\/2025\/10\/www0007-300x129.jpg 300w, https:\/\/miastogwiazd.pl\/wp-content\/uploads\/2025\/10\/www0007-768x331.jpg 768w, https:\/\/miastogwiazd.pl\/wp-content\/uploads\/2025\/10\/www0007-1536x662.jpg 1536w, https:\/\/miastogwiazd.pl\/wp-content\/uploads\/2025\/10\/www0007-2048x882.jpg 2048w\" sizes=\"auto, (max-width: 1024px) 100vw, 1024px\" \/><\/figure>\n\n\n\n<figure class=\"wp-block-image size-large\"><img loading=\"lazy\" decoding=\"async\" width=\"1024\" height=\"441\" src=\"https:\/\/miastogwiazd.pl\/wp-content\/uploads\/2025\/10\/www0008-1024x441.jpg\" alt=\"\" class=\"wp-image-245\" srcset=\"https:\/\/miastogwiazd.pl\/wp-content\/uploads\/2025\/10\/www0008-1024x441.jpg 1024w, https:\/\/miastogwiazd.pl\/wp-content\/uploads\/2025\/10\/www0008-300x129.jpg 300w, https:\/\/miastogwiazd.pl\/wp-content\/uploads\/2025\/10\/www0008-768x331.jpg 768w, https:\/\/miastogwiazd.pl\/wp-content\/uploads\/2025\/10\/www0008-1536x662.jpg 1536w, https:\/\/miastogwiazd.pl\/wp-content\/uploads\/2025\/10\/www0008-2048x882.jpg 2048w\" sizes=\"auto, (max-width: 1024px) 100vw, 1024px\" \/><\/figure>\n\n\n\n<p class=\"has-text-align-center has-luminous-vivid-orange-color has-text-color has-link-color has-medium-font-size wp-elements-213ce74dd0ae506caaafc4cc1a7fef17\">Laureat Artur Orzech <\/p>\n\n\n\n<p class=\"has-text-align-center has-small-font-size\">&#8211; dziennikarz muzyczny, konferansjer, muzyk, iranista<\/p>\n\n\n\n<p class=\"has-text-align-center has-small-font-size\">Gospodarz Krzysztof Jaworski \u2013 lider zespo\u0142u Harlem<\/p>\n\n\n\n<hr class=\"wp-block-separator has-alpha-channel-opacity\"\/>\n\n\n\n<figure class=\"wp-block-image size-large\"><img loading=\"lazy\" decoding=\"async\" width=\"1024\" height=\"441\" src=\"https:\/\/miastogwiazd.pl\/wp-content\/uploads\/2025\/10\/www008-1024x441.jpg\" alt=\"\" class=\"wp-image-238\" srcset=\"https:\/\/miastogwiazd.pl\/wp-content\/uploads\/2025\/10\/www008-1024x441.jpg 1024w, https:\/\/miastogwiazd.pl\/wp-content\/uploads\/2025\/10\/www008-300x129.jpg 300w, https:\/\/miastogwiazd.pl\/wp-content\/uploads\/2025\/10\/www008-768x331.jpg 768w, https:\/\/miastogwiazd.pl\/wp-content\/uploads\/2025\/10\/www008-1536x662.jpg 1536w, https:\/\/miastogwiazd.pl\/wp-content\/uploads\/2025\/10\/www008-2048x882.jpg 2048w\" sizes=\"auto, (max-width: 1024px) 100vw, 1024px\" \/><\/figure>\n\n\n\n<p class=\"has-text-align-center has-medium-font-size\"><strong>Godz. 17:20<\/strong><\/p>\n\n\n\n<p class=\"has-text-align-center has-small-font-size\"><strong>Debata (cz\u0119\u015b\u0107 I)<\/strong><\/p>\n\n\n\n<p class=\"has-text-align-center has-small-font-size\">Jednym z najwa\u017cniejszych punkt\u00f3w programu \u2013 tradycj\u0105 si\u0119gaj\u0105c\u0105 pierwszej edycji Festiwalu w 2009 roku \u2013 by\u0142a debata. Tegoroczna, pod no\u015bnym tytu\u0142em: <\/p>\n\n\n\n<p class=\"has-text-align-center has-vivid-green-cyan-color has-text-color has-link-color has-medium-font-size wp-elements-8da44b166ee2bcc9d8785fe0b8b3aba6\"><strong><em>Czy AI \u2013 sztuczna inteligencja \u2013 sta\u0142a si\u0119 zagro\u017ceniem dla kultury, czy to kolejny skok w rozwoju ludzko\u015bci i wsparcie samorz\u0105dowych instytucji?<\/em><\/strong>,<\/p>\n\n\n\n<p class=\"has-text-align-center has-small-font-size\">wzbudzi\u0142a wiele emocji. Prowadzili j\u0105 <strong>Jerzy Jankowski <\/strong>\u2013 poeta, publicysta, literat \u2013 oraz <strong>Robert Gonera<\/strong> \u2013 aktor, scenarzysta, Przewodnicz\u0105cy Kapitu\u0142y artSkrypt. <\/p>\n\n\n\n<p class=\"has-text-align-center has-small-font-size\">Go\u015b\u0107mi honorowymi byli laureaci nagrody artSkrypt:<strong> Grzegorz \u0141oszewski<\/strong> \u2013 scenarzysta, Prezes Stowarzyszenia Filmowc\u00f3w Polskich \u2013 oraz <strong>Feliks Falk<\/strong> \u2013 re\u017cyser i scenarzysta, laureat artSkrypt 2025.<\/p>\n\n\n\n<p class=\"has-text-align-center has-small-font-size\">W debacie uczestniczyli eksperci i zaproszeni go\u015bcie:<br>\u2022 Adam Lemiesz \u2013 Zast\u0119pca Prezydenta Miasta \u017byrardowa<br>\u2022 \u0141ukasz Koperski \u2013 Burmistrz Mszczonowa<br>\u2022 Daniel Kamil Janiak \u2013 Burmistrz Sochaczewa<br>\u2022 prof. Aleksander Ko\u015bci\u00f3w \u2013 Uniwersytet Muzyczny Fryderyka Chopina<br>\u2022 prof. Artur Krajewski \u2013 Akademia Sztuk Pi\u0119knych w Warszawie<br>\u2022 prof. Daniel Sobota \u2013 Polska Akademia Nauk<br>\u2022 dr hab. Pawe\u0142 Marek Poszytek \u2013 filolog, kompozytor, lider i gitarzysta zespo\u0142u Navi<br>\u2022 dr hab. Robert Manowski \u2013 Prezydent Wy\u017cszej Szko\u0142y Artystycznej w Warszawie<br>\u2022 Marek Wawrzkiewicz \u2013 Prezes Zarz\u0105du G\u0142\u00f3wnego Zwi\u0105zku Literat\u00f3w Polskich<br>\u2022 Grzegorz Trochimczuk \u2013 Prezes Warszawskiego Oddzia\u0142u ZLP<br>\u2022 Andrzej Walter \u2013 Cz\u0142onek Zarz\u0105du G\u0142\u00f3wnego ZLP<br>\u2022 Micha\u0142 Komar \u2013 scenarzysta i krytyk filmowy, autor sztuk teatralnych, wydawca, publicysta, wiceprezes Stowarzyszenia Autor\u00f3w ZAiKS<br>\u2022 dr Beata Michalec \u2013 p.o. Dyrektora Muzeum Literatury<br>\u2022 S\u0142awomir Majcher \u2013 Dyrektor Muzeum Sportu i Turystyki w Warszawie<br>\u2022 Jaros\u0142aw Olszewski \u2013 Prezes Fundacji Work &amp; Science<br>\u2022 Beata Sznajder \u2013 cz\u0142onkini Zarz\u0105du Powiatu \u017byrardowskiego, Dyrektor Gminnego Centrum Informacji w Mszczonowie<\/p>\n\n\n\n<figure class=\"wp-block-image size-large\"><img loading=\"lazy\" decoding=\"async\" width=\"1024\" height=\"441\" src=\"https:\/\/miastogwiazd.pl\/wp-content\/uploads\/2025\/10\/www0010-1024x441.jpg\" alt=\"\" class=\"wp-image-252\" srcset=\"https:\/\/miastogwiazd.pl\/wp-content\/uploads\/2025\/10\/www0010-1024x441.jpg 1024w, https:\/\/miastogwiazd.pl\/wp-content\/uploads\/2025\/10\/www0010-300x129.jpg 300w, https:\/\/miastogwiazd.pl\/wp-content\/uploads\/2025\/10\/www0010-768x331.jpg 768w, https:\/\/miastogwiazd.pl\/wp-content\/uploads\/2025\/10\/www0010-1536x662.jpg 1536w, https:\/\/miastogwiazd.pl\/wp-content\/uploads\/2025\/10\/www0010-2048x882.jpg 2048w\" sizes=\"auto, (max-width: 1024px) 100vw, 1024px\" \/><\/figure>\n\n\n\n<figure class=\"wp-block-image size-large\"><img loading=\"lazy\" decoding=\"async\" width=\"1024\" height=\"441\" src=\"https:\/\/miastogwiazd.pl\/wp-content\/uploads\/2025\/10\/www0009-1024x441.jpg\" alt=\"\" class=\"wp-image-251\" srcset=\"https:\/\/miastogwiazd.pl\/wp-content\/uploads\/2025\/10\/www0009-1024x441.jpg 1024w, https:\/\/miastogwiazd.pl\/wp-content\/uploads\/2025\/10\/www0009-300x129.jpg 300w, https:\/\/miastogwiazd.pl\/wp-content\/uploads\/2025\/10\/www0009-768x331.jpg 768w, https:\/\/miastogwiazd.pl\/wp-content\/uploads\/2025\/10\/www0009-1536x662.jpg 1536w, https:\/\/miastogwiazd.pl\/wp-content\/uploads\/2025\/10\/www0009-2048x882.jpg 2048w\" sizes=\"auto, (max-width: 1024px) 100vw, 1024px\" \/><\/figure>\n\n\n\n<figure class=\"wp-block-image size-large\"><img loading=\"lazy\" decoding=\"async\" width=\"1024\" height=\"441\" src=\"https:\/\/miastogwiazd.pl\/wp-content\/uploads\/2025\/10\/www0005-1024x441.jpg\" alt=\"\" class=\"wp-image-249\" srcset=\"https:\/\/miastogwiazd.pl\/wp-content\/uploads\/2025\/10\/www0005-1024x441.jpg 1024w, https:\/\/miastogwiazd.pl\/wp-content\/uploads\/2025\/10\/www0005-300x129.jpg 300w, https:\/\/miastogwiazd.pl\/wp-content\/uploads\/2025\/10\/www0005-768x331.jpg 768w, https:\/\/miastogwiazd.pl\/wp-content\/uploads\/2025\/10\/www0005-1536x662.jpg 1536w, https:\/\/miastogwiazd.pl\/wp-content\/uploads\/2025\/10\/www0005-2048x882.jpg 2048w\" sizes=\"auto, (max-width: 1024px) 100vw, 1024px\" \/><\/figure>\n\n\n\n<figure class=\"wp-block-image size-large\"><img loading=\"lazy\" decoding=\"async\" width=\"1024\" height=\"441\" src=\"https:\/\/miastogwiazd.pl\/wp-content\/uploads\/2025\/10\/www0004-1024x441.jpg\" alt=\"\" class=\"wp-image-248\" srcset=\"https:\/\/miastogwiazd.pl\/wp-content\/uploads\/2025\/10\/www0004-1024x441.jpg 1024w, https:\/\/miastogwiazd.pl\/wp-content\/uploads\/2025\/10\/www0004-300x129.jpg 300w, https:\/\/miastogwiazd.pl\/wp-content\/uploads\/2025\/10\/www0004-768x331.jpg 768w, https:\/\/miastogwiazd.pl\/wp-content\/uploads\/2025\/10\/www0004-1536x662.jpg 1536w, https:\/\/miastogwiazd.pl\/wp-content\/uploads\/2025\/10\/www0004-2048x882.jpg 2048w\" sizes=\"auto, (max-width: 1024px) 100vw, 1024px\" \/><\/figure>\n\n\n\n<figure class=\"wp-block-image size-large\"><img loading=\"lazy\" decoding=\"async\" width=\"1024\" height=\"441\" src=\"https:\/\/miastogwiazd.pl\/wp-content\/uploads\/2025\/10\/www0003-1024x441.jpg\" alt=\"\" class=\"wp-image-247\" srcset=\"https:\/\/miastogwiazd.pl\/wp-content\/uploads\/2025\/10\/www0003-1024x441.jpg 1024w, https:\/\/miastogwiazd.pl\/wp-content\/uploads\/2025\/10\/www0003-300x129.jpg 300w, https:\/\/miastogwiazd.pl\/wp-content\/uploads\/2025\/10\/www0003-768x331.jpg 768w, https:\/\/miastogwiazd.pl\/wp-content\/uploads\/2025\/10\/www0003-1536x662.jpg 1536w, https:\/\/miastogwiazd.pl\/wp-content\/uploads\/2025\/10\/www0003-2048x882.jpg 2048w\" sizes=\"auto, (max-width: 1024px) 100vw, 1024px\" \/><\/figure>\n\n\n\n<figure class=\"wp-block-image size-large\"><img loading=\"lazy\" decoding=\"async\" width=\"1024\" height=\"441\" src=\"https:\/\/miastogwiazd.pl\/wp-content\/uploads\/2025\/10\/www0002-1024x441.jpg\" alt=\"\" class=\"wp-image-246\" srcset=\"https:\/\/miastogwiazd.pl\/wp-content\/uploads\/2025\/10\/www0002-1024x441.jpg 1024w, https:\/\/miastogwiazd.pl\/wp-content\/uploads\/2025\/10\/www0002-300x129.jpg 300w, https:\/\/miastogwiazd.pl\/wp-content\/uploads\/2025\/10\/www0002-768x331.jpg 768w, https:\/\/miastogwiazd.pl\/wp-content\/uploads\/2025\/10\/www0002-1536x662.jpg 1536w, https:\/\/miastogwiazd.pl\/wp-content\/uploads\/2025\/10\/www0002-2048x882.jpg 2048w\" sizes=\"auto, (max-width: 1024px) 100vw, 1024px\" \/><\/figure>\n\n\n\n<figure class=\"wp-block-image size-large\"><img loading=\"lazy\" decoding=\"async\" width=\"1024\" height=\"441\" src=\"https:\/\/miastogwiazd.pl\/wp-content\/uploads\/2025\/10\/www007-1-1024x441.jpg\" alt=\"\" class=\"wp-image-237\" srcset=\"https:\/\/miastogwiazd.pl\/wp-content\/uploads\/2025\/10\/www007-1-1024x441.jpg 1024w, https:\/\/miastogwiazd.pl\/wp-content\/uploads\/2025\/10\/www007-1-300x129.jpg 300w, https:\/\/miastogwiazd.pl\/wp-content\/uploads\/2025\/10\/www007-1-768x331.jpg 768w, https:\/\/miastogwiazd.pl\/wp-content\/uploads\/2025\/10\/www007-1-1536x662.jpg 1536w, https:\/\/miastogwiazd.pl\/wp-content\/uploads\/2025\/10\/www007-1-2048x882.jpg 2048w\" sizes=\"auto, (max-width: 1024px) 100vw, 1024px\" \/><\/figure>\n\n\n\n<hr class=\"wp-block-separator has-alpha-channel-opacity\"\/>\n\n\n\n<p class=\"has-text-align-center has-white-color has-vivid-red-background-color has-text-color has-background has-link-color has-medium-font-size wp-elements-c05279ba8a26f63772e43c10eba8dc1d\"><strong>Godz. 20:00<\/strong><br><strong>Gala artSkrypt 2025<\/strong><\/p>\n\n\n\n<p class=\"has-text-align-center has-vivid-red-color has-text-color has-link-color wp-elements-1e73785d16be2e45fc6b8adb9cb4fbb7\"><strong>Laureat<\/strong> <strong>Feliks Falk<\/strong><\/p>\n\n\n\n<figure class=\"wp-block-image size-large\"><img loading=\"lazy\" decoding=\"async\" width=\"1024\" height=\"441\" src=\"https:\/\/miastogwiazd.pl\/wp-content\/uploads\/2025\/10\/www003-1024x441.jpg\" alt=\"\" class=\"wp-image-230\" srcset=\"https:\/\/miastogwiazd.pl\/wp-content\/uploads\/2025\/10\/www003-1024x441.jpg 1024w, https:\/\/miastogwiazd.pl\/wp-content\/uploads\/2025\/10\/www003-300x129.jpg 300w, https:\/\/miastogwiazd.pl\/wp-content\/uploads\/2025\/10\/www003-768x331.jpg 768w, https:\/\/miastogwiazd.pl\/wp-content\/uploads\/2025\/10\/www003-1536x662.jpg 1536w, https:\/\/miastogwiazd.pl\/wp-content\/uploads\/2025\/10\/www003-2048x882.jpg 2048w\" sizes=\"auto, (max-width: 1024px) 100vw, 1024px\" \/><\/figure>\n\n\n\n<figure class=\"wp-block-image size-large\"><img loading=\"lazy\" decoding=\"async\" width=\"1024\" height=\"441\" src=\"https:\/\/miastogwiazd.pl\/wp-content\/uploads\/2025\/10\/www004-1024x441.jpg\" alt=\"\" class=\"wp-image-231\" srcset=\"https:\/\/miastogwiazd.pl\/wp-content\/uploads\/2025\/10\/www004-1024x441.jpg 1024w, https:\/\/miastogwiazd.pl\/wp-content\/uploads\/2025\/10\/www004-300x129.jpg 300w, https:\/\/miastogwiazd.pl\/wp-content\/uploads\/2025\/10\/www004-768x331.jpg 768w, https:\/\/miastogwiazd.pl\/wp-content\/uploads\/2025\/10\/www004-1536x662.jpg 1536w, https:\/\/miastogwiazd.pl\/wp-content\/uploads\/2025\/10\/www004-2048x882.jpg 2048w\" sizes=\"auto, (max-width: 1024px) 100vw, 1024px\" \/><\/figure>\n\n\n\n<figure class=\"wp-block-image size-large\"><img loading=\"lazy\" decoding=\"async\" width=\"1024\" height=\"441\" src=\"https:\/\/miastogwiazd.pl\/wp-content\/uploads\/2025\/10\/www005-1024x441.jpg\" alt=\"\" class=\"wp-image-232\" srcset=\"https:\/\/miastogwiazd.pl\/wp-content\/uploads\/2025\/10\/www005-1024x441.jpg 1024w, https:\/\/miastogwiazd.pl\/wp-content\/uploads\/2025\/10\/www005-300x129.jpg 300w, https:\/\/miastogwiazd.pl\/wp-content\/uploads\/2025\/10\/www005-768x331.jpg 768w, https:\/\/miastogwiazd.pl\/wp-content\/uploads\/2025\/10\/www005-1536x662.jpg 1536w, https:\/\/miastogwiazd.pl\/wp-content\/uploads\/2025\/10\/www005-2048x882.jpg 2048w\" sizes=\"auto, (max-width: 1024px) 100vw, 1024px\" \/><\/figure>\n\n\n\n<figure class=\"wp-block-image size-large\"><img loading=\"lazy\" decoding=\"async\" width=\"1024\" height=\"441\" src=\"https:\/\/miastogwiazd.pl\/wp-content\/uploads\/2025\/10\/www006-1024x441.jpg\" alt=\"\" class=\"wp-image-234\" srcset=\"https:\/\/miastogwiazd.pl\/wp-content\/uploads\/2025\/10\/www006-1024x441.jpg 1024w, https:\/\/miastogwiazd.pl\/wp-content\/uploads\/2025\/10\/www006-300x129.jpg 300w, https:\/\/miastogwiazd.pl\/wp-content\/uploads\/2025\/10\/www006-768x331.jpg 768w, https:\/\/miastogwiazd.pl\/wp-content\/uploads\/2025\/10\/www006-1536x662.jpg 1536w, https:\/\/miastogwiazd.pl\/wp-content\/uploads\/2025\/10\/www006-2048x882.jpg 2048w\" sizes=\"auto, (max-width: 1024px) 100vw, 1024px\" \/><\/figure>\n\n\n\n<p class=\"has-text-align-center has-small-font-size\"><strong>Gal\u0119 artSkrypt 2025<\/strong> poprowadzili przewodnicz\u0105cy kapitu\u0142y <strong>Robert Gonera<\/strong> oraz <strong>Grzegorz \u0141oszewski<\/strong> \u2013 Prezes Stowarzyszenia Filmowc\u00f3w Polskich, kt\u00f3ry wyg\u0142osi\u0142 laudacj\u0119. Wr\u0119czenia nagrody dokonali Zast\u0119pca Prezydenta Miasta \u017byrardowa <strong>Adam Lemiesz<\/strong> wraz z <strong>Mart\u0105 Ewa Olbry\u015b<\/strong> \u2013 Prezes Fundacji artHolding, organizatork\u0105 Festiwalu Miasto Gwiazd.<\/p>\n\n\n\n<hr class=\"wp-block-separator has-alpha-channel-opacity\"\/>\n\n\n\n<figure class=\"wp-block-image size-large\"><img loading=\"lazy\" decoding=\"async\" width=\"1024\" height=\"441\" src=\"https:\/\/miastogwiazd.pl\/wp-content\/uploads\/2025\/10\/www002-1-1024x441.jpg\" alt=\"\" class=\"wp-image-228\" srcset=\"https:\/\/miastogwiazd.pl\/wp-content\/uploads\/2025\/10\/www002-1-1024x441.jpg 1024w, https:\/\/miastogwiazd.pl\/wp-content\/uploads\/2025\/10\/www002-1-300x129.jpg 300w, https:\/\/miastogwiazd.pl\/wp-content\/uploads\/2025\/10\/www002-1-768x331.jpg 768w, https:\/\/miastogwiazd.pl\/wp-content\/uploads\/2025\/10\/www002-1-1536x662.jpg 1536w, https:\/\/miastogwiazd.pl\/wp-content\/uploads\/2025\/10\/www002-1-2048x882.jpg 2048w\" sizes=\"auto, (max-width: 1024px) 100vw, 1024px\" \/><\/figure>\n\n\n\n<p class=\"has-text-align-center has-medium-font-size\"><strong>Godz. 20:15<\/strong><\/p>\n\n\n\n<p class=\"has-text-align-center has-small-font-size\"><strong>Spektakl: <\/strong><em>Z\u0142a Matka<\/em><\/p>\n\n\n\n<p class=\"has-text-align-center has-small-font-size\">O godzinie 20:15 widzowie FMG mieli okazj\u0119 obejrze\u0107 spektakl \u201eZ\u0142a Matka\u201d w re\u017cyserii <strong>Karoliny Porcari<\/strong>. W sztuce wyst\u0105pi\u0142y <strong>Ma\u0142gorzata Bogda\u0144ska<\/strong> i <strong>Karolina Porcari <\/strong>przy muzyce na \u017cywo <strong>Daniela Pigo\u0144skiego<\/strong>. Choreografi\u0119 przygotowa\u0142a<strong> Izabela Chlewi\u0144ska<\/strong>.<\/p>\n\n\n\n<p><\/p>\n\n\n\n<p class=\"has-text-align-center has-white-color has-vivid-green-cyan-background-color has-text-color has-background has-link-color has-medium-font-size wp-elements-b8f4d0ac24ad054874a32451a2adc702\">SOBOTA, 20 wrze\u015bnia<\/p>\n\n\n\n<p class=\"has-text-align-center has-medium-font-size\"><strong>\u017byrard\u00f3w \u2013 Centrum Kultury, pl. Jana Paw\u0142a II<\/strong><\/p>\n\n\n\n<p class=\"has-text-align-center has-medium-font-size\"><strong>Godz. 15:00<\/strong><br><strong>Otwarcie Interdyscyplinarnego Festiwalu Sztuk M{i}aSTO\/a Gwiazd 2025<\/strong><\/p>\n\n\n\n<figure class=\"wp-block-image size-large\"><img loading=\"lazy\" decoding=\"async\" width=\"1024\" height=\"441\" src=\"https:\/\/miastogwiazd.pl\/wp-content\/uploads\/2025\/10\/www0001-1-1024x441.jpg\" alt=\"\" class=\"wp-image-254\" srcset=\"https:\/\/miastogwiazd.pl\/wp-content\/uploads\/2025\/10\/www0001-1-1024x441.jpg 1024w, https:\/\/miastogwiazd.pl\/wp-content\/uploads\/2025\/10\/www0001-1-300x129.jpg 300w, https:\/\/miastogwiazd.pl\/wp-content\/uploads\/2025\/10\/www0001-1-768x331.jpg 768w, https:\/\/miastogwiazd.pl\/wp-content\/uploads\/2025\/10\/www0001-1-1536x662.jpg 1536w, https:\/\/miastogwiazd.pl\/wp-content\/uploads\/2025\/10\/www0001-1-2048x882.jpg 2048w\" sizes=\"auto, (max-width: 1024px) 100vw, 1024px\" \/><\/figure>\n\n\n\n<p class=\"has-text-align-center has-small-font-size\"><strong>Otwarcie i prowadzenie sceny podczas sobotniego, bardzo intensywnego dnia powierzono aktorom znanym i lubianym z serialowych (i nie tylko) r\u00f3l.<\/strong><br>Nasz sobotni program zosta\u0142 poprowadzony w prawdziwie aktorskim stylu przez dw\u00f3jk\u0119 znakomitych gospodarzy \u2013<strong> Ma\u0142gorzat\u0119 Lewi\u0144sk\u0105<\/strong> i <strong>Zbigniewa Koz\u0142owskiego<\/strong>, dobrze znanych widzom zar\u00f3wno z ekranu telewizyjnego, jak i filmowego.<\/p>\n\n\n\n<p class=\"has-text-align-center has-small-font-size\"><strong>Ma\u0142gorzata Lewi\u0144ska<\/strong> to prawdziwa przyjaci\u00f3\u0142ka Festiwalu Miasto Gwiazd \u2013 z nami od samego pocz\u0105tku. W 2009 roku wyst\u0105pi\u0142a na pierwszej edycji jako go\u015b\u0107, a od tamtej pory regularnie wsp\u00f3\u0142tworzy nasz\u0105 festiwalow\u0105 histori\u0119, pojawiaj\u0105c si\u0119 co roku w r\u00f3\u017cnych, wyj\u0105tkowych rolach.<\/p>\n\n\n\n<hr class=\"wp-block-separator has-alpha-channel-opacity\"\/>\n\n\n\n<p class=\"has-text-align-center has-white-color has-luminous-vivid-orange-background-color has-text-color has-background has-link-color has-medium-font-size wp-elements-f3dcb3dfb0cbac5c0a22883112e23539\"><strong>M{i}aSTO Dzieci i M\u0142odzie\u017cy<br>Gala art\u017byrafki 2025<\/strong><\/p>\n\n\n\n<figure class=\"wp-block-image size-large\"><img loading=\"lazy\" decoding=\"async\" width=\"1024\" height=\"441\" src=\"https:\/\/miastogwiazd.pl\/wp-content\/uploads\/2025\/10\/www0002-1-1024x441.jpg\" alt=\"\" class=\"wp-image-256\" srcset=\"https:\/\/miastogwiazd.pl\/wp-content\/uploads\/2025\/10\/www0002-1-1024x441.jpg 1024w, https:\/\/miastogwiazd.pl\/wp-content\/uploads\/2025\/10\/www0002-1-300x129.jpg 300w, https:\/\/miastogwiazd.pl\/wp-content\/uploads\/2025\/10\/www0002-1-768x331.jpg 768w, https:\/\/miastogwiazd.pl\/wp-content\/uploads\/2025\/10\/www0002-1-1536x662.jpg 1536w, https:\/\/miastogwiazd.pl\/wp-content\/uploads\/2025\/10\/www0002-1-2048x882.jpg 2048w\" sizes=\"auto, (max-width: 1024px) 100vw, 1024px\" \/><\/figure>\n\n\n\n<p class=\"has-text-align-center has-luminous-vivid-orange-color has-text-color has-link-color has-medium-font-size wp-elements-b444859dab5605083d1264dc1c2d40ca\"><strong>Laureatka Natalia Fijewska-Zdanowska <\/strong><\/p>\n\n\n\n<p class=\"has-text-align-center has-small-font-size\">Kolejna festiwalowa statuetka \u2013 <strong>Z\u0142ota \u017byRafka 2025<\/strong> \u2013 pow\u0119drowa\u0142a do r\u0105k <strong>Natalii Fijewskiej-Zdanowskiej<\/strong> \u2013 re\u017cyserki, dramatopisarki, pedago\u017cki i tw\u00f3rczyni niezale\u017cnego Teatru M\u0141YN.<\/p>\n\n\n\n<p class=\"has-text-align-center has-small-font-size\">Spotkanie z laureatk\u0105 poprowadzi\u0142y: <strong>Marta Ewa Olbry\u015b<\/strong> \u2013 animatorka kultury i kuratorka oraz <strong>Agnieszka Szyma\u0144ska-Kierlandczyk<\/strong>, przewodnicz\u0105ca kapitu\u0142y. Wzruszaj\u0105cego momentu wr\u0119czenia nagrody dokona\u0142y\u2026 najm\u0142odsze uczestniczki festiwalu &#8211; dzieci\u0119cy <strong>zesp\u00f3\u0142 MASHART<\/strong>!<\/p>\n\n\n\n<h3 class=\"wp-block-heading has-small-font-size\">Kim jest Natalia Fijewska-Zdanowska?<br>Urodzona w 1981 roku, absolwentka filozofii Uniwersytetu Warszawskiego, re\u017cyserka, dramatopisarka, instruktorka teatralna i mentorka. Od 2007 roku prowadzi <strong>Fundacj\u0119 Artystyczn\u0105 M\u0141YN<\/strong>, w ramach kt\u00f3rej przez 15 lat (2008\u20132022) tworzy\u0142a i zarz\u0105dza\u0142a repertuarow\u0105, niezale\u017cn\u0105 scen\u0105 <strong>Teatru M\u0141YN<\/strong> na warszawskiej Star\u00f3wce.<\/h3>\n\n\n\n<p class=\"has-small-font-size\">Jest autork\u0105 i re\u017cyserk\u0105 ponad 20 sztuk teatralnych i kilkunastu s\u0142uchowisk, tw\u00f3rczyni\u0105 oko\u0142o 200 tekst\u00f3w piosenek, a tak\u017ce licznych projekt\u00f3w edukacyjno-artystycznych dla dzieci, m\u0142odzie\u017cy i doros\u0142ych.<\/p>\n\n\n\n<p class=\"has-small-font-size\">Jej spektakle wystawiane by\u0142y m.in. w:<br>\u2022 Teatrze Polskim<br>\u2022 Teatrze Ochoty<br>\u2022 Teatrze Powszechnym<br>\u2022 Teatrze Rampa<\/p>\n\n\n\n<p class=\"has-small-font-size\">Wsp\u00f3\u0142pracowa\u0142a z wieloma uznanymi aktorami, takimi jak: <strong>Paulina Holtz, Joanna \u017b\u00f3\u0142kowska, Jaros\u0142aw Boberek, Krzysztof Kiersznowski, S\u0142awomir Pacek, Marianna Kowalewska, Jerzy Schejbal<\/strong> i inni. Jest r\u00f3wnie\u017c autork\u0105 popularnego cyklu s\u0142uchowisk dla dzieci <strong>\u201eCzy\u015bciochowo\u201d<\/strong> realizowanego dla firmy Rossmann, a jej sztuki by\u0142y publikowane m.in. w <strong>\u201eDialogu\u201d<\/strong> i realizowane przez <strong>Teatr Polskiego Radia<\/strong>.<\/p>\n\n\n\n<h3 class=\"wp-block-heading has-small-font-size\">Stypendia i nagrody:<br>\u2022 Stypendystka MKiDN (2007, 2020)<br>\u2022 Stypendium PISF (2014)<br>\u2022 Stypendium Miasta Warszawy (2020)<br>\u2022 Stypendystka ZAiKS (2022, 2025)<\/h3>\n\n\n\n<figure class=\"wp-block-image size-large\"><img loading=\"lazy\" decoding=\"async\" width=\"1024\" height=\"441\" src=\"https:\/\/miastogwiazd.pl\/wp-content\/uploads\/2025\/10\/www0004-1-1024x441.jpg\" alt=\"\" class=\"wp-image-258\" srcset=\"https:\/\/miastogwiazd.pl\/wp-content\/uploads\/2025\/10\/www0004-1-1024x441.jpg 1024w, https:\/\/miastogwiazd.pl\/wp-content\/uploads\/2025\/10\/www0004-1-300x129.jpg 300w, https:\/\/miastogwiazd.pl\/wp-content\/uploads\/2025\/10\/www0004-1-768x331.jpg 768w, https:\/\/miastogwiazd.pl\/wp-content\/uploads\/2025\/10\/www0004-1-1536x662.jpg 1536w, https:\/\/miastogwiazd.pl\/wp-content\/uploads\/2025\/10\/www0004-1-2048x882.jpg 2048w\" sizes=\"auto, (max-width: 1024px) 100vw, 1024px\" \/><\/figure>\n\n\n\n<figure class=\"wp-block-image size-large\"><img loading=\"lazy\" decoding=\"async\" width=\"1024\" height=\"441\" src=\"https:\/\/miastogwiazd.pl\/wp-content\/uploads\/2025\/10\/www0003-1-1024x441.jpg\" alt=\"\" class=\"wp-image-257\" srcset=\"https:\/\/miastogwiazd.pl\/wp-content\/uploads\/2025\/10\/www0003-1-1024x441.jpg 1024w, https:\/\/miastogwiazd.pl\/wp-content\/uploads\/2025\/10\/www0003-1-300x129.jpg 300w, https:\/\/miastogwiazd.pl\/wp-content\/uploads\/2025\/10\/www0003-1-768x331.jpg 768w, https:\/\/miastogwiazd.pl\/wp-content\/uploads\/2025\/10\/www0003-1-1536x662.jpg 1536w, https:\/\/miastogwiazd.pl\/wp-content\/uploads\/2025\/10\/www0003-1-2048x882.jpg 2048w\" sizes=\"auto, (max-width: 1024px) 100vw, 1024px\" \/><\/figure>\n\n\n\n<figure class=\"wp-block-image size-large\"><img loading=\"lazy\" decoding=\"async\" width=\"1024\" height=\"441\" src=\"https:\/\/miastogwiazd.pl\/wp-content\/uploads\/2025\/10\/www0005-1-1024x441.jpg\" alt=\"\" class=\"wp-image-259\" srcset=\"https:\/\/miastogwiazd.pl\/wp-content\/uploads\/2025\/10\/www0005-1-1024x441.jpg 1024w, https:\/\/miastogwiazd.pl\/wp-content\/uploads\/2025\/10\/www0005-1-300x129.jpg 300w, https:\/\/miastogwiazd.pl\/wp-content\/uploads\/2025\/10\/www0005-1-768x331.jpg 768w, https:\/\/miastogwiazd.pl\/wp-content\/uploads\/2025\/10\/www0005-1-1536x662.jpg 1536w, https:\/\/miastogwiazd.pl\/wp-content\/uploads\/2025\/10\/www0005-1-2048x882.jpg 2048w\" sizes=\"auto, (max-width: 1024px) 100vw, 1024px\" \/><\/figure>\n\n\n\n<hr class=\"wp-block-separator has-alpha-channel-opacity\"\/>\n\n\n\n<p class=\"has-text-align-center has-medium-font-size\"><strong>Godz. 15:30<\/strong><\/p>\n\n\n\n<figure class=\"wp-block-image size-large\"><img loading=\"lazy\" decoding=\"async\" width=\"1024\" height=\"441\" src=\"https:\/\/miastogwiazd.pl\/wp-content\/uploads\/2025\/10\/www0009-2-1024x441.jpg\" alt=\"\" class=\"wp-image-274\" srcset=\"https:\/\/miastogwiazd.pl\/wp-content\/uploads\/2025\/10\/www0009-2-1024x441.jpg 1024w, https:\/\/miastogwiazd.pl\/wp-content\/uploads\/2025\/10\/www0009-2-300x129.jpg 300w, https:\/\/miastogwiazd.pl\/wp-content\/uploads\/2025\/10\/www0009-2-768x331.jpg 768w, https:\/\/miastogwiazd.pl\/wp-content\/uploads\/2025\/10\/www0009-2-1536x662.jpg 1536w, https:\/\/miastogwiazd.pl\/wp-content\/uploads\/2025\/10\/www0009-2-2048x882.jpg 2048w\" sizes=\"auto, (max-width: 1024px) 100vw, 1024px\" \/><\/figure>\n\n\n\n<p class=\"has-text-align-center has-small-font-size\"><strong>Zesp\u00f3\u0142 KJUD\u017bU z Pracowni Muzycznej<\/strong><br>Od lat wielu pasjonat\u00f3w i przyjaci\u00f3\u0142 naszego Festiwalu towarzyszy nam i wspiera nas, tym razem przedstawiamy zesp\u00f3\u0142, kt\u00f3ry pod czujnym okiem animatorki i instruktorki muzycznej, a zarazem multiinstrumentalistki <strong>Agnieszki Zieli\u0144skiej<\/strong> z Pracowni Muzycznej MDK \u0141azienkowska, zaprezentowa\u0142 si\u0119 w sk\u0142adzie:<strong> Lilia K\u0142osi\u0144ska<\/strong> (wokal), <strong>Agnieszka Kwestarz<\/strong> (gitara akustyczna), <strong>Kinga Sitarek<\/strong> (gitara akustyczna), <strong>Aleksander Franczyk<\/strong> (gitara akustyczna), <strong>Tymon Pugacewicz<\/strong> (gitara elektryczna, tym razem perkusja:)), a go\u015bcinnie wspar\u0142 ich na gitarze basowej legendarny <strong>Wojtek Ruci\u0144ski<\/strong>, oj, dzia\u0142o si\u0119!<\/p>\n\n\n\n<figure class=\"wp-block-image size-large\"><img loading=\"lazy\" decoding=\"async\" width=\"1024\" height=\"441\" src=\"https:\/\/miastogwiazd.pl\/wp-content\/uploads\/2025\/10\/www0010-2-1024x441.jpg\" alt=\"\" class=\"wp-image-275\" srcset=\"https:\/\/miastogwiazd.pl\/wp-content\/uploads\/2025\/10\/www0010-2-1024x441.jpg 1024w, https:\/\/miastogwiazd.pl\/wp-content\/uploads\/2025\/10\/www0010-2-300x129.jpg 300w, https:\/\/miastogwiazd.pl\/wp-content\/uploads\/2025\/10\/www0010-2-768x331.jpg 768w, https:\/\/miastogwiazd.pl\/wp-content\/uploads\/2025\/10\/www0010-2-1536x662.jpg 1536w, https:\/\/miastogwiazd.pl\/wp-content\/uploads\/2025\/10\/www0010-2-2048x882.jpg 2048w\" sizes=\"auto, (max-width: 1024px) 100vw, 1024px\" \/><\/figure>\n\n\n\n<hr class=\"wp-block-separator has-alpha-channel-opacity\"\/>\n\n\n\n<p class=\"has-text-align-center has-white-color has-luminous-vivid-orange-background-color has-text-color has-background has-link-color has-medium-font-size wp-elements-f4d90ad7dd0d323da892c3d5075b1661\"><strong>Godz. 15:50<br>Gala SzuperART 2025<\/strong><\/p>\n\n\n\n<figure class=\"wp-block-image size-large\"><img loading=\"lazy\" decoding=\"async\" width=\"1024\" height=\"441\" src=\"https:\/\/miastogwiazd.pl\/wp-content\/uploads\/2025\/10\/www0006-3-1024x441.jpg\" alt=\"\" class=\"wp-image-262\" srcset=\"https:\/\/miastogwiazd.pl\/wp-content\/uploads\/2025\/10\/www0006-3-1024x441.jpg 1024w, https:\/\/miastogwiazd.pl\/wp-content\/uploads\/2025\/10\/www0006-3-300x129.jpg 300w, https:\/\/miastogwiazd.pl\/wp-content\/uploads\/2025\/10\/www0006-3-768x331.jpg 768w, https:\/\/miastogwiazd.pl\/wp-content\/uploads\/2025\/10\/www0006-3-1536x662.jpg 1536w, https:\/\/miastogwiazd.pl\/wp-content\/uploads\/2025\/10\/www0006-3-2048x882.jpg 2048w\" sizes=\"auto, (max-width: 1024px) 100vw, 1024px\" \/><\/figure>\n\n\n\n<p class=\"has-text-align-center has-luminous-vivid-orange-color has-text-color has-link-color has-medium-font-size wp-elements-d42a3565e17d2ae57ac982976c1be79a\"><strong>Laureat Henryk Cebula <\/strong><\/p>\n\n\n\n<p class=\"has-text-align-center has-small-font-size\">Mieli\u015bmy zaszczyt wr\u0119czy\u0107 medal <strong>SzuperART 2025<\/strong> rysownikowi, nauczycielowi i animatorowi \u015brodowiska rysownik\u00f3w prasowych oraz karykatury \u2013 legendzie tzw. satyrycznej pras\u00f3wki \u2013<strong> Henrykowi Cebuli<\/strong>. To wieloletni cz\u0142onek SPAK i przyjaciel najwi\u0119kszych \u201edinozaur\u00f3w ci\u0119tego o\u0142\u00f3wka\u201d.<\/p>\n\n\n\n<p class=\"has-text-align-center has-small-font-size\">Przewodnicz\u0105cym kapitu\u0142y jest inny rysownik i nasz przyjaciel \u2013 <strong>Grzegorz Misiak<\/strong>, a wr\u0119czenia dokona\u0142 <strong>Artur Krajewski<\/strong>.<\/p>\n\n\n\n<figure class=\"wp-block-image size-large\"><img loading=\"lazy\" decoding=\"async\" width=\"1024\" height=\"441\" src=\"https:\/\/miastogwiazd.pl\/wp-content\/uploads\/2025\/10\/www0007-1-1024x441.jpg\" alt=\"\" class=\"wp-image-263\" srcset=\"https:\/\/miastogwiazd.pl\/wp-content\/uploads\/2025\/10\/www0007-1-1024x441.jpg 1024w, https:\/\/miastogwiazd.pl\/wp-content\/uploads\/2025\/10\/www0007-1-300x129.jpg 300w, https:\/\/miastogwiazd.pl\/wp-content\/uploads\/2025\/10\/www0007-1-768x331.jpg 768w, https:\/\/miastogwiazd.pl\/wp-content\/uploads\/2025\/10\/www0007-1-1536x662.jpg 1536w, https:\/\/miastogwiazd.pl\/wp-content\/uploads\/2025\/10\/www0007-1-2048x882.jpg 2048w\" sizes=\"auto, (max-width: 1024px) 100vw, 1024px\" \/><\/figure>\n\n\n\n<hr class=\"wp-block-separator has-alpha-channel-opacity\"\/>\n\n\n\n<p class=\"has-text-align-center has-medium-font-size\"><strong>Godz. 16:10<\/strong><br><strong>Artystyczne projekty modowe<\/strong><\/p>\n\n\n\n<p class=\"has-text-align-center has-small-font-size\"><strong>Wiktoria Mirosz <\/strong><strong>\u2013 absolwentka Wy\u017cszej Szko\u0142y Artystycznej w Warszawie (rocznik 2025)<\/strong><\/p>\n\n\n\n<p class=\"has-text-align-center has-small-font-size\"><strong>Kolekcja dyplomowa kostium\u00f3w i masek:<\/strong><br><em>SURREALISTYCZNE MOTYWY TW\u00d3RCZE I SZTUKA MASEK JAKO MANIFESTACJA POD\u015aWIADOMO\u015aCI<\/em><\/p>\n\n\n\n<p class=\"has-text-align-center has-small-font-size\"><strong>+ projekcja filmu (aneks do dyplomu):<\/strong><br><em>Obskura<\/em><\/p>\n\n\n\n<p class=\"has-text-align-center has-small-font-size\"><strong>Prace powsta\u0142y pod kierunkiem:<\/strong><br><strong>\u2022<\/strong> <strong>prof. Andrzeja Macieja \u0141ubowskiego<\/strong> \u2013 kolekcja kostium\u00f3w i masek (praca praktyczna)<br><strong>\u2022<\/strong> <strong>dr hab. Romualda Wo\u017aniaka<\/strong> \u2013 film <em>Obskura<\/em> (aneks dyplomowy)<\/p>\n\n\n\n<p class=\"has-text-align-center has-small-font-size\"><strong>Wy\u017csza Szko\u0142a Artystyczna w Warszawie<\/strong> to uczelnia niepubliczna oferuj\u0105ca studia licencjackie na kierunku <em>Charakteryzacja i Kostiumografia<\/em>, kt\u00f3ry \u0142\u0105czy sztuk\u0119 charakteryzacji z projektowaniem kostium\u00f3w.<\/p>\n\n\n\n<p class=\"has-text-align-center has-small-font-size\">Dzi\u0119ki unikatowej koncepcji kszta\u0142cenia, kierunek jest zorientowany na praktyczn\u0105 realizacj\u0119 wizualnego projektowania postaci dla filmu i teatru.<\/p>\n\n\n\n<p class=\"has-text-align-center has-small-font-size\">Cykl studi\u00f3w przygotowuje absolwent\u00f3w do pracy w zawodach:<br>\u2013 artysta-charakteryzator<br>\u2013 artysta-kostiumograf<\/p>\n\n\n\n<hr class=\"wp-block-separator has-alpha-channel-opacity\"\/>\n\n\n\n<p class=\"has-text-align-center has-medium-font-size\"><strong>Godz. 16:20<\/strong><\/p>\n\n\n\n<figure class=\"wp-block-image size-large\"><img loading=\"lazy\" decoding=\"async\" width=\"1024\" height=\"441\" src=\"https:\/\/miastogwiazd.pl\/wp-content\/uploads\/2025\/10\/www101-1024x441.jpg\" alt=\"\" class=\"wp-image-287\" srcset=\"https:\/\/miastogwiazd.pl\/wp-content\/uploads\/2025\/10\/www101-1024x441.jpg 1024w, https:\/\/miastogwiazd.pl\/wp-content\/uploads\/2025\/10\/www101-300x129.jpg 300w, https:\/\/miastogwiazd.pl\/wp-content\/uploads\/2025\/10\/www101-768x331.jpg 768w, https:\/\/miastogwiazd.pl\/wp-content\/uploads\/2025\/10\/www101.jpg 1497w\" sizes=\"auto, (max-width: 1024px) 100vw, 1024px\" \/><\/figure>\n\n\n\n<p class=\"has-text-align-center has-small-font-size\">Koncert:<br>Najsmutniejsza dziewczyna na \u015bwiecie \u2013<strong> Tribute to Amy Winehouse<\/strong><\/p>\n\n\n\n<p class=\"has-text-align-center has-small-font-size\"><strong>Wykonawcy:<\/strong><br>\u2022 Wokal: <strong>Izabela Bili\u0144ska<br><\/strong>\u2022 Perkusja: <strong>Jaros\u0142aw \u201eFidel\u201d Lange<br><\/strong>\u2022  Pianino:<strong> Rok Mulec<br><\/strong>\u2022 Gitara basowa: <strong>Kacper Lepieszka<br><\/strong>\u2022 Gitara elektryczna:<strong> Krzysztof Federowicz<\/strong><\/p>\n\n\n\n<hr class=\"wp-block-separator has-alpha-channel-opacity\"\/>\n\n\n\n<p class=\"has-text-align-center has-black-color has-pale-pink-background-color has-text-color has-background has-link-color has-medium-font-size wp-elements-69dea337b07bb9b571f096a200542fd3\"><strong>Godz. 17:10<br>Otwarcie Modowego Miasta Gwiazd 2025<\/strong><\/p>\n\n\n\n<hr class=\"wp-block-separator has-alpha-channel-opacity\"\/>\n\n\n\n<figure class=\"wp-block-image size-large\"><img loading=\"lazy\" decoding=\"async\" width=\"1024\" height=\"441\" src=\"https:\/\/miastogwiazd.pl\/wp-content\/uploads\/2025\/10\/www104-1024x441.jpg\" alt=\"\" class=\"wp-image-289\" srcset=\"https:\/\/miastogwiazd.pl\/wp-content\/uploads\/2025\/10\/www104-1024x441.jpg 1024w, https:\/\/miastogwiazd.pl\/wp-content\/uploads\/2025\/10\/www104-300x129.jpg 300w, https:\/\/miastogwiazd.pl\/wp-content\/uploads\/2025\/10\/www104-768x330.jpg 768w, https:\/\/miastogwiazd.pl\/wp-content\/uploads\/2025\/10\/www104.jpg 1497w\" sizes=\"auto, (max-width: 1024px) 100vw, 1024px\" \/><\/figure>\n\n\n\n<p class=\"has-text-align-center has-small-font-size\">Prowadzenie<strong> Emila Kleszczewska<\/strong><\/p>\n\n\n\n<p class=\"has-text-align-center has-small-font-size\">W sobot\u0119 otwarcie Modowego Miasta Gwiazd 2025 poprowadzi\u0142a <strong>Emilia Kleszczewska<\/strong> \u2013 modelka, dziennikarka, \u017co\u0142nierz Wojsk Obrony Terytorialnej, Miss Ziemi \u017byrardowskiej 2024 i p\u00f3\u0142finalistka konkursu Miss Polski. A jednocze\u015bnie nasza wolontariuszka \u2013 z u\u015bmiechem i artGracj\u0105 stworzy\u0142a klimat, kt\u00f3ry udzieli\u0142 si\u0119 wszystkim ogl\u0105daj\u0105cym\u2026<\/p>\n\n\n\n<figure class=\"wp-block-image size-large\"><img loading=\"lazy\" decoding=\"async\" width=\"1024\" height=\"441\" src=\"https:\/\/miastogwiazd.pl\/wp-content\/uploads\/2025\/10\/wwww101-1024x441.jpg\" alt=\"\" class=\"wp-image-293\" srcset=\"https:\/\/miastogwiazd.pl\/wp-content\/uploads\/2025\/10\/wwww101-1024x441.jpg 1024w, https:\/\/miastogwiazd.pl\/wp-content\/uploads\/2025\/10\/wwww101-300x129.jpg 300w, https:\/\/miastogwiazd.pl\/wp-content\/uploads\/2025\/10\/wwww101-768x331.jpg 768w, https:\/\/miastogwiazd.pl\/wp-content\/uploads\/2025\/10\/wwww101.jpg 1497w\" sizes=\"auto, (max-width: 1024px) 100vw, 1024px\" \/><\/figure>\n\n\n\n<p class=\"has-text-align-center has-small-font-size\"><strong>Salon Pardejka<\/strong> to po\u0142\u0105czenie elegancji stroj\u00f3w wizytowych z codzienn\u0105 mod\u0105. To miejsce, w kt\u00f3rym zar\u00f3wno kobiety, jak i m\u0119\u017cczy\u017ani znajd\u0105 styl podkre\u015blaj\u0105cy ich wyj\u0105tkowo\u015b\u0107 \u2013 bo moda nie zna rozmiaru.<\/p>\n\n\n\n<p class=\"has-text-align-center has-small-font-size\">Podczas Festiwalu Miasto Gwiazd kandydatki i kandydaci do tytu\u0142u <strong>Miss Ziemi \u017byrardowskiej<\/strong> zaprezentuj\u0105 wieczorowe kreacje Pardejki \u2013 zaprojektowane z my\u015bl\u0105 o kobieco\u015bci i m\u0119sko\u015bci, pewno\u015bci siebie i pi\u0119knie w ka\u017cdej formie, niezale\u017cnie od p\u0142ci.<\/p>\n\n\n\n<p class=\"has-text-align-center has-small-font-size\">Odwied\u017a butik Pardejka w Skierniewicach, Rynek 29 lub online: <a href=\"http:\/\/www.pardejkabutik.pl\/\" target=\"_blank\" rel=\"noreferrer noopener\">www.pardejkabutik.pl<\/a><br>Stylizacje uzupe\u0142ni bi\u017cuteria <strong>Mirar<\/strong> \u2013 r\u0119cznie robiona z naturalnych kamieni.<\/p>\n\n\n\n<figure class=\"wp-block-image size-large\"><img loading=\"lazy\" decoding=\"async\" width=\"1024\" height=\"441\" src=\"https:\/\/miastogwiazd.pl\/wp-content\/uploads\/2025\/10\/www101-1-1024x441.jpg\" alt=\"\" class=\"wp-image-299\" srcset=\"https:\/\/miastogwiazd.pl\/wp-content\/uploads\/2025\/10\/www101-1-1024x441.jpg 1024w, https:\/\/miastogwiazd.pl\/wp-content\/uploads\/2025\/10\/www101-1-300x129.jpg 300w, https:\/\/miastogwiazd.pl\/wp-content\/uploads\/2025\/10\/www101-1-768x331.jpg 768w, https:\/\/miastogwiazd.pl\/wp-content\/uploads\/2025\/10\/www101-1.jpg 1497w\" sizes=\"auto, (max-width: 1024px) 100vw, 1024px\" \/><\/figure>\n\n\n\n<hr class=\"wp-block-separator has-alpha-channel-opacity\"\/>\n\n\n\n<p class=\"has-text-align-center has-white-color has-luminous-vivid-orange-background-color has-text-color has-background has-link-color has-medium-font-size wp-elements-279da021b5b8eabb270ae23695c68396\"><strong>Godz. 17:20<br>Gala Z\u0142otej \u017byRybki 2025<\/strong><\/p>\n\n\n\n<figure class=\"wp-block-image size-large\"><img loading=\"lazy\" decoding=\"async\" width=\"1024\" height=\"441\" src=\"https:\/\/miastogwiazd.pl\/wp-content\/uploads\/2025\/10\/www0009-1-1024x441.jpg\" alt=\"\" class=\"wp-image-264\" srcset=\"https:\/\/miastogwiazd.pl\/wp-content\/uploads\/2025\/10\/www0009-1-1024x441.jpg 1024w, https:\/\/miastogwiazd.pl\/wp-content\/uploads\/2025\/10\/www0009-1-300x129.jpg 300w, https:\/\/miastogwiazd.pl\/wp-content\/uploads\/2025\/10\/www0009-1-768x331.jpg 768w, https:\/\/miastogwiazd.pl\/wp-content\/uploads\/2025\/10\/www0009-1-1536x662.jpg 1536w, https:\/\/miastogwiazd.pl\/wp-content\/uploads\/2025\/10\/www0009-1-2048x882.jpg 2048w\" sizes=\"auto, (max-width: 1024px) 100vw, 1024px\" \/><\/figure>\n\n\n\n<p class=\"has-text-align-center has-luminous-vivid-orange-color has-text-color has-link-color has-medium-font-size wp-elements-8dca8630c7e3adba5554fb743af70307\"><strong>Laureat<\/strong> <strong>Sebastian Raj<\/strong> <\/p>\n\n\n\n<p class=\"has-text-align-center has-small-font-size\">Nasz\u0105 najstarsz\u0105 statuetk\u0119 \u2013 <strong>Z\u0142ot\u0105 \u017byRybk\u0119 2025<\/strong>, wr\u0119czan\u0105 ju\u017c po raz siedemnasty \u2013 otrzyma\u0142 <strong>Sebastian Raj<\/strong>, pianista, nauczyciel, animator kultury, dyrektor Pa\u0144stwowej Szko\u0142y Muzycznej I i II stopnia im. I. J. Paderewskiego w \u017byrardowie. Uhonorowany zosta\u0142 za rozwijanie kultury muzycznej w regionie oraz zaanga\u017cowanie w promowanie sztuki muzycznej w\u015br\u00f3d m\u0142odzie\u017cy.<\/p>\n\n\n\n<p class=\"has-text-align-center has-small-font-size\">Wr\u0119czenia dokonali: wiceprezydent \u017byrardowa <strong>Piotr Koczewski<\/strong>, wiceprezes warszawskiego oddzia\u0142u ZLP<strong> Jerzy Jankowski <\/strong>oraz animatorka kultury, prezeska Fundacji Kultury i Sztuki artHolding <strong>Marta Ewa Olbry\u015b<\/strong>.<\/p>\n\n\n\n<figure class=\"wp-block-image size-large\"><img loading=\"lazy\" decoding=\"async\" width=\"1024\" height=\"441\" src=\"https:\/\/miastogwiazd.pl\/wp-content\/uploads\/2025\/10\/www0010-1-1024x441.jpg\" alt=\"\" class=\"wp-image-265\" srcset=\"https:\/\/miastogwiazd.pl\/wp-content\/uploads\/2025\/10\/www0010-1-1024x441.jpg 1024w, https:\/\/miastogwiazd.pl\/wp-content\/uploads\/2025\/10\/www0010-1-300x129.jpg 300w, https:\/\/miastogwiazd.pl\/wp-content\/uploads\/2025\/10\/www0010-1-768x331.jpg 768w, https:\/\/miastogwiazd.pl\/wp-content\/uploads\/2025\/10\/www0010-1-1536x662.jpg 1536w, https:\/\/miastogwiazd.pl\/wp-content\/uploads\/2025\/10\/www0010-1-2048x882.jpg 2048w\" sizes=\"auto, (max-width: 1024px) 100vw, 1024px\" \/><\/figure>\n\n\n\n<hr class=\"wp-block-separator has-alpha-channel-opacity\"\/>\n\n\n\n<p class=\"has-text-align-center has-medium-font-size\"><strong>Godz. 17:30<br>Artystyczne projekty modowe<\/strong><\/p>\n\n\n\n<figure class=\"wp-block-image size-large\"><img loading=\"lazy\" decoding=\"async\" width=\"1024\" height=\"441\" src=\"https:\/\/miastogwiazd.pl\/wp-content\/uploads\/2025\/10\/www102-1024x441.jpg\" alt=\"\" class=\"wp-image-290\" srcset=\"https:\/\/miastogwiazd.pl\/wp-content\/uploads\/2025\/10\/www102-1024x441.jpg 1024w, https:\/\/miastogwiazd.pl\/wp-content\/uploads\/2025\/10\/www102-300x129.jpg 300w, https:\/\/miastogwiazd.pl\/wp-content\/uploads\/2025\/10\/www102-768x330.jpg 768w, https:\/\/miastogwiazd.pl\/wp-content\/uploads\/2025\/10\/www102.jpg 1497w\" sizes=\"auto, (max-width: 1024px) 100vw, 1024px\" \/><\/figure>\n\n\n\n<p class=\"has-text-align-center has-small-font-size\"><strong>Dorota Senkara<br><\/strong><strong>Absolwentka Krakowskich Szk\u00f3\u0142 Artystycznych na kierunku artystycznego projektowania ubioru. Jej debiutancka kolekcja <\/strong><em>Black Ribbon<\/em><strong> zdoby\u0142a uznanie podczas Cracow Fashion Awards 2022 \u2013 otrzyma\u0142a m.in. wyr\u00f3\u017cnienie Rady Wysokiej Mody za kreatywno\u015b\u0107 i wizjonerstwo oraz Wyr\u00f3\u017cnienie Rady Medi\u00f3w.<\/strong><\/p>\n\n\n\n<p class=\"has-text-align-center has-small-font-size\">Finalistka <em>Off Fashion 2022<\/em> i <em>Radom Fashion Show 2022<\/em>. Bra\u0142a udzia\u0142 w pokazach takich jak <em>Wroc\u0142aw Fashion Week<\/em>, <em>Fashion Night w Krakowie<\/em> i <em>Nadwi\u015bla\u0144ski Fashion Week<\/em>. O jej tw\u00f3rczo\u015bci pisali m.in. Micha\u0142 Zaczy\u0144ski i <em>Moda Polska<\/em>, a jej projekty nosili uczestnicy 11. edycji <em>Top Model Polska<\/em> (TVN).<\/p>\n\n\n\n<p class=\"has-text-align-center has-small-font-size\">Wsp\u00f3\u0142pracuje z fotografami, stylistami i modelkami, a efekty tych dzia\u0142a\u0144 publikowane by\u0142y w magazynach modowych takich jak <em>Hunter<\/em>, <em>Bloom Roma<\/em>, <em>Elle<\/em>, <em>Malvie<\/em>, <em>Shuba<\/em> i wielu innych.<\/p>\n\n\n\n<p class=\"has-text-align-center has-small-font-size\">Tworzy z my\u015bl\u0105 o kobietach \u015bwiadomych swojej to\u017csamo\u015bci, poszukuj\u0105cych unikatowych i wyrazistych stylizacji. Projektowanie traktuje jako form\u0119 ekspresji, pozwalaj\u0105c\u0105 przekaza\u0107 emocje i opowiedzie\u0107 w\u0142asn\u0105 histori\u0119. Jej proces tw\u00f3rczy obejmuje ka\u017cdy etap \u2013 od szkicu i konstrukcji, po ostatni szew.<\/p>\n\n\n\n<p class=\"has-text-align-center has-small-font-size\">Inspiruje si\u0119 sztuk\u0105, podr\u00f3\u017cami oraz klasyk\u0105 haute couture. Eksperymentuje z form\u0105 i tworzy w\u0142asne tkaniny, nieustannie przesuwaj\u0105c granice kreatywno\u015bci.<\/p>\n\n\n\n<figure class=\"wp-block-image size-large\"><img loading=\"lazy\" decoding=\"async\" width=\"1024\" height=\"441\" src=\"https:\/\/miastogwiazd.pl\/wp-content\/uploads\/2025\/10\/www103-1024x441.jpg\" alt=\"\" class=\"wp-image-291\" srcset=\"https:\/\/miastogwiazd.pl\/wp-content\/uploads\/2025\/10\/www103-1024x441.jpg 1024w, https:\/\/miastogwiazd.pl\/wp-content\/uploads\/2025\/10\/www103-300x129.jpg 300w, https:\/\/miastogwiazd.pl\/wp-content\/uploads\/2025\/10\/www103-768x330.jpg 768w, https:\/\/miastogwiazd.pl\/wp-content\/uploads\/2025\/10\/www103.jpg 1497w\" sizes=\"auto, (max-width: 1024px) 100vw, 1024px\" \/><\/figure>\n\n\n\n<hr class=\"wp-block-separator has-alpha-channel-opacity\"\/>\n\n\n\n<p class=\"has-text-align-center has-white-color has-luminous-vivid-orange-background-color has-text-color has-background has-link-color has-medium-font-size wp-elements-92d7ba66aae2318885a16047a936e74b\"><strong>Godz. 17:40<br>Gala Z\u0142otego artKciuka 2025<\/strong><\/p>\n\n\n\n<figure class=\"wp-block-image size-large\"><img loading=\"lazy\" decoding=\"async\" width=\"1024\" height=\"441\" src=\"https:\/\/miastogwiazd.pl\/wp-content\/uploads\/2025\/10\/www0001-2-1024x441.jpg\" alt=\"\" class=\"wp-image-267\" srcset=\"https:\/\/miastogwiazd.pl\/wp-content\/uploads\/2025\/10\/www0001-2-1024x441.jpg 1024w, https:\/\/miastogwiazd.pl\/wp-content\/uploads\/2025\/10\/www0001-2-300x129.jpg 300w, https:\/\/miastogwiazd.pl\/wp-content\/uploads\/2025\/10\/www0001-2-768x331.jpg 768w, https:\/\/miastogwiazd.pl\/wp-content\/uploads\/2025\/10\/www0001-2-1536x662.jpg 1536w, https:\/\/miastogwiazd.pl\/wp-content\/uploads\/2025\/10\/www0001-2-2048x882.jpg 2048w\" sizes=\"auto, (max-width: 1024px) 100vw, 1024px\" \/><\/figure>\n\n\n\n<p class=\"has-text-align-center has-luminous-vivid-orange-color has-text-color has-link-color has-medium-font-size wp-elements-62e3a6267f0feac4255a6176e2ffbeec\"><strong>Laureat Jan Komasa <\/strong><\/p>\n\n\n\n<p class=\"has-text-align-center has-small-font-size\">Nasz\u0105 sztandarow\u0105 statuetk\u0119 \u2013 ci\u0119\u017ckiego, odlanego z czystego&#8230; <strong>Z\u0142otego artKciuka 2025<\/strong> \u2013 w imieniu <strong>Jana Komasy<\/strong>, re\u017cysera i scenarzysty filmowego, odebra\u0142 <strong>Bartosz Bartosik<\/strong>, wsp\u00f3\u0142autor scenariusza do angloj\u0119zycznego filmu \u201eGood Boy\u201d w re\u017cyserii Komasy, b\u0119d\u0105cego jego najnowszym projektem.<\/p>\n\n\n\n<p class=\"has-text-align-center has-small-font-size\">Scenariusz Komasy i Bartosika pierwotnie powsta\u0142 w Polsce, a nast\u0119pnie zosta\u0142 zaadaptowany na potrzeby mi\u0119dzynarodowej produkcji!<\/p>\n\n\n\n<p class=\"has-text-align-center has-small-font-size\">Wr\u0119czenia dokona\u0142 wiceprezydent \u017byrardowa <strong>Piotr Koczewski<\/strong>, a spotkanie poprowadzi\u0142y \u2013 obecne z FMG od pierwszej edycji festiwalu \u2013<strong> Ma\u0142gorzata Lewi\u0144ska<\/strong>, wszechstronnie utalentowana aktorka, oraz <strong>Marta Ewa Olbry\u015b<\/strong>, animatorka kultury i prezeska Fundacji Kultury i Sztuki artHolding.<\/p>\n\n\n\n<p class=\"has-text-align-center has-small-font-size\">Dla laureata w dynamicznej improwizacji filmowo-jazzowej zagra\u0142 m\u0142ody kompozytor i pianista <strong>Piotr Krajewski<\/strong>.<\/p>\n\n\n\n<figure class=\"wp-block-image size-large\"><img loading=\"lazy\" decoding=\"async\" width=\"1024\" height=\"441\" src=\"https:\/\/miastogwiazd.pl\/wp-content\/uploads\/2025\/10\/www0002-2-1024x441.jpg\" alt=\"\" class=\"wp-image-268\" srcset=\"https:\/\/miastogwiazd.pl\/wp-content\/uploads\/2025\/10\/www0002-2-1024x441.jpg 1024w, https:\/\/miastogwiazd.pl\/wp-content\/uploads\/2025\/10\/www0002-2-300x129.jpg 300w, https:\/\/miastogwiazd.pl\/wp-content\/uploads\/2025\/10\/www0002-2-768x331.jpg 768w, https:\/\/miastogwiazd.pl\/wp-content\/uploads\/2025\/10\/www0002-2-1536x662.jpg 1536w, https:\/\/miastogwiazd.pl\/wp-content\/uploads\/2025\/10\/www0002-2-2048x882.jpg 2048w\" sizes=\"auto, (max-width: 1024px) 100vw, 1024px\" \/><\/figure>\n\n\n\n<figure class=\"wp-block-image size-large\"><img loading=\"lazy\" decoding=\"async\" width=\"1024\" height=\"441\" src=\"https:\/\/miastogwiazd.pl\/wp-content\/uploads\/2025\/10\/www0005-2-1024x441.jpg\" alt=\"\" class=\"wp-image-272\" srcset=\"https:\/\/miastogwiazd.pl\/wp-content\/uploads\/2025\/10\/www0005-2-1024x441.jpg 1024w, https:\/\/miastogwiazd.pl\/wp-content\/uploads\/2025\/10\/www0005-2-300x129.jpg 300w, https:\/\/miastogwiazd.pl\/wp-content\/uploads\/2025\/10\/www0005-2-768x331.jpg 768w, https:\/\/miastogwiazd.pl\/wp-content\/uploads\/2025\/10\/www0005-2-1536x662.jpg 1536w, https:\/\/miastogwiazd.pl\/wp-content\/uploads\/2025\/10\/www0005-2-2048x882.jpg 2048w\" sizes=\"auto, (max-width: 1024px) 100vw, 1024px\" \/><\/figure>\n\n\n\n<figure class=\"wp-block-image size-large\"><img loading=\"lazy\" decoding=\"async\" width=\"1024\" height=\"441\" src=\"https:\/\/miastogwiazd.pl\/wp-content\/uploads\/2025\/10\/www0003-2-1024x441.jpg\" alt=\"\" class=\"wp-image-269\" srcset=\"https:\/\/miastogwiazd.pl\/wp-content\/uploads\/2025\/10\/www0003-2-1024x441.jpg 1024w, https:\/\/miastogwiazd.pl\/wp-content\/uploads\/2025\/10\/www0003-2-300x129.jpg 300w, https:\/\/miastogwiazd.pl\/wp-content\/uploads\/2025\/10\/www0003-2-768x331.jpg 768w, https:\/\/miastogwiazd.pl\/wp-content\/uploads\/2025\/10\/www0003-2-1536x662.jpg 1536w, https:\/\/miastogwiazd.pl\/wp-content\/uploads\/2025\/10\/www0003-2-2048x882.jpg 2048w\" sizes=\"auto, (max-width: 1024px) 100vw, 1024px\" \/><\/figure>\n\n\n\n<figure class=\"wp-block-image size-large\"><img loading=\"lazy\" decoding=\"async\" width=\"1024\" height=\"441\" src=\"https:\/\/miastogwiazd.pl\/wp-content\/uploads\/2025\/10\/www0004-2-1024x441.jpg\" alt=\"\" class=\"wp-image-270\" srcset=\"https:\/\/miastogwiazd.pl\/wp-content\/uploads\/2025\/10\/www0004-2-1024x441.jpg 1024w, https:\/\/miastogwiazd.pl\/wp-content\/uploads\/2025\/10\/www0004-2-300x129.jpg 300w, https:\/\/miastogwiazd.pl\/wp-content\/uploads\/2025\/10\/www0004-2-768x331.jpg 768w, https:\/\/miastogwiazd.pl\/wp-content\/uploads\/2025\/10\/www0004-2-1536x662.jpg 1536w, https:\/\/miastogwiazd.pl\/wp-content\/uploads\/2025\/10\/www0004-2-2048x882.jpg 2048w\" sizes=\"auto, (max-width: 1024px) 100vw, 1024px\" \/><\/figure>\n\n\n\n<hr class=\"wp-block-separator has-alpha-channel-opacity\"\/>\n\n\n\n<p class=\"has-text-align-center has-medium-font-size\"><strong>Godz. 18:10<br>Artystyczne projekty modowe<\/strong><\/p>\n\n\n\n<figure class=\"wp-block-image size-large\"><img loading=\"lazy\" decoding=\"async\" width=\"1024\" height=\"441\" src=\"https:\/\/miastogwiazd.pl\/wp-content\/uploads\/2025\/10\/www105-1024x441.jpg\" alt=\"\" class=\"wp-image-292\" srcset=\"https:\/\/miastogwiazd.pl\/wp-content\/uploads\/2025\/10\/www105-1024x441.jpg 1024w, https:\/\/miastogwiazd.pl\/wp-content\/uploads\/2025\/10\/www105-300x129.jpg 300w, https:\/\/miastogwiazd.pl\/wp-content\/uploads\/2025\/10\/www105-768x331.jpg 768w, https:\/\/miastogwiazd.pl\/wp-content\/uploads\/2025\/10\/www105.jpg 1497w\" sizes=\"auto, (max-width: 1024px) 100vw, 1024px\" \/><\/figure>\n\n\n\n<p class=\"has-text-align-center has-small-font-size\"><strong>Sandra Sk\u00f3rka<\/strong><br>Absolwentka ASP im. W\u0142adys\u0142awa Strzemi\u0144skiego w \u0141odzi. Dyplom magisterski z wyr\u00f3\u017cnieniem w Instytucie Ubioru, specjalizacja: projektowanie obuwia, akcesori\u00f3w i ubioru. Tworzy mod\u0119 cyrkularn\u0105 z poszanowaniem \u015brodowiska, \u0142\u0105cz\u0105c mod\u0119 ze sztuk\u0105 i eksperymentem.<\/p>\n\n\n\n<p class=\"has-text-align-center has-small-font-size\">Laureatka m.in. I miejsca w konkursach <em>Slow Fashion Award 2024<\/em> i <em>Designers Play Sustain 2024<\/em>, II miejsca w <em>Radom Fashion Show 2024<\/em>, III miejsca w mi\u0119dzynarodowym konkursie <em>OFF Fashion 2024<\/em>, a tak\u017ce nominowana do tytu\u0142u <em>Osobowo\u015b\u0107 Roku 2024<\/em> w kategorii Kultura.<\/p>\n\n\n\n<figure class=\"wp-block-image size-large\"><img loading=\"lazy\" decoding=\"async\" width=\"1024\" height=\"441\" src=\"https:\/\/miastogwiazd.pl\/wp-content\/uploads\/2025\/10\/wwww102-1024x441.jpg\" alt=\"\" class=\"wp-image-294\" srcset=\"https:\/\/miastogwiazd.pl\/wp-content\/uploads\/2025\/10\/wwww102-1024x441.jpg 1024w, https:\/\/miastogwiazd.pl\/wp-content\/uploads\/2025\/10\/wwww102-300x129.jpg 300w, https:\/\/miastogwiazd.pl\/wp-content\/uploads\/2025\/10\/wwww102-768x330.jpg 768w, https:\/\/miastogwiazd.pl\/wp-content\/uploads\/2025\/10\/wwww102.jpg 1497w\" sizes=\"auto, (max-width: 1024px) 100vw, 1024px\" \/><\/figure>\n\n\n\n<figure class=\"wp-block-image size-large\"><img loading=\"lazy\" decoding=\"async\" width=\"1024\" height=\"441\" src=\"https:\/\/miastogwiazd.pl\/wp-content\/uploads\/2025\/10\/wwww103-1024x441.jpg\" alt=\"\" class=\"wp-image-297\" srcset=\"https:\/\/miastogwiazd.pl\/wp-content\/uploads\/2025\/10\/wwww103-1024x441.jpg 1024w, https:\/\/miastogwiazd.pl\/wp-content\/uploads\/2025\/10\/wwww103-300x129.jpg 300w, https:\/\/miastogwiazd.pl\/wp-content\/uploads\/2025\/10\/wwww103-768x330.jpg 768w, https:\/\/miastogwiazd.pl\/wp-content\/uploads\/2025\/10\/wwww103.jpg 1497w\" sizes=\"auto, (max-width: 1024px) 100vw, 1024px\" \/><\/figure>\n\n\n\n<hr class=\"wp-block-separator has-alpha-channel-opacity\"\/>\n\n\n\n<p class=\"has-text-align-center has-medium-font-size\"><strong>Godz. 18:20<\/strong><br><strong>Performans literacki<\/strong><\/p>\n\n\n\n<figure class=\"wp-block-image size-large\"><img loading=\"lazy\" decoding=\"async\" width=\"1024\" height=\"441\" src=\"https:\/\/miastogwiazd.pl\/wp-content\/uploads\/2025\/10\/www0008-1-1024x441.jpg\" alt=\"\" class=\"wp-image-277\" srcset=\"https:\/\/miastogwiazd.pl\/wp-content\/uploads\/2025\/10\/www0008-1-1024x441.jpg 1024w, https:\/\/miastogwiazd.pl\/wp-content\/uploads\/2025\/10\/www0008-1-300x129.jpg 300w, https:\/\/miastogwiazd.pl\/wp-content\/uploads\/2025\/10\/www0008-1-768x331.jpg 768w, https:\/\/miastogwiazd.pl\/wp-content\/uploads\/2025\/10\/www0008-1-1536x662.jpg 1536w, https:\/\/miastogwiazd.pl\/wp-content\/uploads\/2025\/10\/www0008-1-2048x882.jpg 2048w\" sizes=\"auto, (max-width: 1024px) 100vw, 1024px\" \/><\/figure>\n\n\n\n<p class=\"has-text-align-center has-small-font-size\">W ciekawej formule odby\u0142a si\u0119 prezentacja poetycka, a w\u0142a\u015bciwie performance literacki \u2013 utwory m\u0142odych autor\u00f3w z publikacji \u201eLekcje literackie. Wiersze na sz\u00f3stk\u0119 z plusem\u201d, wydanej przez <strong>Zwi\u0105zek Literat\u00f3w Polskich <\/strong>podczas <strong><em>Warszawskiej Jesieni Poezji 2025<\/em><\/strong>.<\/p>\n\n\n\n<p class=\"has-text-align-center has-small-font-size\">Projekt wymy\u015blili: dziennikarka, kuratorka i krytyczka <strong>Marta Ewa Olbry\u015b<\/strong> oraz prezes warszawskiego oddzia\u0142u ZLP <strong>Grzegorz Trochimczuk<\/strong>. Performance wyre\u017cyserowa\u0142a <strong>Marta Ewa Olbry\u015b<\/strong>.<\/p>\n\n\n\n<p class=\"has-text-align-center has-small-font-size\">Na scenie wiersze by\u0142y interpretowane i aktorsko ogrywane przez <strong>Ma\u0142gorzat\u0119 Lewi\u0144sk\u0105<\/strong> i <strong>Zbigniewa Koz\u0142owskiego<\/strong>.<\/p>\n\n\n\n<p class=\"has-text-align-center has-small-font-size\"><em>Dofinansowano ze \u015brodk\u00f3w Ministra Kultury i Dziedzictwa Narodowego pochodz\u0105cych z Funduszu Promocji Kultury.<\/em><\/p>\n\n\n\n<hr class=\"wp-block-separator has-alpha-channel-opacity\"\/>\n\n\n\n<p class=\"has-text-align-center has-medium-font-size\"><strong>Godz. 18:40<\/strong><br><strong>Artystyczne projekty modowe<\/strong><\/p>\n\n\n\n<p class=\"has-text-align-center has-small-font-size\"><strong>Kandydatki i kandydaci w rytmach muzyki \u2013 w festiwalowych koszulkach<\/strong>&#8230;<\/p>\n\n\n\n<figure class=\"wp-block-image size-large\"><img loading=\"lazy\" decoding=\"async\" width=\"1024\" height=\"441\" src=\"https:\/\/miastogwiazd.pl\/wp-content\/uploads\/2025\/10\/wwww104-1024x441.jpg\" alt=\"\" class=\"wp-image-295\" srcset=\"https:\/\/miastogwiazd.pl\/wp-content\/uploads\/2025\/10\/wwww104-1024x441.jpg 1024w, https:\/\/miastogwiazd.pl\/wp-content\/uploads\/2025\/10\/wwww104-300x129.jpg 300w, https:\/\/miastogwiazd.pl\/wp-content\/uploads\/2025\/10\/wwww104-768x330.jpg 768w, https:\/\/miastogwiazd.pl\/wp-content\/uploads\/2025\/10\/wwww104.jpg 1497w\" sizes=\"auto, (max-width: 1024px) 100vw, 1024px\" \/><\/figure>\n\n\n\n<figure class=\"wp-block-image size-large\"><img loading=\"lazy\" decoding=\"async\" width=\"1024\" height=\"441\" src=\"https:\/\/miastogwiazd.pl\/wp-content\/uploads\/2025\/10\/wwww105-1024x441.jpg\" alt=\"\" class=\"wp-image-296\" srcset=\"https:\/\/miastogwiazd.pl\/wp-content\/uploads\/2025\/10\/wwww105-1024x441.jpg 1024w, https:\/\/miastogwiazd.pl\/wp-content\/uploads\/2025\/10\/wwww105-300x129.jpg 300w, https:\/\/miastogwiazd.pl\/wp-content\/uploads\/2025\/10\/wwww105-768x331.jpg 768w, https:\/\/miastogwiazd.pl\/wp-content\/uploads\/2025\/10\/wwww105.jpg 1497w\" sizes=\"auto, (max-width: 1024px) 100vw, 1024px\" \/><\/figure>\n\n\n\n<hr class=\"wp-block-separator has-alpha-channel-opacity\"\/>\n\n\n\n<p class=\"has-text-align-center has-white-color has-luminous-vivid-orange-background-color has-text-color has-background has-link-color has-medium-font-size wp-elements-d618c04242f151f660c89987e94770bd\"><strong>Godz. 18:50<br>Gala artNuty 2025<\/strong><\/p>\n\n\n\n<figure class=\"wp-block-image size-large\"><img loading=\"lazy\" decoding=\"async\" width=\"1024\" height=\"441\" src=\"https:\/\/miastogwiazd.pl\/wp-content\/uploads\/2025\/10\/www104-1-1024x441.jpg\" alt=\"\" class=\"wp-image-301\" srcset=\"https:\/\/miastogwiazd.pl\/wp-content\/uploads\/2025\/10\/www104-1-1024x441.jpg 1024w, https:\/\/miastogwiazd.pl\/wp-content\/uploads\/2025\/10\/www104-1-300x129.jpg 300w, https:\/\/miastogwiazd.pl\/wp-content\/uploads\/2025\/10\/www104-1-768x330.jpg 768w, https:\/\/miastogwiazd.pl\/wp-content\/uploads\/2025\/10\/www104-1.jpg 1497w\" sizes=\"auto, (max-width: 1024px) 100vw, 1024px\" \/><\/figure>\n\n\n\n<p class=\"has-text-align-center has-luminous-vivid-orange-color has-text-color has-link-color has-medium-font-size wp-elements-21272bfeeebc7ca6799cfa6b1ddf7c73\"><strong>Laureat Piotr \u201ePeter\u201d Pawe\u0142 Wiwczarek <\/strong><\/p>\n\n\n\n<p class=\"has-text-align-center has-small-font-size\"><strong>\u2013 wokalista, gitarzysta, lider zespo\u0142u VADER<\/strong><\/p>\n\n\n\n<p class=\"has-text-align-center has-small-font-size\"><strong>Gospodarze:<\/strong><br><strong>\u2022<\/strong> <strong>Krzysztof Jaworski<\/strong> \u2013 Przewodnicz\u0105cy Kapitu\u0142y<br><strong>\u2022<\/strong> <strong>Marta Ewa Olbry\u015b<\/strong><\/p>\n\n\n\n<figure class=\"wp-block-image size-large\"><img loading=\"lazy\" decoding=\"async\" width=\"1024\" height=\"441\" src=\"https:\/\/miastogwiazd.pl\/wp-content\/uploads\/2025\/10\/www102-1-1024x441.jpg\" alt=\"\" class=\"wp-image-300\" srcset=\"https:\/\/miastogwiazd.pl\/wp-content\/uploads\/2025\/10\/www102-1-1024x441.jpg 1024w, https:\/\/miastogwiazd.pl\/wp-content\/uploads\/2025\/10\/www102-1-300x129.jpg 300w, https:\/\/miastogwiazd.pl\/wp-content\/uploads\/2025\/10\/www102-1-768x330.jpg 768w, https:\/\/miastogwiazd.pl\/wp-content\/uploads\/2025\/10\/www102-1.jpg 1497w\" sizes=\"auto, (max-width: 1024px) 100vw, 1024px\" \/><\/figure>\n\n\n\n<hr class=\"wp-block-separator has-alpha-channel-opacity\"\/>\n\n\n\n<p class=\"has-text-align-center has-medium-font-size\"><strong>Godz. 19:20<br>Artystyczne projekty modowe<\/strong><\/p>\n\n\n\n<figure class=\"wp-block-image size-large\"><img loading=\"lazy\" decoding=\"async\" width=\"1024\" height=\"441\" src=\"https:\/\/miastogwiazd.pl\/wp-content\/uploads\/2025\/10\/www105-1-1024x441.jpg\" alt=\"\" class=\"wp-image-304\" srcset=\"https:\/\/miastogwiazd.pl\/wp-content\/uploads\/2025\/10\/www105-1-1024x441.jpg 1024w, https:\/\/miastogwiazd.pl\/wp-content\/uploads\/2025\/10\/www105-1-300x129.jpg 300w, https:\/\/miastogwiazd.pl\/wp-content\/uploads\/2025\/10\/www105-1-768x331.jpg 768w, https:\/\/miastogwiazd.pl\/wp-content\/uploads\/2025\/10\/www105-1.jpg 1497w\" sizes=\"auto, (max-width: 1024px) 100vw, 1024px\" \/><\/figure>\n\n\n\n<p class=\"has-text-align-center has-small-font-size\"><strong>Piotr Janicki <\/strong><strong>\u2013 streetwear z charakterem<br>Polski projektant mody, tw\u00f3rca marki JANICKI, specjalizuj\u0105cej si\u0119 w unikatowym streetwearze. Jego projekty wyr\u00f3\u017cniaj\u0105 si\u0119 autentycznym stylem, wysok\u0105 jako\u015bci\u0105 i dba\u0142o\u015bci\u0105 o detale.<\/strong><\/p>\n\n\n\n<p class=\"has-text-align-center has-small-font-size\">Pochodzi z Legnicy, obecnie rozwija mark\u0119 w Warszawie, gdzie prowadzi butik \u2013 przestrze\u0144 mody niezale\u017cnej. JANICKI to ubrania dla tych, kt\u00f3rzy chc\u0105 wyra\u017ca\u0107 siebie i swoj\u0105 indywidualno\u015b\u0107.<\/p>\n\n\n\n<hr class=\"wp-block-separator has-alpha-channel-opacity\"\/>\n\n\n\n<p class=\"has-text-align-center has-medium-font-size\"><strong>Godz. 19:30<\/strong><br><strong>Projekt muzyczny CHORNABROVA<\/strong><\/p>\n\n\n\n<figure class=\"wp-block-image size-large\"><img loading=\"lazy\" decoding=\"async\" width=\"1024\" height=\"441\" src=\"https:\/\/miastogwiazd.pl\/wp-content\/uploads\/2025\/10\/www103-2-1024x441.jpg\" alt=\"\" class=\"wp-image-303\" srcset=\"https:\/\/miastogwiazd.pl\/wp-content\/uploads\/2025\/10\/www103-2-1024x441.jpg 1024w, https:\/\/miastogwiazd.pl\/wp-content\/uploads\/2025\/10\/www103-2-300x129.jpg 300w, https:\/\/miastogwiazd.pl\/wp-content\/uploads\/2025\/10\/www103-2-768x330.jpg 768w, https:\/\/miastogwiazd.pl\/wp-content\/uploads\/2025\/10\/www103-2.jpg 1497w\" sizes=\"auto, (max-width: 1024px) 100vw, 1024px\" \/><\/figure>\n\n\n\n<p class=\"has-text-align-center has-small-font-size\"><strong>Palina Dabravolskaja<\/strong><br>Bia\u0142oruska aktorka, re\u017cyserka teatralna i artystka interdyscyplinarna, obecnie mieszkaj\u0105ca w Warszawie. Jako muzyk wyst\u0119puje pod pseudonimem <strong>CHORNABROVA<\/strong>, \u0142\u0105cz\u0105c alternatywny hip-hop z folklorem w autorskim gatunku, kt\u00f3ry okre\u015bla jako <em>b-pop<\/em>.<\/p>\n\n\n\n<p class=\"has-text-align-center has-small-font-size\">Jej album <em>COMA<\/em> to muzyczna opowie\u015b\u0107 z perspektywy fikcyjnej sztucznej inteligencji, kt\u00f3ra rozwa\u017ca tematy migracji, ekologii, kapitalizmu i emocjonalnego przetrwania.<\/p>\n\n\n\n<hr class=\"wp-block-separator has-alpha-channel-opacity\"\/>\n\n\n\n<figure class=\"wp-block-image size-large\"><img loading=\"lazy\" decoding=\"async\" width=\"1024\" height=\"441\" src=\"https:\/\/miastogwiazd.pl\/wp-content\/uploads\/2025\/10\/www0001-3-1024x441.jpg\" alt=\"\" class=\"wp-image-311\" srcset=\"https:\/\/miastogwiazd.pl\/wp-content\/uploads\/2025\/10\/www0001-3-1024x441.jpg 1024w, https:\/\/miastogwiazd.pl\/wp-content\/uploads\/2025\/10\/www0001-3-300x129.jpg 300w, https:\/\/miastogwiazd.pl\/wp-content\/uploads\/2025\/10\/www0001-3-768x331.jpg 768w, https:\/\/miastogwiazd.pl\/wp-content\/uploads\/2025\/10\/www0001-3-1536x662.jpg 1536w, https:\/\/miastogwiazd.pl\/wp-content\/uploads\/2025\/10\/www0001-3-2048x882.jpg 2048w\" sizes=\"auto, (max-width: 1024px) 100vw, 1024px\" \/><\/figure>\n\n\n\n<p class=\"has-text-align-center has-medium-font-size\"><strong>Godz. 19:50<\/strong><br><strong>Artystyczne projekty modowe<\/strong><\/p>\n\n\n\n<p class=\"has-text-align-center has-small-font-size\"><strong>Mariola Turbiarz \u2013 moda z przes\u0142aniem<\/strong><br>Polska projektantka mody, od 25 lat tworz\u0105ca unikalne, kolorowe kolekcje promuj\u0105ce inkluzywno\u015b\u0107, r\u00f3\u017cnorodno\u015b\u0107 i indywidualny styl. Jej projekty \u0142\u0105cz\u0105 odwa\u017cne formy, energetyczne barwy i spo\u0142eczne przes\u0142anie.<\/p>\n\n\n\n<p class=\"has-text-align-center has-small-font-size\">Inicjatorka i organizatorka najwi\u0119kszych pokaz\u00f3w mody w Polsce, w tym autorskiego <em>Warsaw Fashion Shower<\/em> \u2013 widowiska poruszaj\u0105cego tematy ekologii, praw cz\u0142owieka i r\u00f3wno\u015bci. W swoich pokazach anga\u017cuje zar\u00f3wno topowe modelki, jak i osoby spoza mainstreamu, udowadniaj\u0105c, \u017ce moda jest dla ka\u017cdego.<\/p>\n\n\n\n<p class=\"has-text-align-center has-small-font-size\">Znana z dzia\u0142a\u0144 charytatywnych i spo\u0142ecznych, ubiera czo\u0142owych polskich artyst\u00f3w, a jej marka sta\u0142a si\u0119 symbolem odwagi, kreatywno\u015bci i otwarto\u015bci.<\/p>\n\n\n\n<figure class=\"wp-block-image size-large\"><img loading=\"lazy\" decoding=\"async\" width=\"1024\" height=\"441\" src=\"https:\/\/miastogwiazd.pl\/wp-content\/uploads\/2025\/10\/www0002-3-1024x441.jpg\" alt=\"\" class=\"wp-image-312\" srcset=\"https:\/\/miastogwiazd.pl\/wp-content\/uploads\/2025\/10\/www0002-3-1024x441.jpg 1024w, https:\/\/miastogwiazd.pl\/wp-content\/uploads\/2025\/10\/www0002-3-300x129.jpg 300w, https:\/\/miastogwiazd.pl\/wp-content\/uploads\/2025\/10\/www0002-3-768x331.jpg 768w, https:\/\/miastogwiazd.pl\/wp-content\/uploads\/2025\/10\/www0002-3-1536x662.jpg 1536w, https:\/\/miastogwiazd.pl\/wp-content\/uploads\/2025\/10\/www0002-3-2048x882.jpg 2048w\" sizes=\"auto, (max-width: 1024px) 100vw, 1024px\" \/><\/figure>\n\n\n\n<hr class=\"wp-block-separator has-alpha-channel-opacity\"\/>\n\n\n\n<p class=\"has-text-align-center has-white-color has-luminous-vivid-orange-background-color has-text-color has-background has-link-color has-medium-font-size wp-elements-55e74c5bead16a4a896028c5757995a5\"><strong>Godz. 20:00<br>Gala artMecenat 2025<\/strong><\/p>\n\n\n\n<p class=\"has-text-align-center has-luminous-vivid-orange-color has-text-color has-link-color has-medium-font-size wp-elements-8320f28697b970c617ae6fecaaabd018\"><strong>Laureat <\/strong><strong>Fundacja ORANGE<\/strong><\/p>\n\n\n\n<p class=\"has-text-align-center has-small-font-size\"><strong>Wr\u0119czenia dokonaj\u0105:<\/strong><br><strong>\u2022<\/strong>  <strong>Lucjan Krzysztof Chrzanowski<\/strong> \u2013 Prezydent Miasta \u017byrardowa<br><strong>\u2022<\/strong>  <strong>prof. Artur Krajewski<\/strong><\/p>\n\n\n\n<hr class=\"wp-block-separator has-alpha-channel-opacity\"\/>\n\n\n\n<p class=\"has-text-align-center has-medium-font-size\"><strong>Godz. 20:10<\/strong><br><strong>Gala \u201eMiasto Pi\u0119kna\u201d<\/strong><\/p>\n\n\n\n<p class=\"has-text-align-center has-small-font-size\">Podsumowanie konkursu Miss i Mistera Ziemi \u017byrardowskiej 2025<\/p>\n\n\n\n<figure class=\"wp-block-image size-large\"><img loading=\"lazy\" decoding=\"async\" width=\"1024\" height=\"441\" src=\"https:\/\/miastogwiazd.pl\/wp-content\/uploads\/2025\/10\/www0003-3-1024x441.jpg\" alt=\"\" class=\"wp-image-313\" srcset=\"https:\/\/miastogwiazd.pl\/wp-content\/uploads\/2025\/10\/www0003-3-1024x441.jpg 1024w, https:\/\/miastogwiazd.pl\/wp-content\/uploads\/2025\/10\/www0003-3-300x129.jpg 300w, https:\/\/miastogwiazd.pl\/wp-content\/uploads\/2025\/10\/www0003-3-768x331.jpg 768w, https:\/\/miastogwiazd.pl\/wp-content\/uploads\/2025\/10\/www0003-3-1536x661.jpg 1536w, https:\/\/miastogwiazd.pl\/wp-content\/uploads\/2025\/10\/www0003-3-2048x882.jpg 2048w\" sizes=\"auto, (max-width: 1024px) 100vw, 1024px\" \/><\/figure>\n\n\n\n<hr class=\"wp-block-separator has-alpha-channel-opacity\"\/>\n\n\n\n<p class=\"has-text-align-center has-medium-font-size\"><strong>Godz. 20:40<\/strong><br><strong>Koncert zamkni\u0119cia Festiwalu<\/strong><\/p>\n\n\n\n<figure class=\"wp-block-image size-large\"><img loading=\"lazy\" decoding=\"async\" width=\"1024\" height=\"441\" src=\"https:\/\/miastogwiazd.pl\/wp-content\/uploads\/2025\/10\/www0007-2-1024x441.jpg\" alt=\"\" class=\"wp-image-279\" srcset=\"https:\/\/miastogwiazd.pl\/wp-content\/uploads\/2025\/10\/www0007-2-1024x441.jpg 1024w, https:\/\/miastogwiazd.pl\/wp-content\/uploads\/2025\/10\/www0007-2-300x129.jpg 300w, https:\/\/miastogwiazd.pl\/wp-content\/uploads\/2025\/10\/www0007-2-768x331.jpg 768w, https:\/\/miastogwiazd.pl\/wp-content\/uploads\/2025\/10\/www0007-2-1536x662.jpg 1536w, https:\/\/miastogwiazd.pl\/wp-content\/uploads\/2025\/10\/www0007-2-2048x882.jpg 2048w\" sizes=\"auto, (max-width: 1024px) 100vw, 1024px\" \/><\/figure>\n\n\n\n<p class=\"has-text-align-center has-small-font-size\">Nasz przyjaciel, znakomity gitarzysta, lider i za\u0142o\u017cyciel zespo\u0142u Harlem \u2013<strong> Krzysztof Jaworski<\/strong>, cz\u0142owiek o wra\u017cliwo\u015bci poetyckiego go\u0142\u0119bia, wraz ze swoim przyjacielem, kultowym basist\u0105 i kontrabasist\u0105 <strong>Wojciechem Ruci\u0144skim<\/strong>, w jedynej w swoim rodzaju muzycznej zabawie ca\u0142kowicie opanowali scen\u0119 Festiwalu!<\/p>\n\n\n\n<figure class=\"wp-block-image size-large\"><img loading=\"lazy\" decoding=\"async\" width=\"1024\" height=\"441\" src=\"https:\/\/miastogwiazd.pl\/wp-content\/uploads\/2025\/10\/www0006-5-1024x441.jpg\" alt=\"\" class=\"wp-image-284\" srcset=\"https:\/\/miastogwiazd.pl\/wp-content\/uploads\/2025\/10\/www0006-5-1024x441.jpg 1024w, https:\/\/miastogwiazd.pl\/wp-content\/uploads\/2025\/10\/www0006-5-300x129.jpg 300w, https:\/\/miastogwiazd.pl\/wp-content\/uploads\/2025\/10\/www0006-5-768x331.jpg 768w, https:\/\/miastogwiazd.pl\/wp-content\/uploads\/2025\/10\/www0006-5-1536x662.jpg 1536w, https:\/\/miastogwiazd.pl\/wp-content\/uploads\/2025\/10\/www0006-5-2048x882.jpg 2048w\" sizes=\"auto, (max-width: 1024px) 100vw, 1024px\" \/><\/figure>\n\n\n\n<hr class=\"wp-block-separator has-alpha-channel-opacity\"\/>\n\n\n\n<p class=\"has-text-align-center has-small-font-size\">fot. Tomasz Truszkowski, Natalia Stegenka, Jaros\u0142aw Tyszko, Jan Soko\u0142owski<\/p>\n\n\n\n<figure class=\"wp-block-video\"><video height=\"1080\" style=\"aspect-ratio: 1920 \/ 1080;\" width=\"1920\" controls src=\"https:\/\/miastogwiazd.pl\/wp-content\/uploads\/2025\/10\/FMGr6_400mb-1-1.mp4\"><\/video><\/figure>\n\n\n\n<p class=\"has-text-align-center has-small-font-size\">\u2022 Realizacja video: Jakub Czyszewicz \u2022 Muzyka: Piotr Krajewski (piano)<\/p>\n\n\n\n<p><\/p>\n","protected":false},"excerpt":{"rendered":"<p>\u017byrard\u00f3w XVII INTERDYSCYPLINARNY FESTIWAL SZTUK M{i}aSTO Gwiazd 2025 CZWARTEK, 18 wrze\u015bnia Godz. 18:00\u017byrard\u00f3w \u2013 Resursa, ul. 1 Maja 45 Otwarcie wystawy fotograficznejMa\u0142gorzaty K\u0119dzierskiej i Roberta Wilczy\u0144skiego ROBERT WILCZY\u0143SKI Fotograf, fotoreporter, cz\u0142onek Zwi\u0105zku Polskich Artyst\u00f3w Fotografik\u00f3w (ZPAF). Mieszka i tworzy w Warszawie. W swojej praktyce artystycznej \u0142\u0105czy narz\u0119dzia fotografii konceptualnej, dokumentalnej i spo\u0142ecznej, skupiaj\u0105c si\u0119 na [&hellip;]<\/p>\n","protected":false},"author":2,"featured_media":0,"parent":0,"menu_order":0,"comment_status":"closed","ping_status":"closed","template":"","meta":{"footnotes":""},"class_list":["post-184","page","type-page","status-publish","hentry"],"_links":{"self":[{"href":"https:\/\/miastogwiazd.pl\/index.php?rest_route=\/wp\/v2\/pages\/184","targetHints":{"allow":["GET"]}}],"collection":[{"href":"https:\/\/miastogwiazd.pl\/index.php?rest_route=\/wp\/v2\/pages"}],"about":[{"href":"https:\/\/miastogwiazd.pl\/index.php?rest_route=\/wp\/v2\/types\/page"}],"author":[{"embeddable":true,"href":"https:\/\/miastogwiazd.pl\/index.php?rest_route=\/wp\/v2\/users\/2"}],"replies":[{"embeddable":true,"href":"https:\/\/miastogwiazd.pl\/index.php?rest_route=%2Fwp%2Fv2%2Fcomments&post=184"}],"version-history":[{"count":21,"href":"https:\/\/miastogwiazd.pl\/index.php?rest_route=\/wp\/v2\/pages\/184\/revisions"}],"predecessor-version":[{"id":318,"href":"https:\/\/miastogwiazd.pl\/index.php?rest_route=\/wp\/v2\/pages\/184\/revisions\/318"}],"wp:attachment":[{"href":"https:\/\/miastogwiazd.pl\/index.php?rest_route=%2Fwp%2Fv2%2Fmedia&parent=184"}],"curies":[{"name":"wp","href":"https:\/\/api.w.org\/{rel}","templated":true}]}}