{"id":88,"date":"2025-06-27T23:37:05","date_gmt":"2025-06-27T21:37:05","guid":{"rendered":"https:\/\/miastogwiazd.pl\/?page_id=88"},"modified":"2025-08-06T12:45:19","modified_gmt":"2025-08-06T10:45:19","slug":"o-nas","status":"publish","type":"page","link":"https:\/\/miastogwiazd.pl\/?page_id=88","title":{"rendered":"O nas"},"content":{"rendered":"\n<figure class=\"wp-block-image aligncenter size-full is-style-default\"><img loading=\"lazy\" decoding=\"async\" width=\"2244\" height=\"966\" src=\"https:\/\/miastogwiazd.pl\/wp-content\/uploads\/2025\/08\/nr005-www.png\" alt=\"\" class=\"wp-image-116\" srcset=\"https:\/\/miastogwiazd.pl\/wp-content\/uploads\/2025\/08\/nr005-www.png 2244w, https:\/\/miastogwiazd.pl\/wp-content\/uploads\/2025\/08\/nr005-www-300x129.png 300w, https:\/\/miastogwiazd.pl\/wp-content\/uploads\/2025\/08\/nr005-www-1024x441.png 1024w, https:\/\/miastogwiazd.pl\/wp-content\/uploads\/2025\/08\/nr005-www-768x331.png 768w, https:\/\/miastogwiazd.pl\/wp-content\/uploads\/2025\/08\/nr005-www-1536x661.png 1536w, https:\/\/miastogwiazd.pl\/wp-content\/uploads\/2025\/08\/nr005-www-2048x882.png 2048w\" sizes=\"auto, (max-width: 2244px) 100vw, 2244px\" \/><\/figure>\n\n\n\n<div class=\"wp-block-columns is-layout-flex wp-container-core-columns-is-layout-28f84493 wp-block-columns-is-layout-flex\">\n<div class=\"wp-block-column is-layout-flow wp-block-column-is-layout-flow\">\n<p class=\"has-small-font-size\"><strong>Interdyscyplinarny Festiwal Sztuk Miasto Gwiazd<\/strong> to wydarzenie kulturalne odbywaj\u0105ce si\u0119 od 2009 roku w \u017byrardowie, organizowane przez<strong> Fundacj\u0119 Kultury i Sztuki artHolding<\/strong>. Jego g\u0142\u00f3wnym celem jest integracja \u015brodowisk artystycznych \u2013 zw\u0142aszcza akademickich \u2013 oraz promocja szeroko poj\u0119tej sztuki {!}<\/p>\n<\/div>\n\n\n\n<div class=\"wp-block-column is-layout-flow wp-block-column-is-layout-flow\">\n<p class=\"has-small-font-size\"><strong>Festiwal Miasto Gwiazd<\/strong> promuje interdyscyplinarno\u015b\u0107 poprzez prezentacj\u0119 r\u00f3\u017cnorodnych dziedzin sztuki \u2013 takich jak sztuki plastyczne, film, teatr, taniec, muzyka czy animacja. Jego g\u0142\u00f3wnym celem jest integracja \u015brodowisk artystycznych, szczeg\u00f3lnie akademickich, wspieranie m\u0142odych tw\u00f3rc\u00f3w oraz promocja szeroko poj\u0119tej sztuki.<\/p>\n\n\n\n<p class=\"has-small-font-size\">W ramach Festiwalu odbywaj\u0105 si\u0119 wystawy, instalacje, happeningi, debaty, wyk\u0142ady, panele dyskusyjne, warsztaty tematyczne, spotkania autorskie, spektakle, projekcje filmowe, kabarety, konkursy oraz pokazy mody.<\/p>\n\n\n\n<p class=\"has-small-font-size\">Co roku Festiwal go\u015bci plejad\u0119 znanych i cenionych osobisto\u015bci ze \u015bwiata sztuki, kultury, nauki i polityki. Przy Festiwalu dzia\u0142a r\u00f3wnie\u017c wolontariacki ruch spo\u0142eczny, kt\u00f3ry w latach 2009\u20132015 gromadzi\u0142 corocznie ponad 300 wolontariuszy w r\u00f3\u017cnym wieku.<\/p>\n<\/div>\n<\/div>\n\n\n\n<figure class=\"wp-block-image aligncenter size-full is-style-default\"><img loading=\"lazy\" decoding=\"async\" width=\"2244\" height=\"966\" src=\"https:\/\/miastogwiazd.pl\/wp-content\/uploads\/2025\/08\/nr006-www.png\" alt=\"\" class=\"wp-image-118\" srcset=\"https:\/\/miastogwiazd.pl\/wp-content\/uploads\/2025\/08\/nr006-www.png 2244w, https:\/\/miastogwiazd.pl\/wp-content\/uploads\/2025\/08\/nr006-www-300x129.png 300w, https:\/\/miastogwiazd.pl\/wp-content\/uploads\/2025\/08\/nr006-www-1024x441.png 1024w, https:\/\/miastogwiazd.pl\/wp-content\/uploads\/2025\/08\/nr006-www-768x331.png 768w, https:\/\/miastogwiazd.pl\/wp-content\/uploads\/2025\/08\/nr006-www-1536x661.png 1536w, https:\/\/miastogwiazd.pl\/wp-content\/uploads\/2025\/08\/nr006-www-2048x882.png 2048w\" sizes=\"auto, (max-width: 2244px) 100vw, 2244px\" \/><\/figure>\n\n\n\n<div class=\"wp-block-columns is-layout-flex wp-container-core-columns-is-layout-28f84493 wp-block-columns-is-layout-flex\">\n<div class=\"wp-block-column is-layout-flow wp-block-column-is-layout-flow\">\n<p class=\"has-small-font-size\">Interdyscyplinarny Festiwal Sztuk Miasto<br>Gwiazd od 2009 roku przyznaje nagrody i statuetki<br>wybitnym tw\u00f3rcom, animatorom kultury oraz instytucjom, kt\u00f3re stwarzaj\u0105 warunki rozwoju, pe\u0142ni\u0105c rol\u0119 mecenatu artystycznego.<br>Statuetki i nagrody maj\u0105 swoje kapitu\u0142y, juror\u00f3w oraz<br>ekspert\u00f3w zapraszanych przez Fundacj\u0119 Kultury i Sztuki artHolding.<\/p>\n\n\n\n<p class=\"has-small-font-size\"><\/p>\n<\/div>\n\n\n\n<div class=\"wp-block-column is-layout-flow wp-block-column-is-layout-flow\">\n<p class=\"has-small-font-size\"><strong>Nagrody \u2013 statuetki Festiwalu Miasto Gwiazd (FMG):<\/strong><\/p>\n\n\n\n<p class=\"has-small-font-size\"><strong>Z\u0142oty artKciuk<\/strong> <em>(przyznawany od 2010 roku)<\/em><br>Nagroda dla wybitnej osobisto\u015bci polskiego \u017cycia kulturalno-artystyczno-spo\u0142ecznego za nieoceniony wk\u0142ad w rozw\u00f3j polskiej kultury i sztuki. Z\u0142oty artKciuk wr\u0119czany jest podczas Festiwalu na specjalnej gali po\u015bwi\u0119conej Laureatowi.<\/p>\n\n\n\n<p class=\"has-small-font-size\"><strong>Z\u0142ota \u017byRybka<\/strong> <em>(przyznawana od 2009 roku)<\/em><br>Nagroda specjalna dla osobowo\u015bci \u201elokalnej\u201d, dzia\u0142aj\u0105cej r\u00f3wnie\u017c \u201eglobalnie\u201d, dzia\u0142aj\u0105cej na terenie powiatu \u017cyrardowskiego (cho\u0107 niekoniecznie urodzonej w \u017byrardowie).<\/p>\n\n\n\n<p class=\"has-small-font-size\"><strong>art\u017byrafka<\/strong> <em>(przyznawana od 2014 roku)<\/em><br>Nagroda wr\u0119czana w ramach M{i}aSto\/a Dzieci i M\u0142odzie\u017cy \u2013 dla wyj\u0105tkowego tw\u00f3rcy, kt\u00f3ry swoim talentem, charyzm\u0105 i energi\u0105 podbi\u0142 dzieci\u0119ce serca. Nominacje do nagrody zg\u0142aszaj\u0105 dzieci i m\u0142odzie\u017c.<\/p>\n\n\n\n<p class=\"has-small-font-size\"><strong>artMecenat<\/strong> <em>(przyznawany od 2015 roku)<\/em><br>Nagroda wr\u0119czana w ramach M{i}aSto\/a Ekonomii i Samorz\u0105dno\u015bci \u2013 dla osobisto\u015bci, kt\u00f3ra aktywnie i dynamicznie wspiera rozw\u00f3j kultury i sztuki w Polsce.<\/p>\n\n\n\n<p class=\"has-small-font-size\"><strong>artSkrypt<\/strong> <em>(przyznawany od 2015 roku)<\/em><br>Nagroda dla wybitnego tw\u00f3rcy scenariuszy filmowych lub teatralnych.<br><strong>Przewodnicz\u0105cy Kapitu\u0142y: Robert Gonera<\/strong>.<\/p>\n\n\n\n<p class=\"has-small-font-size\"><strong>Z\u0142ota artNuta<\/strong> <em>(przyznawana od 2017 roku)<\/em><br>Nagroda dla wybitnego kompozytora \u2013 tw\u00f3rcy muzyki powa\u017cnej lub rozrywkowej.<br><strong>Przewodnicz\u0105cy Kapitu\u0142y:<\/strong> <strong>Krzysztof Jaworski<\/strong>.<\/p>\n\n\n\n<p class=\"has-small-font-size\"><strong>Z\u0142oty artKlucz Wiolinowy<\/strong> <em>(przyznawany od 2017 roku)<\/em><br>Nagroda dla wybitnego autora tekst\u00f3w utwor\u00f3w muzycznych oraz muzyki.<br><strong>Przewodnicz\u0105cy Kapitu\u0142y:<\/strong> <strong>Krzysztof Jaworski<\/strong>.<\/p>\n\n\n\n<p class=\"has-small-font-size\"><strong>SzuperART<\/strong> <em>(przyznawany od 2022 roku)<\/em><br>Nagroda dla wybitnego rysownika, ilustratora, karykaturzysty lub tw\u00f3rcy komiks\u00f3w.<br><strong>Przewodnicz\u0105cy Kapitu\u0142y:<\/strong> <strong>Grzegorz Misiak<\/strong>.<\/p>\n\n\n\n<p class=\"has-small-font-size\"><\/p>\n<\/div>\n<\/div>\n\n\n\n<figure class=\"wp-block-image aligncenter size-full is-style-default\"><img loading=\"lazy\" decoding=\"async\" width=\"2244\" height=\"966\" src=\"https:\/\/miastogwiazd.pl\/wp-content\/uploads\/2025\/08\/nr007-www.png\" alt=\"\" class=\"wp-image-120\" srcset=\"https:\/\/miastogwiazd.pl\/wp-content\/uploads\/2025\/08\/nr007-www.png 2244w, https:\/\/miastogwiazd.pl\/wp-content\/uploads\/2025\/08\/nr007-www-300x129.png 300w, https:\/\/miastogwiazd.pl\/wp-content\/uploads\/2025\/08\/nr007-www-1024x441.png 1024w, https:\/\/miastogwiazd.pl\/wp-content\/uploads\/2025\/08\/nr007-www-768x331.png 768w, https:\/\/miastogwiazd.pl\/wp-content\/uploads\/2025\/08\/nr007-www-1536x661.png 1536w, https:\/\/miastogwiazd.pl\/wp-content\/uploads\/2025\/08\/nr007-www-2048x882.png 2048w\" sizes=\"auto, (max-width: 2244px) 100vw, 2244px\" \/><\/figure>\n\n\n\n<div class=\"wp-block-columns is-layout-flex wp-container-core-columns-is-layout-28f84493 wp-block-columns-is-layout-flex\">\n<div class=\"wp-block-column is-layout-flow wp-block-column-is-layout-flow\">\n<p class=\"has-small-font-size\"><strong>Komitet Honorowy:<\/strong><br><br>\u2022 <strong>Bo\u017cena \u017belazowska<\/strong> \u2013 Pose\u0142 na Sejm RP, Sekretarz Stanu w Ministerstwie Kultury i Dziedzictwa Narodowego, Generalna Konserwator Zabytk\u00f3w<br>\u2022 <strong>Adam Struzik<\/strong> \u2013 Marsza\u0142ek Wojew\u00f3dztwa Mazowieckiego<br>\u2022 <strong>Lucjan Krzysztof Chrzanowski<\/strong> \u2013 Prezydent Miasta \u017byrardowa<br>\u2022 <strong>Andrzej Wilk<\/strong> \u2013 Starosta Powiatu \u017byrardowskiego<br>\u2022 <strong>\u0141ukasz Koperski<\/strong> \u2013 Burmistrz Miasta Mszczonowa<br>\u2022 <strong>Damian Kamil Janiak<\/strong> \u2013 Burmistrz Miasta Sochaczewa<br>\u2022 <strong>Waldemar Pawlak<\/strong> \u2013 Senator RP, dwukrotny Prezes Rady Ministr\u00f3w (1992 oraz 1993\u20131995), Prezes Zarz\u0105du G\u0142\u00f3wnego Zwi\u0105zku Ochotniczych Stra\u017cy Po\u017carnych RP<br>\u2022 <strong>Agnieszka Wyrwa\u0142<\/strong> \u2013 Przewodnicz\u0105ca Komisji Kultury i Promocji m.st. Warszawy<br>\u2022 <strong>prof. B\u0142a\u017cej Ostoja Lniski<\/strong> \u2013 Rektor Akademii Sztuk Pi\u0119knych w Warszawie, Przewodnicz\u0105cy Konferencji Rektor\u00f3w Uczelni Artystycznych<br>\u2022 <strong>dr Mi\u0142osz Bembinow<\/strong> \u2013 Prezes Stowarzyszenia Autor\u00f3w ZAiKS<br>\u2022 <strong>Grzegorz \u0141oszewski<\/strong> \u2013 Scenarzysta, Prezes Stowarzyszenia Filmowc\u00f3w Polskich<br>\u2022 <strong>Adam Sanocki<\/strong> \u2013 Cz\u0142onek Zarz\u0105du Polskie Porty Lotnicze S.A.<br>\u2022 <strong>S\u0142awomir Majcher<\/strong> \u2013 Dyrektor Muzeum Sportu i Turystyki w Warszawie<br>\u2022 <strong>Wioletta Kotkowska<\/strong> \u2013 p.o. Dyrektora Mazowieckiego Centrum Sztuki Wsp\u00f3\u0142czesnej \u201eElektrownia\u201d<br>\u2022 <em><strong>dr Beata Michalec<\/strong><\/em><strong> \u2013 p.o. Dyrektora Muzeum Literatury<\/strong><br>\u2022 <strong>Robert Piastowski<\/strong> \u2013 Dyrektor Narodowego Centrum Kultury<br>\u2022 <strong>Jakub Makowski<\/strong> \u2013 Dyrektor Departamentu Ochrony Zabytk\u00f3w<br>\u2022 <strong>Gerhard Parzutka von Lipi\u0144ski<\/strong> \u2013 Prezes MISSLAND<br>\u2022 <strong>Honorata Waszkiewicz<\/strong> \u2013 Dyrektor M\u0142odzie\u017cowego Domu Kultury im. W\u0142adys\u0142awa Broniewskiego w Warszawie<br>\u2022 <strong>Jaros\u0142aw Olszewski <\/strong>\u2013 Prezes Fundacji Work&amp;Science<br>\u2022 <strong>Maciej Stryjecki \u2013 Redaktor naczelny miesi\u0119cznika \u201eHi-Fi\u201d<\/strong><\/p>\n<\/div>\n\n\n\n<div class=\"wp-block-column is-layout-flow wp-block-column-is-layout-flow\">\n<p class=\"has-small-font-size\">Artystyczny Komitet Honorowy:<br><br>\u2022 <strong>prof. Jacek Staszewski<\/strong> (ASP Warszawa) \u2013 kurator<br>\u2022 <strong>prof. Marian Waldemar Kuczma<\/strong> (ASP Wroc\u0142aw) \u2013 kurator<br>\u2022 <strong>prof. Jan Tutaj<\/strong> (ASP Krak\u00f3w) \u2013 przewodnicz\u0105cy, kurator<br>\u2022 <strong>prof. Piotr Karczewski<\/strong> (ASP \u0141\u00f3d\u017a) \u2013 kurator<br>\u2022 <strong>prof. Jacek Zdybel <\/strong>(ASP Gda\u0144sk) \u2013 kurator<br>\u2022 <strong>prof. Jaros\u0142aw Bogucki<\/strong> (UA Pozna\u0144) \u2013 kurator<br>\u2022 <strong>prof. Micha\u0142 Minor<\/strong> (ASP Katowice) \u2013 kurator<br>\u2022 <strong>prof. Aleksander Ko\u015bci\u00f3w<\/strong> (UMFC w Warszawie) \u2013 kurator<br>\u2022 <strong>prof. Anna Serafi\u0144ska<\/strong> (Akademia Teatralna w Warszawie) \u2013 kuratorka<br>\u2022 <strong>prof. Stanis\u0142aw Mocek<\/strong> \u2013 Rektor Collegium Civitas<br>\u2022 <strong>dr hab. Alicja W\u0119gorzewska<\/strong> \u2013 Dyrektor Warszawskiej Opery Kameralnej<br>\u2022 <strong>dr hab. Marko St. Babi\u010d<\/strong> \u2013 Uniwersytet Warszawski<br>\u2022 <strong>dr hab. Robert Manowski<\/strong> \u2013 Prezydent Wy\u017cszej Szko\u0142y Artystycznej w Warszawie<br>\u2022 <strong>dr hab. \u0141ukasz Rudecki<\/strong> \u2013 Dyrektor ds. artystycznych Mazowieckiego Centrum \u201eElektrownia\u201d<br>\u2022 <strong>dr hab. Pawe\u0142 Kwiatkowski <\/strong>(ASP \u0141\u00f3d\u017a) \u2013 laureat 2012<br>\u2022 <strong>dr Jacek Dudek<\/strong> (ASP Krak\u00f3w) \u2013 laureat 2013<br>\u2022 <strong>dr Marcelina Gro\u0144<\/strong> (ASP Wroc\u0142aw) \u2013 laureatka 2014<br>\u2022 <strong>Nadia \u015awierczyna<\/strong> (ASP Katowice) \u2013 laureatka 2015<br>\u2022 <strong>Przemys\u0142aw Je\u017cmirski <\/strong>(ASP Katowice) \u2013 laureat 2016<br>\u2022 <strong>Maciej Andrzejczak<\/strong> (UA Pozna\u0144) \u2013 laureat 2017<br>\u2022 <strong>Mateusz Kokot<\/strong> (ASP Katowice) \u2013 laureat 2018<br>\u2022 <strong>Robert Marchewka<\/strong> (ASP Warszawa) \u2013 laureat 2019<br>\u2022 <strong>Alicja Pakosz<\/strong> (ASP Krak\u00f3w) \u2013 laureatka 2020<br>\u2022 <strong>Natalia Gwiazdowska<\/strong> (ASP Gda\u0144sk) \u2013 laureatka 2021<br>\u2022 <strong>Igor Koci\u0144ski<\/strong> (ASP \u0141\u00f3d\u017a) \u2013 laureat 2022<br>\u2022 <strong>\u0141ukasz Sawicki<\/strong> (ASP Warszawa) \u2013 laureat 2023<br>\u2022 <strong>Laura Pola\u0144ska<\/strong> (UA Pozna\u0144) \u2013 laureatka 2024<br>\u2022 <strong>Jette Bierg<\/strong> \u2013 Dyrektorka MSA \/ Met\u00e0fora Studio Arts (Hiszpania)<br>\u2022 <strong>Marek \u017bydowicz<\/strong> \u2013 Dyrektor Mi\u0119dzynarodowego Festiwalu Camerimage<br>\u2022 <strong>Roman Gutek<\/strong> \u2013 Za\u0142o\u017cyciel Gutek Film, tw\u00f3rca Festiwalu Nowe Horyzonty<br>\u2022 <strong>dr Tomasz Mi\u0142kowski<\/strong> \u2013 Przewodnicz\u0105cy Polskiej Sekcji Mi\u0119dzynarodowego Stowarzyszenia Krytyk\u00f3w Teatralnych<br>\u2022 <strong>Lidia Popiel<\/strong> \u2013 Fotografka, dziennikarka, modelka<br>\u2022 <strong>Marek Wawrzkiewicz<\/strong> \u2013 Prezes Zwi\u0105zku Literat\u00f3w Polskich<br>\u2022 <strong>Grzegorz Trochimczuk<\/strong> \u2013 Prezes Oddzia\u0142u Warszawskiego ZLP<br>\u2022 <strong>Jerzy Jankowski<\/strong> \u2013 Wiceprezes Oddzia\u0142u Warszawskiego ZLP<br>\u2022 <strong>Adam Rado\u0144<\/strong> \u2013 Dyrektor Mi\u0119dzynarodowego Festiwalu Komiks\u00f3w i Gier<br>\u2022 <strong>Jacek Cegie\u0142ka<\/strong> \u2013 Prezes Fundacji Kino<br>\u2022 <strong>Jolanta Borowiec<\/strong> \u2013 Dyrektor kana\u0142u Polsat Caf\u00e9<br>\u2022 <strong>Piotr Jasiak<\/strong> \u2013 Szef Dzia\u0142u Nowych Medi\u00f3w, Telewizja Polsat<br>\u2022 <strong>Bogus\u0142aw Chrabota<\/strong> \u2013 Redaktor dziennika \u201eRzeczpospolita\u201d<br>\u2022 <strong>Pawe\u0142 \u0141ubowski<\/strong> \u2013 Redaktor naczelny magazynu \u201eArtluk\u201d<br>\u2022 <strong>Pawe\u0142 Witkowski<\/strong> \u2013 Kurator Mazowieckiego Centrum \u201eElektrownia\u201d<br>\u2022 <strong>Maciej Mazurek<\/strong> \u2013 Krytyk sztuki, publicysta, malarz<br>\u2022 <strong>Monika Ma\u0142kowska<\/strong> \u2013 Krytyk sztuki, publicystka<br>\u2022 <strong>Matthew Tyrmand<\/strong> \u2013 Publicysta, dziennikarz<br>\u2022 <strong>Kaja Werbanowska<\/strong> \u2013 Kuratorka Galerii Promocyjnej w Warszawie<br>\u2022 <strong>dr Pawe\u0142 W\u0119grzyn<\/strong> \u2013 Projektant mody, farmakolog kliniczny, tw\u00f3rca marki W\u0119grzyn Fashion<br>\u2022 <strong>dr Jaros\u0142aw Marek Spycha\u0142a<\/strong> \u2013 Filozof, tw\u00f3rca programu edukacyjnego \u201eLego-Logos\u201d<br>\u2022 <strong>Joanna Kos-Krauze<\/strong> \u2013 Re\u017cyserka, Wiceprzewodnicz\u0105ca Gildii Re\u017cyser\u00f3w Polskich<br>\u2022 <strong>Rafa\u0142 Sisicki<\/strong> \u2013 Re\u017cyser, aktor, Wiceprzewodnicz\u0105cy Oddzia\u0142u ZASP w Warszawie<br>\u2022 <strong>Robert Gonera<\/strong> \u2013 Aktor, re\u017cyser, tw\u00f3rca Festiwalu Interscenario<br>\u2022 <strong>Ma\u0142gorzata Lewi\u0144ska<\/strong> \u2013 Aktorka, instruktorka teatralna<br>\u2022 <strong>dr Piotr Perski<\/strong> \u2013 Malarz, wyk\u0142adowca Barcelona Academy of Art<\/p>\n\n\n\n<p><\/p>\n<\/div>\n<\/div>\n\n\n\n<figure class=\"wp-block-image aligncenter size-full is-style-default\"><img loading=\"lazy\" decoding=\"async\" width=\"2244\" height=\"966\" src=\"https:\/\/miastogwiazd.pl\/wp-content\/uploads\/2025\/08\/nr008-www.png\" alt=\"\" class=\"wp-image-126\" srcset=\"https:\/\/miastogwiazd.pl\/wp-content\/uploads\/2025\/08\/nr008-www.png 2244w, https:\/\/miastogwiazd.pl\/wp-content\/uploads\/2025\/08\/nr008-www-300x129.png 300w, https:\/\/miastogwiazd.pl\/wp-content\/uploads\/2025\/08\/nr008-www-1024x441.png 1024w, https:\/\/miastogwiazd.pl\/wp-content\/uploads\/2025\/08\/nr008-www-768x331.png 768w, https:\/\/miastogwiazd.pl\/wp-content\/uploads\/2025\/08\/nr008-www-1536x661.png 1536w, https:\/\/miastogwiazd.pl\/wp-content\/uploads\/2025\/08\/nr008-www-2048x882.png 2048w\" sizes=\"auto, (max-width: 2244px) 100vw, 2244px\" \/><\/figure>\n","protected":false},"excerpt":{"rendered":"<p>Interdyscyplinarny Festiwal Sztuk Miasto Gwiazd to wydarzenie kulturalne odbywaj\u0105ce si\u0119 od 2009 roku w \u017byrardowie, organizowane przez Fundacj\u0119 Kultury i Sztuki artHolding. Jego g\u0142\u00f3wnym celem jest integracja \u015brodowisk artystycznych \u2013 zw\u0142aszcza akademickich \u2013 oraz promocja szeroko poj\u0119tej sztuki {!} Festiwal Miasto Gwiazd promuje interdyscyplinarno\u015b\u0107 poprzez prezentacj\u0119 r\u00f3\u017cnorodnych dziedzin sztuki \u2013 takich jak sztuki plastyczne, film, [&hellip;]<\/p>\n","protected":false},"author":1,"featured_media":116,"parent":0,"menu_order":0,"comment_status":"closed","ping_status":"closed","template":"","meta":{"footnotes":""},"class_list":["post-88","page","type-page","status-publish","has-post-thumbnail","hentry"],"_links":{"self":[{"href":"https:\/\/miastogwiazd.pl\/index.php?rest_route=\/wp\/v2\/pages\/88","targetHints":{"allow":["GET"]}}],"collection":[{"href":"https:\/\/miastogwiazd.pl\/index.php?rest_route=\/wp\/v2\/pages"}],"about":[{"href":"https:\/\/miastogwiazd.pl\/index.php?rest_route=\/wp\/v2\/types\/page"}],"author":[{"embeddable":true,"href":"https:\/\/miastogwiazd.pl\/index.php?rest_route=\/wp\/v2\/users\/1"}],"replies":[{"embeddable":true,"href":"https:\/\/miastogwiazd.pl\/index.php?rest_route=%2Fwp%2Fv2%2Fcomments&post=88"}],"version-history":[{"count":21,"href":"https:\/\/miastogwiazd.pl\/index.php?rest_route=\/wp\/v2\/pages\/88\/revisions"}],"predecessor-version":[{"id":146,"href":"https:\/\/miastogwiazd.pl\/index.php?rest_route=\/wp\/v2\/pages\/88\/revisions\/146"}],"wp:featuredmedia":[{"embeddable":true,"href":"https:\/\/miastogwiazd.pl\/index.php?rest_route=\/wp\/v2\/media\/116"}],"wp:attachment":[{"href":"https:\/\/miastogwiazd.pl\/index.php?rest_route=%2Fwp%2Fv2%2Fmedia&parent=88"}],"curies":[{"name":"wp","href":"https:\/\/api.w.org\/{rel}","templated":true}]}}